{"id":275,"date":"2024-07-23T19:20:57","date_gmt":"2024-07-23T19:20:57","guid":{"rendered":"https:\/\/mangoemex.com\/congreso\/?page_id=275"},"modified":"2024-11-20T17:07:44","modified_gmt":"2024-11-20T17:07:44","slug":"conferencias","status":"publish","type":"page","link":"https:\/\/mangoemex.com\/congreso\/conferencias\/","title":{"rendered":"Conferencias"},"content":{"rendered":"<p>[et_pb_section fb_built=\u00bb1&#8243; fullwidth=\u00bbon\u00bb _builder_version=\u00bb4.24.0&#8243; _module_preset=\u00bbdefault\u00bb global_colors_info=\u00bb{}\u00bb][et_pb_fullwidth_image src=\u00bbhttps:\/\/mangoemex.com\/congreso\/wp-content\/uploads\/2024\/07\/congreso-mango-emex-bann-confec.webp\u00bb title_text=\u00bbcongreso-mango-emex-bann-confec-cel\u00bb src_tablet=\u00bbhttps:\/\/mangoemex.com\/congreso\/wp-content\/uploads\/2024\/03\/congreso-mango-emex-banner.webp\u00bb src_phone=\u00bbhttps:\/\/mangoemex.com\/congreso\/wp-content\/uploads\/2024\/07\/congreso-mango-emex-bann-confec-cel.webp\u00bb src_last_edited=\u00bbon|phone\u00bb _builder_version=\u00bb4.24.0&#8243; _module_preset=\u00bbdefault\u00bb custom_margin_tablet=\u00bb\u00bb custom_margin_phone=\u00bb30px||||false|false\u00bb custom_margin_last_edited=\u00bbon|phone\u00bb animation_style=\u00bbslide\u00bb animation_direction=\u00bbleft\u00bb global_colors_info=\u00bb{}\u00bb][\/et_pb_fullwidth_image][\/et_pb_section][et_pb_section fb_built=\u00bb1&#8243; _builder_version=\u00bb4.24.0&#8243; _module_preset=\u00bbdefault\u00bb global_colors_info=\u00bb{}\u00bb][et_pb_row _builder_version=\u00bb4.24.0&#8243; _module_preset=\u00bbdefault\u00bb custom_margin=\u00bb||0px||false|false\u00bb custom_padding=\u00bb||0px||false|false\u00bb global_colors_info=\u00bb{}\u00bb][et_pb_column type=\u00bb4_4&#8243; _builder_version=\u00bb4.24.0&#8243; _module_preset=\u00bbdefault\u00bb global_colors_info=\u00bb{}\u00bb][et_pb_text _builder_version=\u00bb4.24.0&#8243; _module_preset=\u00bbdefault\u00bb header_font=\u00bbMontserrat||||||||\u00bb header_text_color=\u00bb#485A25&#8243; header_font_size=\u00bb25px\u00bb header_line_height=\u00bb1.3em\u00bb animation_style=\u00bbslide\u00bb animation_direction=\u00bbbottom\u00bb header_font_size_tablet=\u00bb23px\u00bb header_font_size_phone=\u00bb22px\u00bb header_font_size_last_edited=\u00bbon|phone\u00bb global_colors_info=\u00bb{}\u00bb]<\/p>\n<h1 style=\"text-align: center;\">Cultiva Conexiones y Conquista Nuevos Mercados<\/h1>\n<p>[\/et_pb_text][\/et_pb_column][\/et_pb_row][et_pb_row column_structure=\u00bb1_5,3_5,1_5&#8243; _builder_version=\u00bb4.24.0&#8243; _module_preset=\u00bbdefault\u00bb global_colors_info=\u00bb{}\u00bb][et_pb_column type=\u00bb1_5&#8243; _builder_version=\u00bb4.24.0&#8243; _module_preset=\u00bbdefault\u00bb global_colors_info=\u00bb{}\u00bb][et_pb_image src=\u00bbhttps:\/\/mangoemex.com\/congreso\/wp-content\/uploads\/2024\/03\/congreso-mango-emex-circ2.webp\u00bb title_text=\u00bbcongreso-mango-emex-circ2&#8243; align=\u00bbright\u00bb disabled_on=\u00bbon|on|off\u00bb _builder_version=\u00bb4.24.0&#8243; _module_preset=\u00bbdefault\u00bb width=\u00bb42%\u00bb width_tablet=\u00bb42%\u00bb width_phone=\u00bb42%\u00bb width_last_edited=\u00bbon|desktop\u00bb animation_style=\u00bbslide\u00bb animation_direction=\u00bbright\u00bb global_colors_info=\u00bb{}\u00bb][\/et_pb_image][\/et_pb_column][et_pb_column type=\u00bb3_5&#8243; _builder_version=\u00bb4.24.0&#8243; _module_preset=\u00bbdefault\u00bb global_colors_info=\u00bb{}\u00bb][et_pb_text _builder_version=\u00bb4.24.0&#8243; _module_preset=\u00bbdefault\u00bb header_2_font=\u00bb|700|||||||\u00bb header_2_text_color=\u00bb#485A25&#8243; header_2_font_size=\u00bb25px\u00bb header_2_line_height=\u00bb1.3em\u00bb animation_style=\u00bbzoom\u00bb header_2_font_size_tablet=\u00bb22px\u00bb header_2_font_size_phone=\u00bb19px\u00bb header_2_font_size_last_edited=\u00bbon|phone\u00bb header_2_line_height_tablet=\u00bb1.3em\u00bb header_2_line_height_phone=\u00bb1.6em\u00bb header_2_line_height_last_edited=\u00bbon|phone\u00bb global_colors_info=\u00bb{}\u00bb]<\/p>\n<h2>\u00a1Conferencias Magistrales!<\/h2>\n<p><strong>El Congreso Internacional de Productores y Exportadores de Mango regresa en formato presencial a Guadalajara<\/strong>, M\u00e9xico, <strong>del 21 al 22 de noviembre<\/strong>. Este evento re\u00fane a los<strong> l\u00edderes y expertos m\u00e1s destacados de la industria<\/strong> para compartir <strong>conocimientos, innovaciones y estrategias que est\u00e1n moldeando el futuro del mango a nivel global<\/strong>. No pierdas la <strong>oportunidad de conectarte con profesionales de primer nivel<\/strong>, aprender de los mejores y llevar tu negocio al siguiente nivel. <strong>Este es el lugar donde se forjan las conexiones que impulsan el mercado del mango hacia adelante<\/strong>.<\/p>\n<p style=\"text-align: center;\"><strong><em>\u00a1S\u00e9 parte del cambio y asegura tu lugar en este evento imperdible!<\/em><\/strong>\u00a0<\/p>\n<p>[\/et_pb_text][et_pb_button button_url=\u00bbhttps:\/\/servidor.mangoemex.com\/fmi\/webd\/Congreso\u00bb url_new_window=\u00bbon\u00bb button_text=\u00bb\u00a1ADQUIERE TU BOLETO!\u00bb button_alignment=\u00bbcenter\u00bb _builder_version=\u00bb4.24.0&#8243; _module_preset=\u00bbdefault\u00bb custom_button=\u00bbon\u00bb button_text_size=\u00bb17px\u00bb button_text_color=\u00bb#485A25&#8243; button_bg_color=\u00bb#DDDE55&#8243; button_border_width=\u00bb0px\u00bb button_border_radius=\u00bb30px\u00bb button_font=\u00bbMontserrat||||||||\u00bb button_icon=\u00bb&#xe010;||divi||400&#8243; custom_padding=\u00bb12px||12px||true|false\u00bb animation_style=\u00bbroll\u00bb global_colors_info=\u00bb{}\u00bb][\/et_pb_button][\/et_pb_column][et_pb_column type=\u00bb1_5&#8243; _builder_version=\u00bb4.24.0&#8243; _module_preset=\u00bbdefault\u00bb global_colors_info=\u00bb{}\u00bb][et_pb_image src=\u00bbhttps:\/\/mangoemex.com\/congreso\/wp-content\/uploads\/2024\/07\/congreso-mango-emex-conf1.webp\u00bb title_text=\u00bbcongreso-mango-emex-conf1&#8243; align=\u00bbcenter\u00bb _builder_version=\u00bb4.24.0&#8243; _module_preset=\u00bbdefault\u00bb width=\u00bb110%\u00bb width_tablet=\u00bb57%\u00bb width_phone=\u00bb71%\u00bb width_last_edited=\u00bbon|phone\u00bb animation_style=\u00bbslide\u00bb animation_direction=\u00bbleft\u00bb global_colors_info=\u00bb{}\u00bb][\/et_pb_image][\/et_pb_column][\/et_pb_row][et_pb_row _builder_version=\u00bb4.24.0&#8243; _module_preset=\u00bbdefault\u00bb custom_margin=\u00bb||0px||false|false\u00bb custom_padding=\u00bb||0px||false|false\u00bb global_colors_info=\u00bb{}\u00bb][et_pb_column type=\u00bb4_4&#8243; _builder_version=\u00bb4.24.0&#8243; _module_preset=\u00bbdefault\u00bb global_colors_info=\u00bb{}\u00bb][et_pb_text _builder_version=\u00bb4.24.0&#8243; _module_preset=\u00bbdefault\u00bb header_font=\u00bbMontserrat||||||||\u00bb header_text_color=\u00bb#485A25&#8243; header_font_size=\u00bb25px\u00bb header_line_height=\u00bb1.3em\u00bb header_2_font=\u00bb|600|||||||\u00bb header_2_text_color=\u00bb#485A25&#8243; header_3_text_color=\u00bb#485A25&#8243; animation_style=\u00bbslide\u00bb animation_direction=\u00bbbottom\u00bb header_font_size_tablet=\u00bb23px\u00bb header_font_size_phone=\u00bb22px\u00bb header_font_size_last_edited=\u00bbon|phone\u00bb global_colors_info=\u00bb{}\u00bb]<\/p>\n<h2 style=\"text-align: center;\">PROGRAMA DE CONFERENCIAS*<\/h2>\n<h3 style=\"text-align: center;\"><\/h3>\n<h3 style=\"text-align: center;\">Jueves 21 de Noviembre<\/h3>\n<p>[\/et_pb_text][\/et_pb_column][\/et_pb_row][et_pb_row column_structure=\u00bb1_4,3_4&#8243; _builder_version=\u00bb4.24.0&#8243; _module_preset=\u00bbdefault\u00bb global_colors_info=\u00bb{}\u00bb][et_pb_column type=\u00bb1_4&#8243; _builder_version=\u00bb4.24.0&#8243; _module_preset=\u00bbdefault\u00bb global_colors_info=\u00bb{}\u00bb][et_pb_image src=\u00bbhttps:\/\/mangoemex.com\/congreso\/wp-content\/uploads\/2024\/07\/congreso-mango-emex-conf2.webp\u00bb title_text=\u00bbcongreso-mango-emex-conf2&#8243; align=\u00bbcenter\u00bb _builder_version=\u00bb4.24.0&#8243; _module_preset=\u00bbdefault\u00bb width=\u00bb110%\u00bb width_tablet=\u00bb57%\u00bb width_phone=\u00bb71%\u00bb width_last_edited=\u00bbon|phone\u00bb animation_style=\u00bbslide\u00bb animation_direction=\u00bbright\u00bb locked=\u00bboff\u00bb global_colors_info=\u00bb{}\u00bb][\/et_pb_image][\/et_pb_column][et_pb_column type=\u00bb3_4&#8243; _builder_version=\u00bb4.24.0&#8243; _module_preset=\u00bbdefault\u00bb global_colors_info=\u00bb{}\u00bb][et_pb_text _builder_version=\u00bb4.24.0&#8243; _module_preset=\u00bbdefault\u00bb header_2_font=\u00bb|700|||||||\u00bb header_2_text_color=\u00bb#485A25&#8243; header_2_font_size=\u00bb25px\u00bb header_2_line_height=\u00bb1.3em\u00bb header_3_font=\u00bb|700|||||||\u00bb header_3_text_color=\u00bb#485A25&#8243; header_3_font_size=\u00bb25px\u00bb header_3_line_height=\u00bb1.3em\u00bb header_4_font=\u00bb|700|||||||\u00bb header_4_text_color=\u00bb#F35B1D\u00bb header_5_text_color=\u00bb#485A25&#8243; header_5_line_height=\u00bb1.5em\u00bb custom_padding=\u00bb|||30px||\u00bb animation_style=\u00bbfold\u00bb header_2_font_size_tablet=\u00bb22px\u00bb header_2_font_size_phone=\u00bb19px\u00bb header_2_font_size_last_edited=\u00bbon|phone\u00bb header_2_line_height_tablet=\u00bb1.3em\u00bb header_2_line_height_phone=\u00bb1.6em\u00bb header_2_line_height_last_edited=\u00bbon|phone\u00bb header_3_font_size_tablet=\u00bb22px\u00bb header_3_font_size_phone=\u00bb22px\u00bb header_3_font_size_last_edited=\u00bbon|phone\u00bb header_3_line_height_tablet=\u00bb1.3em\u00bb header_3_line_height_phone=\u00bb1.6em\u00bb header_3_line_height_last_edited=\u00bbon|phone\u00bb global_colors_info=\u00bb{}\u00bb]<\/p>\n<h5><em><strong>9:00-10:00<\/strong><\/em> &#8211; Inauguraci\u00f3n y recorrido \u00e1rea comercial<\/h5>\n<p>&nbsp;<\/p>\n<h5><em><strong>10:00-10:30<\/strong><\/em> &#8211; Inicio de conferencias<\/h5>\n<p>&nbsp;<\/p>\n<h4><strong><em>10:30-12:00<\/em><\/strong> Innovaci\u00f3n en el cultivo de mango<\/h4>\n<h4><span style=\"color: #485a25;\"><em><strong>Oportunidades de innovaci\u00f3n.<\/strong><\/em><\/span><\/h4>\n<p>Reconoce con claridad el <strong>desarrollo cient\u00edfico aplicado<\/strong>, en aspectos como <strong>t\u00e9cnicas de cultivo<\/strong>, <strong>innovaciones tecnol\u00f3gicas<\/strong>, <strong>controles biol\u00f3gicos efectivos<\/strong> y las <strong>tendencias internacionales<\/strong> para mantener el liderazgo y la innovaci\u00f3n.<\/p>\n<p><button class=\"buttonpon\"><a href=\"https:\/\/mangoemex.com\/congreso\/conferencia-innovacion\/\">Ver ponentes<\/a><\/button><\/p>\n<p>&nbsp;<\/p>\n<h4><em><strong> 12:15-13:45<\/strong> <\/em>&#8211; Tendencias de consumo<\/h4>\n<h4><span style=\"color: #485a25;\"><strong><em>Lo que hay que saber: lo que el mercado internacional quiere consumir y comprar.<\/em><\/strong><\/span><\/h4>\n<p>Una interesante y necesaria perspectiva para <strong>conocer de cerca lo que buscan<\/strong>, quieren e identifican <strong>los consumidores<\/strong> desde un enfoque global e innovador.<\/p>\n<p><button class=\"buttonpon\"><a href=\"https:\/\/mangoemex.com\/congreso\/tendencias-de-consumo\/\">Ver ponentes<\/a><\/button><\/p>\n<p>[\/et_pb_text][\/et_pb_column][\/et_pb_row][et_pb_row column_structure=\u00bb1_4,3_4&#8243; _builder_version=\u00bb4.24.0&#8243; _module_preset=\u00bbdefault\u00bb global_colors_info=\u00bb{}\u00bb][et_pb_column type=\u00bb1_4&#8243; _builder_version=\u00bb4.24.0&#8243; _module_preset=\u00bbdefault\u00bb global_colors_info=\u00bb{}\u00bb][et_pb_image src=\u00bbhttps:\/\/mangoemex.com\/congreso\/wp-content\/uploads\/2024\/07\/congreso-mango-emex-conf3.webp\u00bb title_text=\u00bbcongreso-mango-emex-conf3&#8243; align=\u00bbcenter\u00bb _builder_version=\u00bb4.24.0&#8243; _module_preset=\u00bbdefault\u00bb width=\u00bb110%\u00bb width_tablet=\u00bb57%\u00bb width_phone=\u00bb71%\u00bb width_last_edited=\u00bbon|phone\u00bb animation_style=\u00bbslide\u00bb animation_direction=\u00bbright\u00bb locked=\u00bboff\u00bb global_colors_info=\u00bb{}\u00bb][\/et_pb_image][\/et_pb_column][et_pb_column type=\u00bb3_4&#8243; _builder_version=\u00bb4.24.0&#8243; _module_preset=\u00bbdefault\u00bb global_colors_info=\u00bb{}\u00bb][et_pb_text _builder_version=\u00bb4.24.0&#8243; _module_preset=\u00bbdefault\u00bb header_2_font=\u00bb|700|||||||\u00bb header_2_text_color=\u00bb#485A25&#8243; header_2_font_size=\u00bb25px\u00bb header_2_line_height=\u00bb1.3em\u00bb header_3_font=\u00bb|700|||||||\u00bb header_3_text_color=\u00bb#485A25&#8243; header_3_font_size=\u00bb25px\u00bb header_3_line_height=\u00bb1.3em\u00bb header_4_font=\u00bb|700|||||||\u00bb header_4_text_color=\u00bb#F35B1D\u00bb header_5_text_color=\u00bb#485A25&#8243; header_5_line_height=\u00bb1.5em\u00bb custom_padding=\u00bb|||28px||\u00bb animation_style=\u00bbfold\u00bb header_2_font_size_tablet=\u00bb22px\u00bb header_2_font_size_phone=\u00bb19px\u00bb header_2_font_size_last_edited=\u00bbon|phone\u00bb header_2_line_height_tablet=\u00bb1.3em\u00bb header_2_line_height_phone=\u00bb1.6em\u00bb header_2_line_height_last_edited=\u00bbon|phone\u00bb header_3_font_size_tablet=\u00bb22px\u00bb header_3_font_size_phone=\u00bb22px\u00bb header_3_font_size_last_edited=\u00bbon|phone\u00bb header_3_line_height_tablet=\u00bb1.3em\u00bb header_3_line_height_phone=\u00bb1.6em\u00bb header_3_line_height_last_edited=\u00bbon|phone\u00bb global_colors_info=\u00bb{}\u00bb]<\/p>\n<h5><strong><em>13:45-15:15<\/em><\/strong> &#8211; Comida<\/h5>\n<p>&nbsp;<\/p>\n<h4><em><strong>15:15-16:45<\/strong> <\/em>&#8211; Econom\u00eda y desarrollo sostenible<\/h4>\n<h4><span style=\"color: #485a25;\"><strong><em>Impactos reales, criterios sostenibles.<\/em><\/strong><\/span><\/h4>\n<p>Tendr\u00e1s la <strong>oportunidad de reconocer<\/strong> y comprender mejor cu\u00e1les son <strong>las oportunidades<\/strong> que se concretan y el camino inmediato<strong> a seguir para sostener el liderazgo en la Calidad productiva<\/strong> y de<strong> transformaci\u00f3n del mango<\/strong>.<\/p>\n<p><button class=\"buttonpon\"><a href=\"https:\/\/mangoemex.com\/congreso\/conferencia-economia-y-desarrollo-sostenible\/\">Ver ponentes<\/a><\/button><\/p>\n<p>&nbsp;<\/p>\n<h4><em><strong> 17:00-18:30<\/strong><\/em> &#8211; Transformando y fortaleciendo la industria<\/h4>\n<h4><span style=\"color: #485a25;\"><strong><em>El aporte nutricional del mango: motivaci\u00f3n que genera innovaci\u00f3n.<\/em><\/strong><\/span><\/h4>\n<p>Aprende de los <strong>perfiles innovadores<\/strong> que pueden acompa\u00f1ar <strong>un mejor conocimiento del valor nutricional<\/strong> del mango y detonar <strong>un escenario motivador para el sector industria<\/strong>.<\/p>\n<p><button class=\"buttonpon\"><a href=\"https:\/\/mangoemex.com\/congreso\/conferencia-transformando-y-fortaleciendo-la-industria\/\">Ver ponentes<\/a><\/button><\/p>\n<p>[\/et_pb_text][et_pb_button button_url=\u00bbhttps:\/\/servidor.mangoemex.com\/fmi\/webd\/Congreso\u00bb url_new_window=\u00bbon\u00bb button_text=\u00bb\u00a1ADQUIERE TU BOLETO!\u00bb button_alignment=\u00bbcenter\u00bb _builder_version=\u00bb4.24.0&#8243; _module_preset=\u00bbdefault\u00bb custom_button=\u00bbon\u00bb button_text_size=\u00bb17px\u00bb button_text_color=\u00bb#485A25&#8243; button_bg_color=\u00bb#DDDE55&#8243; button_border_width=\u00bb0px\u00bb button_border_radius=\u00bb30px\u00bb button_font=\u00bbMontserrat||||||||\u00bb button_icon=\u00bb&#xe010;||divi||400&#8243; custom_padding=\u00bb12px||12px||true|false\u00bb animation_style=\u00bbroll\u00bb locked=\u00bboff\u00bb global_colors_info=\u00bb{}\u00bb][\/et_pb_button][\/et_pb_column][\/et_pb_row][et_pb_row _builder_version=\u00bb4.24.0&#8243; _module_preset=\u00bbdefault\u00bb custom_margin=\u00bb||0px||false|false\u00bb custom_padding=\u00bb||0px||false|false\u00bb locked=\u00bboff\u00bb global_colors_info=\u00bb{}\u00bb][et_pb_column type=\u00bb4_4&#8243; _builder_version=\u00bb4.24.0&#8243; _module_preset=\u00bbdefault\u00bb global_colors_info=\u00bb{}\u00bb][et_pb_text _builder_version=\u00bb4.24.0&#8243; _module_preset=\u00bbdefault\u00bb header_font=\u00bbMontserrat||||||||\u00bb header_text_color=\u00bb#485A25&#8243; header_font_size=\u00bb25px\u00bb header_line_height=\u00bb1.3em\u00bb header_2_font=\u00bb|600|||||||\u00bb header_2_text_color=\u00bb#485A25&#8243; header_3_text_color=\u00bb#485A25&#8243; animation_style=\u00bbslide\u00bb animation_direction=\u00bbbottom\u00bb header_font_size_tablet=\u00bb23px\u00bb header_font_size_phone=\u00bb22px\u00bb header_font_size_last_edited=\u00bbon|phone\u00bb global_colors_info=\u00bb{}\u00bb]<\/p>\n<h3 style=\"text-align: center;\">Viernes 22 de Noviembre<\/h3>\n<p>[\/et_pb_text][\/et_pb_column][\/et_pb_row][et_pb_row column_structure=\u00bb3_4,1_4&#8243; _builder_version=\u00bb4.24.0&#8243; _module_preset=\u00bbdefault\u00bb global_colors_info=\u00bb{}\u00bb][et_pb_column type=\u00bb3_4&#8243; _builder_version=\u00bb4.24.0&#8243; _module_preset=\u00bbdefault\u00bb global_colors_info=\u00bb{}\u00bb][et_pb_text _builder_version=\u00bb4.24.0&#8243; _module_preset=\u00bbdefault\u00bb header_2_font=\u00bb|700|||||||\u00bb header_2_text_color=\u00bb#485A25&#8243; header_2_font_size=\u00bb25px\u00bb header_2_line_height=\u00bb1.3em\u00bb header_3_font=\u00bb|700|||||||\u00bb header_3_text_color=\u00bb#485A25&#8243; header_3_font_size=\u00bb25px\u00bb header_3_line_height=\u00bb1.3em\u00bb header_4_font=\u00bb|700|||||||\u00bb header_4_text_color=\u00bb#F35B1D\u00bb header_5_text_color=\u00bb#485A25&#8243; header_5_line_height=\u00bb1.5em\u00bb animation_style=\u00bbfold\u00bb header_2_font_size_tablet=\u00bb22px\u00bb header_2_font_size_phone=\u00bb19px\u00bb header_2_font_size_last_edited=\u00bbon|phone\u00bb header_2_line_height_tablet=\u00bb1.3em\u00bb header_2_line_height_phone=\u00bb1.6em\u00bb header_2_line_height_last_edited=\u00bbon|phone\u00bb header_3_font_size_tablet=\u00bb22px\u00bb header_3_font_size_phone=\u00bb22px\u00bb header_3_font_size_last_edited=\u00bbon|phone\u00bb header_3_line_height_tablet=\u00bb1.3em\u00bb header_3_line_height_phone=\u00bb1.6em\u00bb header_3_line_height_last_edited=\u00bbon|phone\u00bb global_colors_info=\u00bb{}\u00bb]<\/p>\n<h4><em><strong>10:00-11:30<\/strong><\/em> &#8211; Estrategias de comercializaci\u00f3n y exportaci\u00f3n<\/h4>\n<h4><span style=\"color: #485a25;\"><strong><em>Mercados din\u00e1micos, exportando con futuro.<\/em><\/strong><\/span><\/h4>\n<p>Desarrollar las oportunidades, <strong>mercados apoyados en innovadoras tecnolog\u00edas digitales<\/strong> <strong>de\u00a0 comercializaci\u00f3n<\/strong> que suponen <strong>cruzar fronteras mentales y territoriales<\/strong> para lograr <strong>generar objetivos viables y optimizar resultados<\/strong>. En este panel, lo imposible, se vuelve <strong>una realidad estrat\u00e9gica<\/strong>.<\/p>\n<p><button class=\"buttonpon\"><a href=\"https:\/\/mangoemex.com\/congreso\/conferencia-estrategias-de-comercializacion-y-exportacion\/\">Ver ponentes<\/a><\/button><\/p>\n<p>&nbsp;<\/p>\n<h4><em><strong>11:45-13:15<\/strong><\/em> &#8211; Agroindustria y valor agregado<\/h4>\n<h4><span style=\"color: #485a25;\"><strong><em>Una cuesti\u00f3n de transformaci\u00f3n.<\/em><\/strong><\/span><\/h4>\n<p>Este Panel, te permitir\u00e1 un <strong>conocimiento cercano de los procesos que marcan tendencia<\/strong> y que se han consolidado como <strong>casos de \u00e9xito<\/strong>. Reconocidos expertos te compartir\u00e1n los<strong> datos m\u00e1s relevantes y las acciones puntuales<\/strong> que han implementado para <strong>lograr una diferenciaci\u00f3n clara del mango mexicano sum\u00e1ndole valor<\/strong>, lo que te permitir\u00e1 <strong>integrar ese conocimiento a tu propia pr\u00e1ctica productiva<\/strong>.<\/p>\n<p><button class=\"buttonpon\"><a href=\"https:\/\/mangoemex.com\/congreso\/conferencia-agroindustria-y-valor-agregado\/\">Ver ponentes<\/a><\/button><\/p>\n<p>[\/et_pb_text][\/et_pb_column][et_pb_column type=\u00bb1_4&#8243; _builder_version=\u00bb4.24.0&#8243; _module_preset=\u00bbdefault\u00bb global_colors_info=\u00bb{}\u00bb][et_pb_image src=\u00bbhttps:\/\/mangoemex.com\/congreso\/wp-content\/uploads\/2024\/07\/congreso-mango-emex-conf4.webp\u00bb title_text=\u00bbcongreso-mango-emex-conf4&#8243; align=\u00bbcenter\u00bb _builder_version=\u00bb4.24.0&#8243; _module_preset=\u00bbdefault\u00bb width=\u00bb110%\u00bb width_tablet=\u00bb57%\u00bb width_phone=\u00bb71%\u00bb width_last_edited=\u00bbon|phone\u00bb animation_style=\u00bbslide\u00bb animation_direction=\u00bbright\u00bb locked=\u00bboff\u00bb global_colors_info=\u00bb{}\u00bb][\/et_pb_image][\/et_pb_column][\/et_pb_row][et_pb_row column_structure=\u00bb3_4,1_4&#8243; _builder_version=\u00bb4.24.0&#8243; _module_preset=\u00bbdefault\u00bb global_colors_info=\u00bb{}\u00bb][et_pb_column type=\u00bb3_4&#8243; _builder_version=\u00bb4.24.0&#8243; _module_preset=\u00bbdefault\u00bb global_colors_info=\u00bb{}\u00bb][et_pb_text _builder_version=\u00bb4.24.0&#8243; _module_preset=\u00bbdefault\u00bb header_2_font=\u00bb|700|||||||\u00bb header_2_text_color=\u00bb#485A25&#8243; header_2_font_size=\u00bb25px\u00bb header_2_line_height=\u00bb1.3em\u00bb header_3_font=\u00bb|700|||||||\u00bb header_3_text_color=\u00bb#485A25&#8243; header_3_font_size=\u00bb25px\u00bb header_3_line_height=\u00bb1.3em\u00bb header_4_font=\u00bb|700|||||||\u00bb header_4_text_color=\u00bb#F35B1D\u00bb header_5_text_color=\u00bb#485A25&#8243; header_5_line_height=\u00bb1.5em\u00bb animation_style=\u00bbfold\u00bb header_2_font_size_tablet=\u00bb22px\u00bb header_2_font_size_phone=\u00bb19px\u00bb header_2_font_size_last_edited=\u00bbon|phone\u00bb header_2_line_height_tablet=\u00bb1.3em\u00bb header_2_line_height_phone=\u00bb1.6em\u00bb header_2_line_height_last_edited=\u00bbon|phone\u00bb header_3_font_size_tablet=\u00bb22px\u00bb header_3_font_size_phone=\u00bb22px\u00bb header_3_font_size_last_edited=\u00bbon|phone\u00bb header_3_line_height_tablet=\u00bb1.3em\u00bb header_3_line_height_phone=\u00bb1.6em\u00bb header_3_line_height_last_edited=\u00bbon|phone\u00bb global_colors_info=\u00bb{}\u00bb]<\/p>\n<h5><em><strong>13:15-14:45<\/strong> <\/em>&#8211; Comida<\/h5>\n<p>&nbsp;<\/p>\n<h4><strong><em>14:45-16:15<\/em><\/strong> &#8211; Cadenas de suministro y log\u00edstica<\/h4>\n<h4><span style=\"color: #485a25;\"><strong><em>Diversificando horizontes<\/em><\/strong><\/span><\/h4>\n<p>En la <strong>diversificaci\u00f3n productiva<\/strong> y los casos de \u00e9xito se pueden alcanzar algunas definiciones de estrategias solidas. Esto, junto con <strong>nuevos criterios de valor y herramientas comerciales<\/strong> efectivas pueden <strong>abrir nuevos caminos<\/strong>. Podr\u00e1s apreciar <strong>desde una perspectiva global y clara<\/strong>, el <strong>camino de la actividad agroindustrial<\/strong> y lo que, en el caso del mango, se busca consolidar en el mediano plazo.<\/p>\n<p><button class=\"buttonpon\"><a href=\"https:\/\/mangoemex.com\/congreso\/conferencia-cadenas-de-suministro-y-logistica\/\">Ver ponentes<\/a><\/button><\/p>\n<p>&nbsp;<\/p>\n<h4><em><strong><\/strong><\/em><\/h4>\n<h4><em><strong>16:30-18:00<\/strong><\/em> &#8211; Pol\u00edticas y regulaciones de inocuidad agroalimentaria<\/h4>\n<h4><span style=\"color: #485a25;\"><strong><em>Reglas claras, sostenibles, y saludables<\/em><\/strong><\/span><\/h4>\n<p>En los <strong>mercados internacionales el factor calidad juega un papel preponderante<\/strong>, unido al concepto de <strong>inocuidad<\/strong>. El no causar da\u00f1o a la <strong>salud del consumidor<\/strong> por efectos de alg\u00fan contaminante es solo la base de una serie de aristas de gran importancia. En este Panel, el ejercicio central ser\u00e1 el <strong>abordaje t\u00e9cnico<\/strong> que ofrezca precisi\u00f3n sobre <strong>pol\u00edticas que apuntan a un mercado exigente<\/strong>.<\/p>\n<p><button class=\"buttonpon\"><a href=\"https:\/\/mangoemex.com\/congreso\/conferencia-politicas-y-regulacion-agroalimentaria\/\">Ver ponentes<\/a><\/button><\/p>\n<p>&nbsp;<\/p>\n<h5><em><strong><\/strong><\/em><\/h5>\n<h5><em><strong>18:00-18:15<\/strong><\/em> &#8211; Cierre de conferencias\u00a0<\/h5>\n<h5><em><strong><\/strong><\/em><\/h5>\n<h5><em><strong><\/strong><\/em><\/h5>\n<h5><em><strong>20:00<\/strong> <\/em>&#8211; Servicio de traslado a la cena y regreso<\/h5>\n<p>[\/et_pb_text][\/et_pb_column][et_pb_column type=\u00bb1_4&#8243; _builder_version=\u00bb4.24.0&#8243; _module_preset=\u00bbdefault\u00bb global_colors_info=\u00bb{}\u00bb][et_pb_image src=\u00bbhttps:\/\/mangoemex.com\/congreso\/wp-content\/uploads\/2024\/07\/congreso-mango-emex-conf5.webp\u00bb title_text=\u00bbcongreso-mango-emex-conf5&#8243; align=\u00bbcenter\u00bb _builder_version=\u00bb4.24.0&#8243; _module_preset=\u00bbdefault\u00bb width=\u00bb110%\u00bb width_tablet=\u00bb57%\u00bb width_phone=\u00bb71%\u00bb width_last_edited=\u00bbon|phone\u00bb animation_style=\u00bbslide\u00bb animation_direction=\u00bbright\u00bb locked=\u00bboff\u00bb global_colors_info=\u00bb{}\u00bb][\/et_pb_image][\/et_pb_column][\/et_pb_row][et_pb_row disabled_on=\u00bboff|off|off\u00bb _builder_version=\u00bb4.24.0&#8243; _module_preset=\u00bbdefault\u00bb custom_margin=\u00bb||0px||false|false\u00bb custom_padding=\u00bb||0px||false|false\u00bb locked=\u00bboff\u00bb global_colors_info=\u00bb{}\u00bb][et_pb_column type=\u00bb4_4&#8243; _builder_version=\u00bb4.24.0&#8243; _module_preset=\u00bbdefault\u00bb global_colors_info=\u00bb{}\u00bb][et_pb_button button_url=\u00bbhttps:\/\/mangoemex.com\/congreso\/wp-content\/uploads\/2024\/11\/PROGRAMA-DE-CONFERENCIAS-4to-CONGRESO-MANGO.pdf\u00bb url_new_window=\u00bbon\u00bb button_text=\u00bbDERCARGAR PROGRAMA\u00bb button_alignment=\u00bbcenter\u00bb _builder_version=\u00bb4.24.0&#8243; _module_preset=\u00bbdefault\u00bb custom_button=\u00bbon\u00bb button_text_size=\u00bb17px\u00bb button_text_color=\u00bb#DDDE55&#8243; button_bg_color=\u00bb#485A25&#8243; button_border_width=\u00bb0px\u00bb button_border_radius=\u00bb30px\u00bb button_font=\u00bbMontserrat||||||||\u00bb button_icon=\u00bb&#xe010;||divi||400&#8243; custom_padding=\u00bb12px||12px||true|false\u00bb animation_style=\u00bbroll\u00bb hover_enabled=\u00bb0&#8243; locked=\u00bboff\u00bb global_colors_info=\u00bb{}\u00bb sticky_enabled=\u00bb0&#8243;][\/et_pb_button][et_pb_text _builder_version=\u00bb4.24.0&#8243; _module_preset=\u00bbdefault\u00bb global_colors_info=\u00bb{}\u00bb]<\/p>\n<p style=\"text-align: center;\">*El programa est\u00e1 sujeto a modificaciones sin previo aviso.<\/p>\n<p>[\/et_pb_text][\/et_pb_column][\/et_pb_row][\/et_pb_section][et_pb_section fb_built=\u00bb1&#8243; _builder_version=\u00bb4.24.0&#8243; _module_preset=\u00bbdefault\u00bb use_background_color_gradient=\u00bbon\u00bb background_color_gradient_direction=\u00bb90deg\u00bb background_color_gradient_stops=\u00bb#dcdc5f 0%|#e7ba40 100%\u00bb background_image=\u00bbhttps:\/\/mangoemex.com\/congreso\/wp-content\/uploads\/2024\/07\/congreso-mango-emex-conf-linea.webp\u00bb background_last_edited=\u00bbon|phone\u00bb background_enable_image_tablet=\u00bboff\u00bb background_size_tablet=\u00bbcustom\u00bb background_image_width_tablet=\u00bb100%\u00bb global_colors_info=\u00bb{}\u00bb][et_pb_row column_structure=\u00bb1_2,1_2&#8243; use_custom_gutter=\u00bbon\u00bb gutter_width=\u00bb1&#8243; _builder_version=\u00bb4.24.0&#8243; _module_preset=\u00bbdefault\u00bb global_colors_info=\u00bb{}\u00bb][et_pb_column type=\u00bb1_2&#8243; _builder_version=\u00bb4.24.0&#8243; _module_preset=\u00bbdefault\u00bb global_colors_info=\u00bb{}\u00bb][et_pb_text _builder_version=\u00bb4.24.0&#8243; _module_preset=\u00bbdefault\u00bb header_2_font=\u00bb|700|||||||\u00bb header_2_text_color=\u00bb#485A25&#8243; header_2_font_size=\u00bb48px\u00bb header_2_line_height=\u00bb1.2em\u00bb header_2_font_size_tablet=\u00bb40px\u00bb header_2_font_size_phone=\u00bb26px\u00bb header_2_font_size_last_edited=\u00bbon|phone\u00bb global_colors_info=\u00bb{}\u00bb]<\/p>\n<h2>\u00a1No te pierdes esta oportunidad \u00fanica!<\/h2>\n<p><strong>Asiste al Congreso Internacional<\/strong> de Productores y Exportadores de Mango y descubre<strong> todo lo que necesitas saber sobre la industria del mango<\/strong>. Desde <strong>innovaciones en cultivo<\/strong> hasta <strong>estrategias de comercializaci\u00f3n<\/strong> y <strong>sostenibilidad<\/strong>, estas <strong>conferencias<\/strong> te brindar\u00e1n <strong>conocimientos valiosos y oportunidades para impulsar tu negocio<\/strong>.<\/p>\n<p>[\/et_pb_text][et_pb_button button_url=\u00bbhttps:\/\/servidor.mangoemex.com\/fmi\/webd\/Congreso\u00bb url_new_window=\u00bbon\u00bb button_text=\u00bb\u00a1ADQUIERE TU BOLETO!\u00bb button_alignment=\u00bbleft\u00bb _builder_version=\u00bb4.24.0&#8243; _module_preset=\u00bbdefault\u00bb custom_button=\u00bbon\u00bb button_text_size=\u00bb17px\u00bb button_text_color=\u00bb#FFFFFF\u00bb button_bg_color=\u00bb#485A25&#8243; button_border_width=\u00bb0px\u00bb button_border_radius=\u00bb30px\u00bb button_font=\u00bbMontserrat||||||||\u00bb button_icon=\u00bb&#xe010;||divi||400&#8243; custom_margin=\u00bb20px||20px||true|false\u00bb custom_margin_tablet=\u00bb20px||20px||true|false\u00bb custom_margin_phone=\u00bb20px||20px||true|false\u00bb custom_margin_last_edited=\u00bbon|phone\u00bb custom_padding=\u00bb12px||12px||true|false\u00bb animation_style=\u00bbroll\u00bb locked=\u00bboff\u00bb global_colors_info=\u00bb{}\u00bb][\/et_pb_button][\/et_pb_column][et_pb_column type=\u00bb1_2&#8243; _builder_version=\u00bb4.24.0&#8243; _module_preset=\u00bbdefault\u00bb global_colors_info=\u00bb{}\u00bb][et_pb_image src=\u00bbhttps:\/\/mangoemex.com\/congreso\/wp-content\/uploads\/2024\/07\/congreso-mango-emex-boletos.webp\u00bb title_text=\u00bbcongreso-mango-emex-boletos\u00bb show_bottom_space=\u00bboff\u00bb _builder_version=\u00bb4.24.0&#8243; _module_preset=\u00bbdefault\u00bb global_colors_info=\u00bb{}\u00bb][\/et_pb_image][\/et_pb_column][\/et_pb_row][\/et_pb_section][et_pb_section fb_built=\u00bb1&#8243; module_id=\u00bbcontacto\u00bb _builder_version=\u00bb4.24.0&#8243; _module_preset=\u00bbdefault\u00bb saved_tabs=\u00bball\u00bb global_colors_info=\u00bb{}\u00bb][et_pb_row _builder_version=\u00bb4.24.0&#8243; _module_preset=\u00bbdefault\u00bb global_colors_info=\u00bb{}\u00bb][et_pb_column type=\u00bb4_4&#8243; _builder_version=\u00bb4.24.0&#8243; _module_preset=\u00bbdefault\u00bb global_colors_info=\u00bb{}\u00bb][et_pb_text _builder_version=\u00bb4.24.0&#8243; _module_preset=\u00bbdefault\u00bb text_text_color=\u00bb#E7B940&#8243; text_line_height=\u00bb1.6em\u00bb header_4_font=\u00bbMontserrat|600|on||||||\u00bb header_4_text_color=\u00bb#485A25&#8243; header_4_font_size=\u00bb25px\u00bb header_4_line_height=\u00bb1.3em\u00bb animation_style=\u00bbzoom\u00bb header_4_font_size_tablet=\u00bb21px\u00bb header_4_font_size_phone=\u00bb18px\u00bb header_4_font_size_last_edited=\u00bbon|phone\u00bb global_colors_info=\u00bb{}\u00bb]<\/p>\n<h4 style=\"text-align: center;\">\u00a1Explora, conecta y crece con nosotros en Guadalajara!<\/h4>\n<p style=\"text-align: center;\">S\u00e9 parte de esta <strong>experiencia inolvidable<\/strong> que unir\u00e1 a los <strong>profesionales del mango de todo el mundo<\/strong>.<\/p>\n<p>[\/et_pb_text][\/et_pb_column][\/et_pb_row][et_pb_row column_structure=\u00bb1_2,1_2&#8243; _builder_version=\u00bb4.24.0&#8243; _module_preset=\u00bbdefault\u00bb max_width=\u00bb1100px\u00bb global_colors_info=\u00bb{}\u00bb][et_pb_column type=\u00bb1_2&#8243; _builder_version=\u00bb4.24.0&#8243; _module_preset=\u00bbdefault\u00bb global_colors_info=\u00bb{}\u00bb][et_pb_text _builder_version=\u00bb4.24.0&#8243; _module_preset=\u00bbdefault\u00bb text_text_color=\u00bb#485A25&#8243; text_line_height=\u00bb1.6em\u00bb header_4_font=\u00bbMontserrat|600|on||||||\u00bb header_4_text_color=\u00bb#F35B1D\u00bb header_4_font_size=\u00bb28px\u00bb header_4_line_height=\u00bb1.3em\u00bb custom_margin=\u00bb0.1%||||false|false\u00bb custom_margin_tablet=\u00bb5%||||false|false\u00bb custom_margin_phone=\u00bb5%||||false|false\u00bb custom_margin_last_edited=\u00bbon|phone\u00bb animation_style=\u00bbslide\u00bb animation_direction=\u00bbbottom\u00bb header_4_font_size_tablet=\u00bb19px\u00bb header_4_font_size_phone=\u00bb18px\u00bb header_4_font_size_last_edited=\u00bbon|phone\u00bb global_colors_info=\u00bb{}\u00bb]<\/p>\n<h4 style=\"text-align: left;\">Contacto<\/h4>\n<p>\u00bfTienes alguna pregunta o necesitas m\u00e1s informaci\u00f3n?<br \/>\nComun\u00edcate con nosotros.<\/p>\n<p style=\"text-align: left;\"><strong>T. +52 33 3280 2440<\/strong><br \/>\n<strong>WS. +52 33 1606 8947<\/strong><\/p>\n<p>[\/et_pb_text][\/et_pb_column][et_pb_column type=\u00bb1_2&#8243; _builder_version=\u00bb4.24.0&#8243; _module_preset=\u00bbdefault\u00bb global_colors_info=\u00bb{}\u00bb][dsm_contact_form_7 cf7_library=\u00bb294&#8243; input_background_color=\u00bbrgba(72,90,37,0.15)\u00bb _builder_version=\u00bb4.24.0&#8243; _module_preset=\u00bbdefault\u00bb placeholder_text_color=\u00bb#485A25&#8243; radio_checkbox_font_size=\u00bb13px\u00bb custom_button_one=\u00bbon\u00bb button_one_text_color=\u00bb#FFFFFF\u00bb button_one_bg_color=\u00bb#E7B940&#8243; button_one_border_width=\u00bb0px\u00bb button_one_border_radius=\u00bb50px\u00bb border_radii_image=\u00bbon|15px|15px|15px|15px\u00bb global_colors_info=\u00bb{}\u00bb][\/dsm_contact_form_7][\/et_pb_column][\/et_pb_row][\/et_pb_section]<\/p>\n","protected":false},"excerpt":{"rendered":"<p>Cultiva Conexiones y Conquista Nuevos Mercados\u00a1Conferencias Magistrales! El Congreso Internacional de Productores y Exportadores de Mango regresa en formato presencial a Guadalajara, M\u00e9xico, del 21 al 22 de noviembre. Este evento re\u00fane a los l\u00edderes y expertos m\u00e1s destacados de la industria para compartir conocimientos, innovaciones y estrategias que est\u00e1n moldeando el futuro del mango [&hellip;]<\/p>\n","protected":false},"author":1,"featured_media":0,"parent":0,"menu_order":0,"comment_status":"closed","ping_status":"closed","template":"","meta":{"_et_pb_use_builder":"on","_et_pb_old_content":"","_et_gb_content_width":"","footnotes":""},"class_list":["post-275","page","type-page","status-publish","hentry"],"yoast_head":"<!-- This site is optimized with the Yoast SEO plugin v27.5 - https:\/\/yoast.com\/product\/yoast-seo-wordpress\/ -->\n<title>Conferencias Magistrales - 4\u00ba Congreso Internacional Productores y Exportadores de Mango<\/title>\n<meta name=\"description\" content=\"Asiste a las Conferencias del Congreso Internacional de Productores y Exportadores de Mango en Guadalajara. Descubre las \u00faltimas innovaciones, estrategias de comercializaci\u00f3n y pr\u00e1cticas sostenibles en la industria del mango. \u00a1Con\u00e9ctate con l\u00edderes del sector y lleva tu negocio al siguiente nivel!\" \/>\n<meta name=\"robots\" content=\"index, follow, max-snippet:-1, max-image-preview:large, max-video-preview:-1\" \/>\n<link rel=\"canonical\" href=\"https:\/\/mangoemex.com\/congreso\/conferencias\/\" \/>\n<meta property=\"og:locale\" content=\"es_ES\" \/>\n<meta property=\"og:type\" content=\"article\" \/>\n<meta property=\"og:title\" content=\"Conferencias Magistrales - 4\u00ba Congreso Internacional Productores y Exportadores de Mango\" \/>\n<meta property=\"og:description\" content=\"Asiste a las Conferencias del Congreso Internacional de Productores y Exportadores de Mango en Guadalajara. Descubre las \u00faltimas innovaciones, estrategias de comercializaci\u00f3n y pr\u00e1cticas sostenibles en la industria del mango. \u00a1Con\u00e9ctate con l\u00edderes del sector y lleva tu negocio al siguiente nivel!\" \/>\n<meta property=\"og:url\" content=\"https:\/\/mangoemex.com\/congreso\/conferencias\/\" \/>\n<meta property=\"article:modified_time\" content=\"2024-11-20T17:07:44+00:00\" \/>\n<meta name=\"twitter:card\" content=\"summary_large_image\" \/>\n<meta name=\"twitter:label1\" content=\"Tiempo de lectura\" \/>\n\t<meta name=\"twitter:data1\" content=\"5 minutos\" \/>\n<script type=\"application\/ld+json\" class=\"yoast-schema-graph\">{\"@context\":\"https:\\\/\\\/schema.org\",\"@graph\":[{\"@type\":\"WebPage\",\"@id\":\"https:\\\/\\\/mangoemex.com\\\/congreso\\\/conferencias\\\/\",\"url\":\"https:\\\/\\\/mangoemex.com\\\/congreso\\\/conferencias\\\/\",\"name\":\"Conferencias Magistrales - 4\u00ba Congreso Internacional Productores y Exportadores de Mango\",\"isPartOf\":{\"@id\":\"https:\\\/\\\/mangoemex.com\\\/congreso\\\/#website\"},\"datePublished\":\"2024-07-23T19:20:57+00:00\",\"dateModified\":\"2024-11-20T17:07:44+00:00\",\"description\":\"Asiste a las Conferencias del Congreso Internacional de Productores y Exportadores de Mango en Guadalajara. Descubre las \u00faltimas innovaciones, estrategias de comercializaci\u00f3n y pr\u00e1cticas sostenibles en la industria del mango. \u00a1Con\u00e9ctate con l\u00edderes del sector y lleva tu negocio al siguiente nivel!\",\"breadcrumb\":{\"@id\":\"https:\\\/\\\/mangoemex.com\\\/congreso\\\/conferencias\\\/#breadcrumb\"},\"inLanguage\":\"es\",\"potentialAction\":[{\"@type\":\"ReadAction\",\"target\":[\"https:\\\/\\\/mangoemex.com\\\/congreso\\\/conferencias\\\/\"]}]},{\"@type\":\"BreadcrumbList\",\"@id\":\"https:\\\/\\\/mangoemex.com\\\/congreso\\\/conferencias\\\/#breadcrumb\",\"itemListElement\":[{\"@type\":\"ListItem\",\"position\":1,\"name\":\"Portada\",\"item\":\"https:\\\/\\\/mangoemex.com\\\/congreso\\\/\"},{\"@type\":\"ListItem\",\"position\":2,\"name\":\"Conferencias\"}]},{\"@type\":\"WebSite\",\"@id\":\"https:\\\/\\\/mangoemex.com\\\/congreso\\\/#website\",\"url\":\"https:\\\/\\\/mangoemex.com\\\/congreso\\\/\",\"name\":\"\",\"description\":\"\",\"potentialAction\":[{\"@type\":\"SearchAction\",\"target\":{\"@type\":\"EntryPoint\",\"urlTemplate\":\"https:\\\/\\\/mangoemex.com\\\/congreso\\\/?s={search_term_string}\"},\"query-input\":{\"@type\":\"PropertyValueSpecification\",\"valueRequired\":true,\"valueName\":\"search_term_string\"}}],\"inLanguage\":\"es\"}]}<\/script>\n<!-- \/ Yoast SEO plugin. -->","yoast_head_json":{"title":"Conferencias Magistrales - 4\u00ba Congreso Internacional Productores y Exportadores de Mango","description":"Asiste a las Conferencias del Congreso Internacional de Productores y Exportadores de Mango en Guadalajara. Descubre las \u00faltimas innovaciones, estrategias de comercializaci\u00f3n y pr\u00e1cticas sostenibles en la industria del mango. \u00a1Con\u00e9ctate con l\u00edderes del sector y lleva tu negocio al siguiente nivel!","robots":{"index":"index","follow":"follow","max-snippet":"max-snippet:-1","max-image-preview":"max-image-preview:large","max-video-preview":"max-video-preview:-1"},"canonical":"https:\/\/mangoemex.com\/congreso\/conferencias\/","og_locale":"es_ES","og_type":"article","og_title":"Conferencias Magistrales - 4\u00ba Congreso Internacional Productores y Exportadores de Mango","og_description":"Asiste a las Conferencias del Congreso Internacional de Productores y Exportadores de Mango en Guadalajara. Descubre las \u00faltimas innovaciones, estrategias de comercializaci\u00f3n y pr\u00e1cticas sostenibles en la industria del mango. \u00a1Con\u00e9ctate con l\u00edderes del sector y lleva tu negocio al siguiente nivel!","og_url":"https:\/\/mangoemex.com\/congreso\/conferencias\/","article_modified_time":"2024-11-20T17:07:44+00:00","twitter_card":"summary_large_image","twitter_misc":{"Tiempo de lectura":"5 minutos"},"schema":{"@context":"https:\/\/schema.org","@graph":[{"@type":"WebPage","@id":"https:\/\/mangoemex.com\/congreso\/conferencias\/","url":"https:\/\/mangoemex.com\/congreso\/conferencias\/","name":"Conferencias Magistrales - 4\u00ba Congreso Internacional Productores y Exportadores de Mango","isPartOf":{"@id":"https:\/\/mangoemex.com\/congreso\/#website"},"datePublished":"2024-07-23T19:20:57+00:00","dateModified":"2024-11-20T17:07:44+00:00","description":"Asiste a las Conferencias del Congreso Internacional de Productores y Exportadores de Mango en Guadalajara. Descubre las \u00faltimas innovaciones, estrategias de comercializaci\u00f3n y pr\u00e1cticas sostenibles en la industria del mango. \u00a1Con\u00e9ctate con l\u00edderes del sector y lleva tu negocio al siguiente nivel!","breadcrumb":{"@id":"https:\/\/mangoemex.com\/congreso\/conferencias\/#breadcrumb"},"inLanguage":"es","potentialAction":[{"@type":"ReadAction","target":["https:\/\/mangoemex.com\/congreso\/conferencias\/"]}]},{"@type":"BreadcrumbList","@id":"https:\/\/mangoemex.com\/congreso\/conferencias\/#breadcrumb","itemListElement":[{"@type":"ListItem","position":1,"name":"Portada","item":"https:\/\/mangoemex.com\/congreso\/"},{"@type":"ListItem","position":2,"name":"Conferencias"}]},{"@type":"WebSite","@id":"https:\/\/mangoemex.com\/congreso\/#website","url":"https:\/\/mangoemex.com\/congreso\/","name":"","description":"","potentialAction":[{"@type":"SearchAction","target":{"@type":"EntryPoint","urlTemplate":"https:\/\/mangoemex.com\/congreso\/?s={search_term_string}"},"query-input":{"@type":"PropertyValueSpecification","valueRequired":true,"valueName":"search_term_string"}}],"inLanguage":"es"}]}},"_links":{"self":[{"href":"https:\/\/mangoemex.com\/congreso\/wp-json\/wp\/v2\/pages\/275","targetHints":{"allow":["GET"]}}],"collection":[{"href":"https:\/\/mangoemex.com\/congreso\/wp-json\/wp\/v2\/pages"}],"about":[{"href":"https:\/\/mangoemex.com\/congreso\/wp-json\/wp\/v2\/types\/page"}],"author":[{"embeddable":true,"href":"https:\/\/mangoemex.com\/congreso\/wp-json\/wp\/v2\/users\/1"}],"replies":[{"embeddable":true,"href":"https:\/\/mangoemex.com\/congreso\/wp-json\/wp\/v2\/comments?post=275"}],"version-history":[{"count":23,"href":"https:\/\/mangoemex.com\/congreso\/wp-json\/wp\/v2\/pages\/275\/revisions"}],"predecessor-version":[{"id":775,"href":"https:\/\/mangoemex.com\/congreso\/wp-json\/wp\/v2\/pages\/275\/revisions\/775"}],"wp:attachment":[{"href":"https:\/\/mangoemex.com\/congreso\/wp-json\/wp\/v2\/media?parent=275"}],"curies":[{"name":"wp","href":"https:\/\/api.w.org\/{rel}","templated":true}]}}