{"id":28,"date":"2024-03-23T22:08:19","date_gmt":"2024-03-23T22:08:19","guid":{"rendered":"https:\/\/mangoemex.com\/congreso\/?page_id=28"},"modified":"2024-11-04T23:02:00","modified_gmt":"2024-11-04T23:02:00","slug":"home","status":"publish","type":"page","link":"https:\/\/mangoemex.com\/congreso\/","title":{"rendered":"home"},"content":{"rendered":"<p>[et_pb_section fb_built=\u00bb1&#8243; fullwidth=\u00bbon\u00bb _builder_version=\u00bb4.24.0&#8243; _module_preset=\u00bbdefault\u00bb global_colors_info=\u00bb{}\u00bb][et_pb_fullwidth_image src=\u00bbhttps:\/\/mangoemex.com\/congreso\/wp-content\/uploads\/2024\/03\/congreso-mango-emex-banner.webp\u00bb title_text=\u00bbcongreso-mango-emex-banner-c\u00bb src_tablet=\u00bbhttps:\/\/mangoemex.com\/congreso\/wp-content\/uploads\/2024\/03\/congreso-mango-emex-banner.webp\u00bb src_phone=\u00bbhttps:\/\/mangoemex.com\/congreso\/wp-content\/uploads\/2024\/03\/congreso-mango-emex-banner-c.webp\u00bb src_last_edited=\u00bbon|phone\u00bb _builder_version=\u00bb4.24.0&#8243; _module_preset=\u00bbdefault\u00bb custom_margin_tablet=\u00bb\u00bb custom_margin_phone=\u00bb75px||||false|false\u00bb custom_margin_last_edited=\u00bbon|phone\u00bb animation_style=\u00bbslide\u00bb animation_direction=\u00bbleft\u00bb global_colors_info=\u00bb{}\u00bb][\/et_pb_fullwidth_image][\/et_pb_section][et_pb_section fb_built=\u00bb1&#8243; _builder_version=\u00bb4.24.0&#8243; _module_preset=\u00bbdefault\u00bb global_colors_info=\u00bb{}\u00bb][et_pb_row _builder_version=\u00bb4.24.0&#8243; _module_preset=\u00bbdefault\u00bb custom_margin=\u00bb||0px||false|false\u00bb custom_padding=\u00bb||0px||false|false\u00bb global_colors_info=\u00bb{}\u00bb][et_pb_column type=\u00bb4_4&#8243; _builder_version=\u00bb4.24.0&#8243; _module_preset=\u00bbdefault\u00bb global_colors_info=\u00bb{}\u00bb][et_pb_text _builder_version=\u00bb4.24.0&#8243; _module_preset=\u00bbdefault\u00bb header_font=\u00bbMontserrat||||||||\u00bb header_text_color=\u00bb#485A25&#8243; header_font_size=\u00bb25px\u00bb header_line_height=\u00bb1.3em\u00bb animation_style=\u00bbslide\u00bb animation_direction=\u00bbbottom\u00bb header_font_size_tablet=\u00bb23px\u00bb header_font_size_phone=\u00bb22px\u00bb header_font_size_last_edited=\u00bbon|phone\u00bb global_colors_info=\u00bb{}\u00bb]<\/p>\n<h1 style=\"text-align: center;\">4\u00ba Congreso Internacional de Productores y Exportadores de Mango<\/h1>\n<p>[\/et_pb_text][\/et_pb_column][\/et_pb_row][et_pb_row column_structure=\u00bb1_5,3_5,1_5&#8243; _builder_version=\u00bb4.24.0&#8243; _module_preset=\u00bbdefault\u00bb global_colors_info=\u00bb{}\u00bb][et_pb_column type=\u00bb1_5&#8243; _builder_version=\u00bb4.24.0&#8243; _module_preset=\u00bbdefault\u00bb global_colors_info=\u00bb{}\u00bb][et_pb_image src=\u00bbhttps:\/\/mangoemex.com\/congreso\/wp-content\/uploads\/2024\/03\/congreso-mango-emex-circ2.webp\u00bb title_text=\u00bbcongreso-mango-emex-circ2&#8243; align=\u00bbright\u00bb disabled_on=\u00bbon|on|off\u00bb _builder_version=\u00bb4.24.0&#8243; _module_preset=\u00bbdefault\u00bb width=\u00bb42%\u00bb width_tablet=\u00bb42%\u00bb width_phone=\u00bb42%\u00bb width_last_edited=\u00bbon|desktop\u00bb animation_style=\u00bbslide\u00bb animation_direction=\u00bbright\u00bb global_colors_info=\u00bb{}\u00bb][\/et_pb_image][\/et_pb_column][et_pb_column type=\u00bb3_5&#8243; _builder_version=\u00bb4.24.0&#8243; _module_preset=\u00bbdefault\u00bb global_colors_info=\u00bb{}\u00bb][et_pb_text _builder_version=\u00bb4.24.0&#8243; _module_preset=\u00bbdefault\u00bb header_2_font=\u00bb|700|||||||\u00bb header_2_text_color=\u00bb#485A25&#8243; header_2_font_size=\u00bb25px\u00bb header_2_line_height=\u00bb1.3em\u00bb animation_style=\u00bbzoom\u00bb header_2_font_size_tablet=\u00bb22px\u00bb header_2_font_size_phone=\u00bb19px\u00bb header_2_font_size_last_edited=\u00bbon|phone\u00bb header_2_line_height_tablet=\u00bb1.3em\u00bb header_2_line_height_phone=\u00bb1.6em\u00bb header_2_line_height_last_edited=\u00bbon|phone\u00bb global_colors_info=\u00bb{}\u00bb]<\/p>\n<h2>\u00a1Descubre el futuro del mango en Guadalajara!<\/h2>\n<p>En <strong>noviembre de 2024<\/strong>, la vibrante ciudad de <strong>Guadalajara, M\u00e9xico<\/strong>, se convertir\u00e1 en el <strong>punto de encuentro<\/strong> para los <strong>profesionales del mango de todo el mundo.<\/strong> \u00danete a nosotros en el 4<strong>\u00ba Congreso Internacional de Productores y Exportadores de Mango, organizado por EMEX,<\/strong> y s\u00e9 parte del <strong>evento m\u00e1s significativo<\/strong> del a\u00f1o en la <strong>industria del mango.<\/strong><\/p>\n<p>[\/et_pb_text][et_pb_button button_url=\u00bbhttps:\/\/servidor.mangoemex.com\/fmi\/webd\/Congreso\u00bb url_new_window=\u00bbon\u00bb button_text=\u00bb\u00a1COMPRA TU BOLETO!\u00bb button_alignment=\u00bbcenter\u00bb _builder_version=\u00bb4.24.0&#8243; _module_preset=\u00bbdefault\u00bb custom_button=\u00bbon\u00bb button_text_size=\u00bb17px\u00bb button_text_color=\u00bb#485A25&#8243; button_bg_color=\u00bb#DDDE55&#8243; button_border_width=\u00bb0px\u00bb button_border_radius=\u00bb30px\u00bb button_font=\u00bbMontserrat||||||||\u00bb button_icon=\u00bb&#xe010;||divi||400&#8243; custom_padding=\u00bb12px||12px||true|false\u00bb animation_style=\u00bbroll\u00bb global_colors_info=\u00bb{}\u00bb][\/et_pb_button][\/et_pb_column][et_pb_column type=\u00bb1_5&#8243; _builder_version=\u00bb4.24.0&#8243; _module_preset=\u00bbdefault\u00bb global_colors_info=\u00bb{}\u00bb][et_pb_image src=\u00bbhttps:\/\/mangoemex.com\/congreso\/wp-content\/uploads\/2024\/03\/congreso-mango-emex-minerva.webp\u00bb title_text=\u00bbcongreso-mango-emex-minerva\u00bb align=\u00bbcenter\u00bb _builder_version=\u00bb4.24.0&#8243; _module_preset=\u00bbdefault\u00bb width=\u00bb110%\u00bb width_tablet=\u00bb57%\u00bb width_phone=\u00bb71%\u00bb width_last_edited=\u00bbon|phone\u00bb animation_style=\u00bbslide\u00bb animation_direction=\u00bbleft\u00bb global_colors_info=\u00bb{}\u00bb][\/et_pb_image][\/et_pb_column][\/et_pb_row][\/et_pb_section][et_pb_section fb_built=\u00bb1&#8243; _builder_version=\u00bb4.24.0&#8243; _module_preset=\u00bbdefault\u00bb background_color=\u00bb#000000&#8243; background_image=\u00bbhttps:\/\/mangoemex.com\/congreso\/wp-content\/uploads\/2024\/03\/congreso-mango-emex-hom2.webp\u00bb background_color_phone=\u00bbrgba(0,0,0,0.33)\u00bb background_last_edited=\u00bbon|phone\u00bb background_enable_color_phone=\u00bbon\u00bb background_size_phone=\u00bbcover\u00bb background_position_phone=\u00bbbottom_left\u00bb background_horizontal_offset_phone=\u00bb14%\u00bb background_blend_phone=\u00bbmultiply\u00bb global_colors_info=\u00bb{}\u00bb][et_pb_row column_structure=\u00bb2_5,3_5&#8243; _builder_version=\u00bb4.24.0&#8243; _module_preset=\u00bbdefault\u00bb global_colors_info=\u00bb{}\u00bb][et_pb_column type=\u00bb2_5&#8243; _builder_version=\u00bb4.24.0&#8243; _module_preset=\u00bbdefault\u00bb global_colors_info=\u00bb{}\u00bb][\/et_pb_column][et_pb_column type=\u00bb3_5&#8243; _builder_version=\u00bb4.24.0&#8243; _module_preset=\u00bbdefault\u00bb animation_style=\u00bbslide\u00bb animation_direction=\u00bbright\u00bb global_colors_info=\u00bb{}\u00bb][et_pb_text _builder_version=\u00bb4.24.0&#8243; _module_preset=\u00bbdefault\u00bb text_text_color=\u00bb#FFFFFF\u00bb header_2_font=\u00bb|700|||||||\u00bb header_2_text_color=\u00bb#FFFFFF\u00bb header_2_font_size=\u00bb25px\u00bb header_2_line_height=\u00bb1.3em\u00bb header_2_font_size_tablet=\u00bb22px\u00bb header_2_font_size_phone=\u00bb22px\u00bb header_2_font_size_last_edited=\u00bbon|phone\u00bb header_2_line_height_tablet=\u00bb1.3em\u00bb header_2_line_height_phone=\u00bb1.6em\u00bb header_2_line_height_last_edited=\u00bbon|phone\u00bb global_colors_info=\u00bb{}\u00bb]<\/p>\n<h2>Acerca del Congreso<\/h2>\n<p>En este congreso,<strong> l\u00edderes y expertos compartir\u00e1n sus conocimientos y experiencias<\/strong> sobre temas cruciales que est\u00e1n moldeando el <strong>futuro del mango,<\/strong> desde la <strong>cosecha hasta la innovaci\u00f3n tecnol\u00f3gica y las tendencias de mercado.<\/strong> Este evento es una <strong>oportunidad \u00fanica para expandir tu red,<\/strong> explorar <strong>nuevas oportunidades comerciales<\/strong> y estar al d\u00eda con las <strong>\u00faltimas tendencias y avances del sector.<\/strong><\/p>\n<p>[\/et_pb_text][et_pb_button button_url=\u00bbhttps:\/\/mangoemex.com\/congreso\/patrocinios\/\u00bb button_text=\u00bbVER CONFERENCIAS\u00bb button_alignment=\u00bbcenter\u00bb _builder_version=\u00bb4.24.0&#8243; _module_preset=\u00bbdefault\u00bb custom_button=\u00bbon\u00bb button_text_size=\u00bb17px\u00bb button_text_color=\u00bb#485A25&#8243; button_bg_color=\u00bb#DDDE55&#8243; button_border_width=\u00bb0px\u00bb button_border_radius=\u00bb30px\u00bb button_font=\u00bbMontserrat||||||||\u00bb button_icon=\u00bb&#xe010;||divi||400&#8243; custom_padding=\u00bb12px||12px||true|false\u00bb global_colors_info=\u00bb{}\u00bb][\/et_pb_button][\/et_pb_column][\/et_pb_row][\/et_pb_section][et_pb_section fb_built=\u00bb1&#8243; _builder_version=\u00bb4.24.0&#8243; _module_preset=\u00bbdefault\u00bb locked=\u00bboff\u00bb global_colors_info=\u00bb{}\u00bb][et_pb_row column_structure=\u00bb1_5,3_5,1_5&#8243; _builder_version=\u00bb4.24.0&#8243; _module_preset=\u00bbdefault\u00bb global_colors_info=\u00bb{}\u00bb][et_pb_column type=\u00bb1_5&#8243; _builder_version=\u00bb4.24.0&#8243; _module_preset=\u00bbdefault\u00bb global_colors_info=\u00bb{}\u00bb][et_pb_image src=\u00bbhttps:\/\/mangoemex.com\/congreso\/wp-content\/uploads\/2024\/03\/congreso-mango-emex-hombre.webp\u00bb title_text=\u00bbcongreso-mango-emex-hombre\u00bb align=\u00bbcenter\u00bb _builder_version=\u00bb4.24.0&#8243; _module_preset=\u00bbdefault\u00bb width=\u00bb110%\u00bb width_tablet=\u00bb57%\u00bb width_phone=\u00bb71%\u00bb width_last_edited=\u00bbon|phone\u00bb animation_style=\u00bbslide\u00bb animation_direction=\u00bbright\u00bb locked=\u00bboff\u00bb global_colors_info=\u00bb{}\u00bb][\/et_pb_image][\/et_pb_column][et_pb_column type=\u00bb3_5&#8243; _builder_version=\u00bb4.24.0&#8243; _module_preset=\u00bbdefault\u00bb global_colors_info=\u00bb{}\u00bb][et_pb_text _builder_version=\u00bb4.24.0&#8243; _module_preset=\u00bbdefault\u00bb header_2_font=\u00bb|700|||||||\u00bb header_2_text_color=\u00bb#485A25&#8243; header_2_font_size=\u00bb25px\u00bb header_2_line_height=\u00bb1.3em\u00bb header_3_font=\u00bb|700|||||||\u00bb header_3_text_color=\u00bb#485A25&#8243; header_3_font_size=\u00bb25px\u00bb header_3_line_height=\u00bb1.3em\u00bb animation_style=\u00bbfold\u00bb header_2_font_size_tablet=\u00bb22px\u00bb header_2_font_size_phone=\u00bb19px\u00bb header_2_font_size_last_edited=\u00bbon|phone\u00bb header_2_line_height_tablet=\u00bb1.3em\u00bb header_2_line_height_phone=\u00bb1.6em\u00bb header_2_line_height_last_edited=\u00bbon|phone\u00bb header_3_font_size_tablet=\u00bb22px\u00bb header_3_font_size_phone=\u00bb22px\u00bb header_3_font_size_last_edited=\u00bbon|phone\u00bb header_3_line_height_tablet=\u00bb1.3em\u00bb header_3_line_height_phone=\u00bb1.6em\u00bb header_3_line_height_last_edited=\u00bbon|phone\u00bb global_colors_info=\u00bb{}\u00bb]<\/p>\n<h3>\u00bfPor qu\u00e9 asistir?<\/h3>\n<p><strong>Conexi\u00f3n internacional:<\/strong> Establece y fortalece lazos con profesionales del mango de todo el mundo.<\/p>\n<p><strong>Innovaci\u00f3n y tecnolog\u00eda:<\/strong> Descubre los avances que est\u00e1n transformando la industria, desde la producci\u00f3n hasta la post-cosecha.<\/p>\n<p><strong>Oportunidades de negocio:<\/strong> Explora nuevas oportunidades en mesas de negocios y a trav\u00e9s de la red de contactos que ofrece el congreso.<\/p>\n<p><strong>Sostenibilidad y crecimiento:<\/strong> Aprende sobre pr\u00e1cticas sostenibles y c\u00f3mo pueden influir en el crecimiento a largo plazo de la industria.<\/p>\n<p>[\/et_pb_text][\/et_pb_column][et_pb_column type=\u00bb1_5&#8243; _builder_version=\u00bb4.24.0&#8243; _module_preset=\u00bbdefault\u00bb global_colors_info=\u00bb{}\u00bb][et_pb_image src=\u00bbhttps:\/\/mangoemex.com\/congreso\/wp-content\/uploads\/2024\/03\/congreso-mango-emex-circ1.webp\u00bb title_text=\u00bbcongreso-mango-emex-circ1&#8243; disabled_on=\u00bbon|on|off\u00bb _builder_version=\u00bb4.24.0&#8243; _module_preset=\u00bbdefault\u00bb width=\u00bb45%\u00bb width_tablet=\u00bb45%\u00bb width_phone=\u00bb45%\u00bb width_last_edited=\u00bbon|desktop\u00bb custom_margin=\u00bb45%||||false|false\u00bb animation_style=\u00bbslide\u00bb animation_direction=\u00bbleft\u00bb locked=\u00bboff\u00bb global_colors_info=\u00bb{}\u00bb][\/et_pb_image][\/et_pb_column][\/et_pb_row][et_pb_row _builder_version=\u00bb4.24.0&#8243; _module_preset=\u00bbdefault\u00bb global_colors_info=\u00bb{}\u00bb][et_pb_column type=\u00bb4_4&#8243; _builder_version=\u00bb4.24.0&#8243; _module_preset=\u00bbdefault\u00bb global_colors_info=\u00bb{}\u00bb][et_pb_text _builder_version=\u00bb4.24.0&#8243; _module_preset=\u00bbdefault\u00bb text_font=\u00bbMontserrat|600|||||||\u00bb text_text_color=\u00bb#F35B1D\u00bb text_font_size=\u00bb28px\u00bb animation_style=\u00bbzoom\u00bb text_font_size_tablet=\u00bb22px\u00bb text_font_size_phone=\u00bb22px\u00bb text_font_size_last_edited=\u00bbon|phone\u00bb global_colors_info=\u00bb{}\u00bb]<\/p>\n<p style=\"text-align: center;\">Secciones destacadas<\/p>\n<p>[\/et_pb_text][\/et_pb_column][\/et_pb_row][et_pb_row column_structure=\u00bb1_4,1_4,1_4,1_4&#8243; _builder_version=\u00bb4.24.0&#8243; _module_preset=\u00bbdefault\u00bb global_colors_info=\u00bb{}\u00bb][et_pb_column type=\u00bb1_4&#8243; _builder_version=\u00bb4.24.0&#8243; _module_preset=\u00bbdefault\u00bb global_colors_info=\u00bb{}\u00bb][et_pb_blurb title=\u00bbConferencias magistrales\u00bb image=\u00bbhttps:\/\/mangoemex.com\/congreso\/wp-content\/uploads\/2024\/04\/congreso-mango-emex-img1.webp\u00bb image_icon_width_tablet=\u00bb80%\u00bb image_icon_width_phone=\u00bb75%\u00bb image_icon_width_last_edited=\u00bbon|tablet\u00bb _builder_version=\u00bb4.24.0&#8243; _module_preset=\u00bbdefault\u00bb header_font=\u00bbMontserrat||||||||\u00bb header_text_color=\u00bb#F35B1D\u00bb body_font_size=\u00bb14px\u00bb body_line_height=\u00bb1.6em\u00bb text_orientation=\u00bbcenter\u00bb animation_style=\u00bbslide\u00bb animation_direction=\u00bbbottom\u00bb global_colors_info=\u00bb{}\u00bb]<\/p>\n<p>Contaremos con la presencia de <strong>ponentes internacionales y expertos en la industria<\/strong>, abarcando <strong>desde t\u00e9cnicas de cultivo hasta estrategias de mercado<\/strong>.<\/p>\n<p>[\/et_pb_blurb][\/et_pb_column][et_pb_column type=\u00bb1_4&#8243; _builder_version=\u00bb4.24.0&#8243; _module_preset=\u00bbdefault\u00bb global_colors_info=\u00bb{}\u00bb][et_pb_blurb title=\u00bbMesas de negocios\u00bb image=\u00bbhttps:\/\/mangoemex.com\/congreso\/wp-content\/uploads\/2024\/04\/congreso-mango-emex-circ4.webp\u00bb _builder_version=\u00bb4.24.0&#8243; _module_preset=\u00bbdefault\u00bb header_font=\u00bbMontserrat||||||||\u00bb header_text_color=\u00bb#F35B1D\u00bb body_font_size=\u00bb14px\u00bb body_line_height=\u00bb1.6em\u00bb text_orientation=\u00bbcenter\u00bb animation_style=\u00bbslide\u00bb animation_direction=\u00bbbottom\u00bb locked=\u00bboff\u00bb global_colors_info=\u00bb{}\u00bb]<\/p>\n<p>Un <strong>espacio<\/strong> dedicado<strong> para fomentar acuerdos comerciales<\/strong>, con el <strong>apoyo de EMEX<\/strong> para facilitar <strong>encuentros productivos<\/strong>.<\/p>\n<p>[\/et_pb_blurb][\/et_pb_column][et_pb_column type=\u00bb1_4&#8243; _builder_version=\u00bb4.24.0&#8243; _module_preset=\u00bbdefault\u00bb global_colors_info=\u00bb{}\u00bb][et_pb_blurb title=\u00bbSer patrocinador\u00bb image=\u00bbhttps:\/\/mangoemex.com\/congreso\/wp-content\/uploads\/2024\/04\/congreso-mango-emex-img2.webp\u00bb _builder_version=\u00bb4.24.0&#8243; _module_preset=\u00bbdefault\u00bb header_font=\u00bbMontserrat||||||||\u00bb header_text_color=\u00bb#F35B1D\u00bb body_font_size=\u00bb14px\u00bb body_line_height=\u00bb1.6em\u00bb text_orientation=\u00bbcenter\u00bb animation_style=\u00bbslide\u00bb animation_direction=\u00bbbottom\u00bb locked=\u00bboff\u00bb global_colors_info=\u00bb{}\u00bb]<\/p>\n<p>Descubre c\u00f3mo <strong>tu organizaci\u00f3n puede brillar<\/strong> en este<strong> evento global<\/strong>, <strong>conectando tu marca<\/strong> con <strong>l\u00edderes de la industria<\/strong>.<\/p>\n<p>[\/et_pb_blurb][\/et_pb_column][et_pb_column type=\u00bb1_4&#8243; _builder_version=\u00bb4.24.0&#8243; _module_preset=\u00bbdefault\u00bb global_colors_info=\u00bb{}\u00bb][et_pb_blurb title=\u00bb\u00c1rea comercial &#8211; Stands\u00bb image=\u00bbhttps:\/\/mangoemex.com\/congreso\/wp-content\/uploads\/2024\/04\/congreso-mango-emex-circ3.webp\u00bb _builder_version=\u00bb4.24.0&#8243; _module_preset=\u00bbdefault\u00bb header_font=\u00bbMontserrat||||||||\u00bb header_text_color=\u00bb#F35B1D\u00bb body_font_size=\u00bb14px\u00bb body_line_height=\u00bb1.6em\u00bb text_orientation=\u00bbcenter\u00bb animation_style=\u00bbslide\u00bb animation_direction=\u00bbbottom\u00bb locked=\u00bboff\u00bb global_colors_info=\u00bb{}\u00bb]<\/p>\n<p>Al visitar el <strong>\u00e1rea comercial y sus stands<\/strong>, tendr\u00e1s la <strong>oportunidad<\/strong> de <strong>establecer alianzas<\/strong>, descubrir <strong>oportunidades<\/strong> y fomentar el <strong>crecimiento de tu negocio<\/strong> en el sector del mango.<\/p>\n<p>[\/et_pb_blurb][\/et_pb_column][\/et_pb_row][\/et_pb_section][et_pb_section fb_built=\u00bb1&#8243; _builder_version=\u00bb4.24.0&#8243; _module_preset=\u00bbdefault\u00bb background_color=\u00bb#000000&#8243; background_image=\u00bbhttps:\/\/mangoemex.com\/congreso\/wp-content\/uploads\/2024\/03\/congreso-mango-emex-fond.webp\u00bb background_color_phone=\u00bb#000000&#8243; background_last_edited=\u00bbon|phone\u00bb background_enable_color_phone=\u00bbon\u00bb background_position_phone=\u00bbcenter_left\u00bb background_horizontal_offset_phone=\u00bb21%\u00bb global_colors_info=\u00bb{}\u00bb][et_pb_row custom_padding_last_edited=\u00bbon|phone\u00bb _builder_version=\u00bb4.24.0&#8243; _module_preset=\u00bbdefault\u00bb max_width=\u00bb600px\u00bb custom_margin_tablet=\u00bb\u00bb custom_margin_phone=\u00bb\u00bb custom_margin_last_edited=\u00bbon|phone\u00bb custom_padding=\u00bb3%||3%||true|false\u00bb custom_padding_tablet=\u00bb5%||5%||true|false\u00bb custom_padding_phone=\u00bb10%||10%||true|false\u00bb animation_style=\u00bbzoom\u00bb global_colors_info=\u00bb{}\u00bb][et_pb_column type=\u00bb4_4&#8243; _builder_version=\u00bb4.24.0&#8243; _module_preset=\u00bbdefault\u00bb global_colors_info=\u00bb{}\u00bb][et_pb_image src=\u00bbhttps:\/\/mangoemex.com\/congreso\/wp-content\/uploads\/2024\/03\/congreso-mango-emex-logo.webp\u00bb title_text=\u00bbcongreso-mango-emex-logo\u00bb align=\u00bbcenter\u00bb _builder_version=\u00bb4.24.0&#8243; _module_preset=\u00bbdefault\u00bb width_tablet=\u00bb\u00bb width_phone=\u00bb55%\u00bb width_last_edited=\u00bbon|phone\u00bb global_colors_info=\u00bb{}\u00bb][\/et_pb_image][et_pb_text _builder_version=\u00bb4.24.0&#8243; _module_preset=\u00bbdefault\u00bb text_font=\u00bbMontserrat||on||||||\u00bb text_text_color=\u00bb#DDDE55&#8243; text_font_size=\u00bb27px\u00bb text_line_height=\u00bb1.3em\u00bb text_font_size_tablet=\u00bb26px\u00bb text_font_size_phone=\u00bb19px\u00bb text_font_size_last_edited=\u00bbon|phone\u00bb global_colors_info=\u00bb{}\u00bb]<\/p>\n<p style=\"text-align: center;\">\u201cEn el coraz\u00f3n del comercio del mango, cada conexi\u00f3n cuenta, cada innovaci\u00f3n marca la diferencia\u201d<\/p>\n<p>[\/et_pb_text][\/et_pb_column][\/et_pb_row][\/et_pb_section][et_pb_section fb_built=\u00bb1&#8243; _builder_version=\u00bb4.24.0&#8243; _module_preset=\u00bbdefault\u00bb custom_margin=\u00bb||0px||false|false\u00bb custom_padding=\u00bb||0px||false|false\u00bb global_colors_info=\u00bb{}\u00bb][et_pb_row _builder_version=\u00bb4.24.0&#8243; _module_preset=\u00bbdefault\u00bb global_colors_info=\u00bb{}\u00bb][et_pb_column type=\u00bb4_4&#8243; _builder_version=\u00bb4.24.0&#8243; _module_preset=\u00bbdefault\u00bb global_colors_info=\u00bb{}\u00bb][et_pb_text _builder_version=\u00bb4.24.0&#8243; _module_preset=\u00bbdefault\u00bb text_font=\u00bbMontserrat|600|||||||\u00bb text_text_color=\u00bb#F35B1D\u00bb text_font_size=\u00bb28px\u00bb header_2_text_color=\u00bb#485A25&#8243; header_2_font_size=\u00bb33px\u00bb animation_style=\u00bbzoom\u00bb text_font_size_tablet=\u00bb22px\u00bb text_font_size_phone=\u00bb17px\u00bb text_font_size_last_edited=\u00bbon|phone\u00bb header_2_font_size_tablet=\u00bb30px\u00bb header_2_font_size_phone=\u00bb24px\u00bb header_2_font_size_last_edited=\u00bbon|phone\u00bb locked=\u00bboff\u00bb global_colors_info=\u00bb{}\u00bb]<\/p>\n<h2 style=\"text-align: center;\"><strong>Patrocinadores oficiales<\/strong><\/h2>\n<p style=\"text-align: center;\"><span><\/span><\/p>\n<p style=\"text-align: center;\"><span>ORO Y DIAMANTE<\/span><\/p>\n<p>[\/et_pb_text][dsm_image_carousel gallery_ids=\u00bb369,372,373,371,374,375,376,383,384,404,405,428,439,633&#8243; slide_to_show=\u00bb5&#8243; space_between=\u00bb20&#8243; arrows=\u00bboff\u00bb dots=\u00bboff\u00bb _builder_version=\u00bb4.24.0&#8243; _module_preset=\u00bbdefault\u00bb width=\u00bb90%\u00bb hover_enabled=\u00bb0&#8243; global_module=\u00bb415&#8243; saved_tabs=\u00bball\u00bb global_colors_info=\u00bb{}\u00bb sticky_enabled=\u00bb0&#8243;][\/dsm_image_carousel][et_pb_text _builder_version=\u00bb4.24.0&#8243; _module_preset=\u00bbdefault\u00bb text_font=\u00bbMontserrat|600|||||||\u00bb text_text_color=\u00bb#F35B1D\u00bb text_font_size=\u00bb25px\u00bb animation_style=\u00bbzoom\u00bb text_font_size_tablet=\u00bb22px\u00bb text_font_size_phone=\u00bb22px\u00bb text_font_size_last_edited=\u00bbon|phone\u00bb locked=\u00bboff\u00bb global_colors_info=\u00bb{}\u00bb]<\/p>\n<p style=\"text-align: center;\"><span>PLATA Y RUB\u00cd<\/span><\/p>\n<p>[\/et_pb_text][dsm_image_carousel gallery_ids=\u00bb387,388,394,395,408,409,410,413,430,431,610&#8243; slide_to_show=\u00bb5&#8243; space_between=\u00bb20&#8243; arrows=\u00bboff\u00bb dots=\u00bboff\u00bb _builder_version=\u00bb4.24.0&#8243; _module_preset=\u00bbdefault\u00bb width=\u00bb90%\u00bb global_module=\u00bb416&#8243; saved_tabs=\u00bball\u00bb global_colors_info=\u00bb{}\u00bb][\/dsm_image_carousel][et_pb_text _builder_version=\u00bb4.24.0&#8243; _module_preset=\u00bbdefault\u00bb text_font=\u00bbMontserrat|600|||||||\u00bb text_text_color=\u00bb#F35B1D\u00bb text_font_size=\u00bb21px\u00bb animation_style=\u00bbzoom\u00bb text_font_size_tablet=\u00bb22px\u00bb text_font_size_phone=\u00bb22px\u00bb text_font_size_last_edited=\u00bbon|phone\u00bb locked=\u00bboff\u00bb global_colors_info=\u00bb{}\u00bb]<\/p>\n<p style=\"text-align: center;\"><span>BRONCE Y ESMERALDA<\/span><\/p>\n<p>[\/et_pb_text][dsm_image_carousel gallery_ids=\u00bb397,414,412,411,407,434,435,442,443,612,613,614,615,616,617,618,635,636,637,638,639,640,641,642&#8243; space_between=\u00bb20&#8243; arrows=\u00bboff\u00bb dots=\u00bboff\u00bb _builder_version=\u00bb4.24.0&#8243; _module_preset=\u00bbdefault\u00bb width=\u00bb55%\u00bb width_tablet=\u00bb40%\u00bb width_phone=\u00bb70%\u00bb width_last_edited=\u00bbon|phone\u00bb module_alignment=\u00bbcenter\u00bb hover_enabled=\u00bb0&#8243; global_module=\u00bb425&#8243; saved_tabs=\u00bball\u00bb global_colors_info=\u00bb{}\u00bb sticky_enabled=\u00bb0&#8243;][\/dsm_image_carousel][\/et_pb_column][\/et_pb_row][\/et_pb_section][et_pb_section fb_built=\u00bb1&#8243; module_id=\u00bbcontacto\u00bb _builder_version=\u00bb4.24.0&#8243; _module_preset=\u00bbdefault\u00bb global_module=\u00bb105&#8243; saved_tabs=\u00bball\u00bb global_colors_info=\u00bb{}\u00bb][et_pb_row column_structure=\u00bb3_5,2_5&#8243; _builder_version=\u00bb4.24.0&#8243; _module_preset=\u00bbdefault\u00bb max_width=\u00bb1100px\u00bb global_colors_info=\u00bb{}\u00bb][et_pb_column type=\u00bb3_5&#8243; _builder_version=\u00bb4.24.0&#8243; _module_preset=\u00bbdefault\u00bb global_colors_info=\u00bb{}\u00bb][et_pb_text _builder_version=\u00bb4.24.0&#8243; _module_preset=\u00bbdefault\u00bb header_2_font=\u00bb|700|||||||\u00bb header_2_text_color=\u00bb#485A25&#8243; header_2_font_size=\u00bb25px\u00bb header_2_line_height=\u00bb1.3em\u00bb header_3_font=\u00bb|700|||||||\u00bb header_3_text_color=\u00bb#485A25&#8243; header_3_font_size=\u00bb25px\u00bb header_3_line_height=\u00bb1.3em\u00bb animation_style=\u00bbslide\u00bb animation_direction=\u00bbbottom\u00bb header_2_font_size_tablet=\u00bb22px\u00bb header_2_font_size_phone=\u00bb19px\u00bb header_2_font_size_last_edited=\u00bbon|phone\u00bb header_2_line_height_tablet=\u00bb1.3em\u00bb header_2_line_height_phone=\u00bb1.6em\u00bb header_2_line_height_last_edited=\u00bbon|phone\u00bb header_3_font_size_tablet=\u00bb22px\u00bb header_3_font_size_phone=\u00bb21px\u00bb header_3_font_size_last_edited=\u00bbon|phone\u00bb header_3_line_height_tablet=\u00bb1.3em\u00bb header_3_line_height_phone=\u00bb1.6em\u00bb header_3_line_height_last_edited=\u00bbon|phone\u00bb locked=\u00bboff\u00bb global_colors_info=\u00bb{}\u00bb]<\/p>\n<h3>\u00a1Obt\u00e9n m\u00e1s informaci\u00f3n!<\/h3>\n<p>Si <strong>necesitas informaci\u00f3n adicional o deseas que un asesor te gu\u00ede<\/strong> para ser patrocinador, asistir a conferencias, participar en mesas de negocios, contratar un stand en el \u00e1rea comercial, adquirir tu boleto como visitante general, o resolver cualquier otra duda, <strong>por favor rellena este formulario.<\/strong><\/p>\n<p><strong>\u00a1Estamos aqu\u00ed para ayudarte!<\/strong><\/p>\n<p><strong><\/strong><\/p>\n<p>[\/et_pb_text][dsm_contact_form_7 cf7_library=\u00bb27&#8243; input_background_color=\u00bbrgba(72,90,37,0.15)\u00bb _builder_version=\u00bb4.24.0&#8243; _module_preset=\u00bbdefault\u00bb placeholder_text_color=\u00bb#485A25&#8243; radio_checkbox_font_size=\u00bb13px\u00bb custom_button_one=\u00bbon\u00bb button_one_text_color=\u00bb#FFFFFF\u00bb button_one_bg_color=\u00bb#E7B940&#8243; button_one_border_width=\u00bb0px\u00bb button_one_border_radius=\u00bb50px\u00bb border_radii_image=\u00bbon|15px|15px|15px|15px\u00bb global_colors_info=\u00bb{}\u00bb][\/dsm_contact_form_7][\/et_pb_column][et_pb_column type=\u00bb2_5&#8243; _builder_version=\u00bb4.24.0&#8243; _module_preset=\u00bbdefault\u00bb global_colors_info=\u00bb{}\u00bb][et_pb_image src=\u00bbhttps:\/\/mangoemex.com\/congreso\/wp-content\/uploads\/2024\/03\/congreso-mango-emex-img-cont.webp\u00bb title_text=\u00bbcongreso-mango-emex-img-cont\u00bb _builder_version=\u00bb4.24.0&#8243; _module_preset=\u00bbdefault\u00bb animation_style=\u00bbslide\u00bb animation_direction=\u00bbtop\u00bb global_colors_info=\u00bb{}\u00bb][\/et_pb_image][et_pb_text _builder_version=\u00bb4.24.0&#8243; _module_preset=\u00bbdefault\u00bb text_text_color=\u00bb#E7B940&#8243; text_line_height=\u00bb1.6em\u00bb header_4_font=\u00bbMontserrat|600|on||||||\u00bb header_4_text_color=\u00bb#485A25&#8243; header_4_font_size=\u00bb25px\u00bb header_4_line_height=\u00bb1.3em\u00bb animation_style=\u00bbzoom\u00bb header_4_font_size_tablet=\u00bb21px\u00bb header_4_font_size_phone=\u00bb18px\u00bb header_4_font_size_last_edited=\u00bbon|phone\u00bb global_colors_info=\u00bb{}\u00bb]<\/p>\n<h4 style=\"text-align: center;\">\u00a1Explora, conecta y crece con nosotros en Guadalajara!<\/h4>\n<p style=\"text-align: center;\">S\u00e9 parte de esta <strong>experiencia inolvidable<\/strong> que unir\u00e1 a los <strong>profesionales del mango de todo el mundo<\/strong>.<\/p>\n<p>[\/et_pb_text][et_pb_text _builder_version=\u00bb4.24.0&#8243; _module_preset=\u00bbdefault\u00bb text_text_color=\u00bb#485A25&#8243; text_line_height=\u00bb1.6em\u00bb header_4_font=\u00bbMontserrat|600|on||||||\u00bb header_4_text_color=\u00bb#F35B1D\u00bb header_4_font_size=\u00bb21px\u00bb header_4_line_height=\u00bb1.3em\u00bb custom_margin=\u00bb10%||||false|false\u00bb custom_margin_tablet=\u00bb5%||||false|false\u00bb custom_margin_phone=\u00bb5%||||false|false\u00bb custom_margin_last_edited=\u00bbon|phone\u00bb animation_style=\u00bbslide\u00bb animation_direction=\u00bbbottom\u00bb header_4_font_size_tablet=\u00bb19px\u00bb header_4_font_size_phone=\u00bb18px\u00bb header_4_font_size_last_edited=\u00bbon|phone\u00bb global_colors_info=\u00bb{}\u00bb]<\/p>\n<h4 style=\"text-align: left;\">Contacto<\/h4>\n<p style=\"text-align: left;\"><strong>T. +52 33 3280 2440<\/strong><br \/><strong>WS. +52 33 1606 8947<\/strong><\/p>\n<p>[\/et_pb_text][\/et_pb_column][\/et_pb_row][\/et_pb_section]<\/p>\n","protected":false},"excerpt":{"rendered":"<p>4\u00ba Congreso Internacional de Productores y Exportadores de Mango\u00a1Descubre el futuro del mango en Guadalajara! En noviembre de 2024, la vibrante ciudad de Guadalajara, M\u00e9xico, se convertir\u00e1 en el punto de encuentro para los profesionales del mango de todo el mundo. \u00danete a nosotros en el 4\u00ba Congreso Internacional de Productores y Exportadores de Mango, [&hellip;]<\/p>\n","protected":false},"author":1,"featured_media":0,"parent":0,"menu_order":0,"comment_status":"closed","ping_status":"closed","template":"","meta":{"_et_pb_use_builder":"on","_et_pb_old_content":"","_et_gb_content_width":"","footnotes":""},"class_list":["post-28","page","type-page","status-publish","hentry"],"yoast_head":"<!-- This site is optimized with the Yoast SEO plugin v27.5 - https:\/\/yoast.com\/product\/yoast-seo-wordpress\/ -->\n<title>4\u00ba Congreso Internacional de Mango Productores &amp; Exportadores<\/title>\n<meta name=\"description\" content=\"Vuelve el 4to Congreso Internacional del Mango en formato presencial en Guadalajara, M\u00e9xico, del 21 al 22 de noviembre. Conferencias Magistrales \u00b7 Negocios &amp; Networking \u00b7 \u00c1rea Comercial. \u00a1Adquiere tu boleto y no te lo pierdas!\" \/>\n<meta name=\"robots\" content=\"index, follow, max-snippet:-1, max-image-preview:large, max-video-preview:-1\" \/>\n<link rel=\"canonical\" href=\"https:\/\/mangoemex.com\/congreso\/\" \/>\n<meta property=\"og:locale\" content=\"es_ES\" \/>\n<meta property=\"og:type\" content=\"article\" \/>\n<meta property=\"og:title\" content=\"4\u00ba Congreso Internacional de Mango Productores &amp; Exportadores\" \/>\n<meta property=\"og:description\" content=\"Vuelve el 4to Congreso Internacional del Mango en formato presencial en Guadalajara, M\u00e9xico, del 21 al 22 de noviembre. Conferencias Magistrales \u00b7 Negocios &amp; Networking \u00b7 \u00c1rea Comercial. \u00a1Adquiere tu boleto y no te lo pierdas!\" \/>\n<meta property=\"og:url\" content=\"https:\/\/mangoemex.com\/congreso\/\" \/>\n<meta property=\"article:modified_time\" content=\"2024-11-04T23:02:00+00:00\" \/>\n<meta name=\"twitter:card\" content=\"summary_large_image\" \/>\n<meta name=\"twitter:label1\" content=\"Tiempo de lectura\" \/>\n\t<meta name=\"twitter:data1\" content=\"5 minutos\" \/>\n<script type=\"application\/ld+json\" class=\"yoast-schema-graph\">{\"@context\":\"https:\\\/\\\/schema.org\",\"@graph\":[{\"@type\":\"WebPage\",\"@id\":\"https:\\\/\\\/mangoemex.com\\\/congreso\\\/\",\"url\":\"https:\\\/\\\/mangoemex.com\\\/congreso\\\/\",\"name\":\"4\u00ba Congreso Internacional de Mango Productores & Exportadores\",\"isPartOf\":{\"@id\":\"https:\\\/\\\/mangoemex.com\\\/congreso\\\/#website\"},\"datePublished\":\"2024-03-23T22:08:19+00:00\",\"dateModified\":\"2024-11-04T23:02:00+00:00\",\"description\":\"Vuelve el 4to Congreso Internacional del Mango en formato presencial en Guadalajara, M\u00e9xico, del 21 al 22 de noviembre. Conferencias Magistrales \u00b7 Negocios & Networking \u00b7 \u00c1rea Comercial. \u00a1Adquiere tu boleto y no te lo pierdas!\",\"breadcrumb\":{\"@id\":\"https:\\\/\\\/mangoemex.com\\\/congreso\\\/#breadcrumb\"},\"inLanguage\":\"es\",\"potentialAction\":[{\"@type\":\"ReadAction\",\"target\":[\"https:\\\/\\\/mangoemex.com\\\/congreso\\\/\"]}]},{\"@type\":\"BreadcrumbList\",\"@id\":\"https:\\\/\\\/mangoemex.com\\\/congreso\\\/#breadcrumb\",\"itemListElement\":[{\"@type\":\"ListItem\",\"position\":1,\"name\":\"Portada\",\"item\":\"https:\\\/\\\/mangoemex.com\\\/congreso\\\/\"},{\"@type\":\"ListItem\",\"position\":2,\"name\":\"home\"}]},{\"@type\":\"WebSite\",\"@id\":\"https:\\\/\\\/mangoemex.com\\\/congreso\\\/#website\",\"url\":\"https:\\\/\\\/mangoemex.com\\\/congreso\\\/\",\"name\":\"\",\"description\":\"\",\"potentialAction\":[{\"@type\":\"SearchAction\",\"target\":{\"@type\":\"EntryPoint\",\"urlTemplate\":\"https:\\\/\\\/mangoemex.com\\\/congreso\\\/?s={search_term_string}\"},\"query-input\":{\"@type\":\"PropertyValueSpecification\",\"valueRequired\":true,\"valueName\":\"search_term_string\"}}],\"inLanguage\":\"es\"}]}<\/script>\n<!-- \/ Yoast SEO plugin. -->","yoast_head_json":{"title":"4\u00ba Congreso Internacional de Mango Productores & Exportadores","description":"Vuelve el 4to Congreso Internacional del Mango en formato presencial en Guadalajara, M\u00e9xico, del 21 al 22 de noviembre. Conferencias Magistrales \u00b7 Negocios & Networking \u00b7 \u00c1rea Comercial. \u00a1Adquiere tu boleto y no te lo pierdas!","robots":{"index":"index","follow":"follow","max-snippet":"max-snippet:-1","max-image-preview":"max-image-preview:large","max-video-preview":"max-video-preview:-1"},"canonical":"https:\/\/mangoemex.com\/congreso\/","og_locale":"es_ES","og_type":"article","og_title":"4\u00ba Congreso Internacional de Mango Productores & Exportadores","og_description":"Vuelve el 4to Congreso Internacional del Mango en formato presencial en Guadalajara, M\u00e9xico, del 21 al 22 de noviembre. Conferencias Magistrales \u00b7 Negocios & Networking \u00b7 \u00c1rea Comercial. \u00a1Adquiere tu boleto y no te lo pierdas!","og_url":"https:\/\/mangoemex.com\/congreso\/","article_modified_time":"2024-11-04T23:02:00+00:00","twitter_card":"summary_large_image","twitter_misc":{"Tiempo de lectura":"5 minutos"},"schema":{"@context":"https:\/\/schema.org","@graph":[{"@type":"WebPage","@id":"https:\/\/mangoemex.com\/congreso\/","url":"https:\/\/mangoemex.com\/congreso\/","name":"4\u00ba Congreso Internacional de Mango Productores & Exportadores","isPartOf":{"@id":"https:\/\/mangoemex.com\/congreso\/#website"},"datePublished":"2024-03-23T22:08:19+00:00","dateModified":"2024-11-04T23:02:00+00:00","description":"Vuelve el 4to Congreso Internacional del Mango en formato presencial en Guadalajara, M\u00e9xico, del 21 al 22 de noviembre. Conferencias Magistrales \u00b7 Negocios & Networking \u00b7 \u00c1rea Comercial. \u00a1Adquiere tu boleto y no te lo pierdas!","breadcrumb":{"@id":"https:\/\/mangoemex.com\/congreso\/#breadcrumb"},"inLanguage":"es","potentialAction":[{"@type":"ReadAction","target":["https:\/\/mangoemex.com\/congreso\/"]}]},{"@type":"BreadcrumbList","@id":"https:\/\/mangoemex.com\/congreso\/#breadcrumb","itemListElement":[{"@type":"ListItem","position":1,"name":"Portada","item":"https:\/\/mangoemex.com\/congreso\/"},{"@type":"ListItem","position":2,"name":"home"}]},{"@type":"WebSite","@id":"https:\/\/mangoemex.com\/congreso\/#website","url":"https:\/\/mangoemex.com\/congreso\/","name":"","description":"","potentialAction":[{"@type":"SearchAction","target":{"@type":"EntryPoint","urlTemplate":"https:\/\/mangoemex.com\/congreso\/?s={search_term_string}"},"query-input":{"@type":"PropertyValueSpecification","valueRequired":true,"valueName":"search_term_string"}}],"inLanguage":"es"}]}},"_links":{"self":[{"href":"https:\/\/mangoemex.com\/congreso\/wp-json\/wp\/v2\/pages\/28","targetHints":{"allow":["GET"]}}],"collection":[{"href":"https:\/\/mangoemex.com\/congreso\/wp-json\/wp\/v2\/pages"}],"about":[{"href":"https:\/\/mangoemex.com\/congreso\/wp-json\/wp\/v2\/types\/page"}],"author":[{"embeddable":true,"href":"https:\/\/mangoemex.com\/congreso\/wp-json\/wp\/v2\/users\/1"}],"replies":[{"embeddable":true,"href":"https:\/\/mangoemex.com\/congreso\/wp-json\/wp\/v2\/comments?post=28"}],"version-history":[{"count":53,"href":"https:\/\/mangoemex.com\/congreso\/wp-json\/wp\/v2\/pages\/28\/revisions"}],"predecessor-version":[{"id":645,"href":"https:\/\/mangoemex.com\/congreso\/wp-json\/wp\/v2\/pages\/28\/revisions\/645"}],"wp:attachment":[{"href":"https:\/\/mangoemex.com\/congreso\/wp-json\/wp\/v2\/media?parent=28"}],"curies":[{"name":"wp","href":"https:\/\/api.w.org\/{rel}","templated":true}]}}