{"id":506,"date":"2024-10-23T18:50:44","date_gmt":"2024-10-23T18:50:44","guid":{"rendered":"https:\/\/mangoemex.com\/congreso\/?page_id=506"},"modified":"2024-11-15T01:05:42","modified_gmt":"2024-11-15T01:05:42","slug":"conferencia-agroindustria-y-valor-agregado","status":"publish","type":"page","link":"https:\/\/mangoemex.com\/congreso\/conferencia-agroindustria-y-valor-agregado\/","title":{"rendered":"Conferencia agroindustria y valor agregado"},"content":{"rendered":"<p>[et_pb_section fb_built=\u00bb1&#8243; fullwidth=\u00bbon\u00bb _builder_version=\u00bb4.24.0&#8243; _module_preset=\u00bbdefault\u00bb global_colors_info=\u00bb{}\u00bb][et_pb_fullwidth_image src=\u00bbhttps:\/\/mangoemex.com\/congreso\/wp-content\/uploads\/2024\/10\/congreso-mango-emex-bann-conf-6.webp\u00bb title_text=\u00bbcongreso-mango-emex-bann-conf-6c\u00bb src_tablet=\u00bbhttps:\/\/mangoemex.com\/congreso\/wp-content\/uploads\/2024\/03\/congreso-mango-emex-banner.webp\u00bb src_phone=\u00bbhttps:\/\/mangoemex.com\/congreso\/wp-content\/uploads\/2024\/10\/congreso-mango-emex-bann-conf-6c.webp\u00bb src_last_edited=\u00bbon|phone\u00bb _builder_version=\u00bb4.24.0&#8243; _module_preset=\u00bbdefault\u00bb custom_margin_tablet=\u00bb\u00bb custom_margin_phone=\u00bb75px||||false|false\u00bb custom_margin_last_edited=\u00bbon|phone\u00bb animation_style=\u00bbslide\u00bb animation_direction=\u00bbleft\u00bb global_colors_info=\u00bb{}\u00bb][\/et_pb_fullwidth_image][\/et_pb_section][et_pb_section fb_built=\u00bb1&#8243; _builder_version=\u00bb4.24.0&#8243; _module_preset=\u00bbdefault\u00bb global_colors_info=\u00bb{}\u00bb][et_pb_row _builder_version=\u00bb4.24.0&#8243; _module_preset=\u00bbdefault\u00bb custom_margin=\u00bb||0px||false|false\u00bb custom_padding=\u00bb||0px||false|false\u00bb global_colors_info=\u00bb{}\u00bb][et_pb_column type=\u00bb4_4&#8243; _builder_version=\u00bb4.24.0&#8243; _module_preset=\u00bbdefault\u00bb global_colors_info=\u00bb{}\u00bb][et_pb_text _builder_version=\u00bb4.24.0&#8243; _module_preset=\u00bbdefault\u00bb header_font=\u00bbMontserrat||||||||\u00bb header_text_color=\u00bb#485A25&#8243; header_font_size=\u00bb25px\u00bb header_line_height=\u00bb1.3em\u00bb header_2_text_color=\u00bb#485A25&#8243; header_2_font_size=\u00bb22px\u00bb header_3_font=\u00bbMontserrat||||||||\u00bb header_3_text_color=\u00bb#F35B1D\u00bb animation_style=\u00bbslide\u00bb animation_direction=\u00bbbottom\u00bb header_font_size_tablet=\u00bb23px\u00bb header_font_size_phone=\u00bb22px\u00bb header_font_size_last_edited=\u00bbon|phone\u00bb global_colors_info=\u00bb{}\u00bb]<\/p>\n<h2 style=\"text-align: center;\">Conferencia Magistral<\/h2>\n<h1 style=\"text-align: center;\">Agroindustria y valor agregado<\/h1>\n<h3 style=\"text-align: center;\">VIERNES 22 &#8211; 11.45 a 13.15<\/h3>\n<p>[\/et_pb_text][\/et_pb_column][\/et_pb_row][et_pb_row column_structure=\u00bb1_4,1_2,1_4&#8243; module_id=\u00bbana\u00bb _builder_version=\u00bb4.24.0&#8243; _module_preset=\u00bbdefault\u00bb global_colors_info=\u00bb{}\u00bb][et_pb_column type=\u00bb1_4&#8243; _builder_version=\u00bb4.24.0&#8243; _module_preset=\u00bbdefault\u00bb global_colors_info=\u00bb{}\u00bb][et_pb_image src=\u00bbhttps:\/\/mangoemex.com\/congreso\/wp-content\/uploads\/2024\/03\/congreso-mango-emex-circ2.webp\u00bb title_text=\u00bbcongreso-mango-ponente-ana\u00bb align=\u00bbright\u00bb src_tablet=\u00bbhttps:\/\/mangoemex.com\/congreso\/wp-content\/uploads\/2024\/10\/congreso-mango-ponente-ana.webp\u00bb src_phone=\u00bbhttps:\/\/mangoemex.com\/congreso\/wp-content\/uploads\/2024\/10\/congreso-mango-ponente-ana.webp\u00bb src_last_edited=\u00bbon|desktop\u00bb align_tablet=\u00bbcenter\u00bb align_phone=\u00bbcenter\u00bb align_last_edited=\u00bbon|phone\u00bb disabled_on=\u00bboff|off|off\u00bb _builder_version=\u00bb4.24.0&#8243; _module_preset=\u00bbdefault\u00bb width=\u00bb30%\u00bb width_tablet=\u00bb42%\u00bb width_phone=\u00bb70%\u00bb width_last_edited=\u00bbon|desktop\u00bb animation_style=\u00bbslide\u00bb animation_direction=\u00bbright\u00bb global_colors_info=\u00bb{}\u00bb][\/et_pb_image][\/et_pb_column][et_pb_column type=\u00bb1_2&#8243; _builder_version=\u00bb4.24.0&#8243; _module_preset=\u00bbdefault\u00bb global_colors_info=\u00bb{}\u00bb][et_pb_text _builder_version=\u00bb4.24.0&#8243; _module_preset=\u00bbdefault\u00bb header_2_font=\u00bb|700|||||||\u00bb header_2_text_color=\u00bb#485A25&#8243; header_2_font_size=\u00bb25px\u00bb header_2_line_height=\u00bb1.3em\u00bb animation_style=\u00bbzoom\u00bb header_2_font_size_tablet=\u00bb22px\u00bb header_2_font_size_phone=\u00bb19px\u00bb header_2_font_size_last_edited=\u00bbon|phone\u00bb header_2_line_height_tablet=\u00bb1.3em\u00bb header_2_line_height_phone=\u00bb1.6em\u00bb header_2_line_height_last_edited=\u00bbon|phone\u00bb global_colors_info=\u00bb{}\u00bb]<\/p>\n<h2>Ana Cristina Villalpando<\/h2>\n<p><strong>Socia fundadora y ex Directora General del Consejo de Desarrollo Agropecuario y Agroindustrial de Jalisco<\/strong> (CDAAJ), donde consolid\u00f3 al 80% de los productores l\u00edderes del estado.<\/p>\n<p>M\u00e1s de 10 a\u00f1os de experiencia en el sector agroindustrial, tanto en la iniciativa privada como en el servicio p\u00fablico.<\/p>\n<p>Lider\u00f3 el primer Congreso Internacional Agroalimentario y diversos eventos nacionales e internacionales en beneficio del sector.<\/p>\n<p>Ejecut\u00f3 <strong>proyectos y ferias agroindustriales desde la Secretar\u00eda de Desarrollo Rural del gobierno de Jalisco<\/strong>.<\/p>\n<p>Licenciada en Administraci\u00f3n y Relaciones Industriales con formaci\u00f3n en Alta Direcci\u00f3n Agroalimentaria (IPADE) y el Seminario Alimentario en Miami.<\/p>\n<p>[\/et_pb_text][\/et_pb_column][et_pb_column type=\u00bb1_4&#8243; _builder_version=\u00bb4.24.0&#8243; _module_preset=\u00bbdefault\u00bb global_colors_info=\u00bb{}\u00bb][et_pb_image src=\u00bbhttps:\/\/mangoemex.com\/congreso\/wp-content\/uploads\/2024\/10\/congreso-mango-ponente-ana.webp\u00bb title_text=\u00bbcongreso-mango-ponente-ana\u00bb align=\u00bbcenter\u00bb disabled_on=\u00bbon|on|off\u00bb _builder_version=\u00bb4.24.0&#8243; _module_preset=\u00bbdefault\u00bb width=\u00bb110%\u00bb width_tablet=\u00bb57%\u00bb width_phone=\u00bb71%\u00bb width_last_edited=\u00bbon|phone\u00bb animation_style=\u00bbslide\u00bb animation_direction=\u00bbleft\u00bb global_colors_info=\u00bb{}\u00bb][\/et_pb_image][\/et_pb_column][\/et_pb_row][et_pb_row column_structure=\u00bb1_4,1_2,1_4&#8243; module_id=\u00bbfrancisco\u00bb _builder_version=\u00bb4.24.0&#8243; _module_preset=\u00bbdefault\u00bb global_colors_info=\u00bb{}\u00bb][et_pb_column type=\u00bb1_4&#8243; _builder_version=\u00bb4.24.0&#8243; _module_preset=\u00bbdefault\u00bb global_colors_info=\u00bb{}\u00bb][et_pb_image src=\u00bbhttps:\/\/mangoemex.com\/congreso\/wp-content\/uploads\/2024\/10\/congreso-mango-ponente-francisco.webp\u00bb title_text=\u00bbcongreso-mango-ponente-francisco\u00bb align=\u00bbcenter\u00bb _builder_version=\u00bb4.24.0&#8243; _module_preset=\u00bbdefault\u00bb width=\u00bb110%\u00bb width_tablet=\u00bb57%\u00bb width_phone=\u00bb71%\u00bb width_last_edited=\u00bbon|phone\u00bb animation_style=\u00bbslide\u00bb animation_direction=\u00bbright\u00bb locked=\u00bboff\u00bb global_colors_info=\u00bb{}\u00bb][\/et_pb_image][\/et_pb_column][et_pb_column type=\u00bb1_2&#8243; _builder_version=\u00bb4.24.0&#8243; _module_preset=\u00bbdefault\u00bb global_colors_info=\u00bb{}\u00bb][et_pb_text _builder_version=\u00bb4.24.0&#8243; _module_preset=\u00bbdefault\u00bb header_2_font=\u00bb|700|||||||\u00bb header_2_text_color=\u00bb#485A25&#8243; header_2_font_size=\u00bb25px\u00bb header_2_line_height=\u00bb1.3em\u00bb animation_style=\u00bbzoom\u00bb header_2_font_size_tablet=\u00bb22px\u00bb header_2_font_size_phone=\u00bb19px\u00bb header_2_font_size_last_edited=\u00bbon|phone\u00bb header_2_line_height_tablet=\u00bb1.3em\u00bb header_2_line_height_phone=\u00bb1.6em\u00bb header_2_line_height_last_edited=\u00bbon|phone\u00bb global_colors_info=\u00bb{}\u00bb]<\/p>\n<h2>Francisco Seva<\/h2>\n<p><strong>Coordinador Internacional de National Mango Board y Asesor Internacional en Comunicaci\u00f3n para EMEX<\/strong>.<\/p>\n<p><strong>M\u00e1s de 20 a\u00f1os de experiencia en comunicaci\u00f3n y marketing empresarial para organizaciones agrarias<\/strong>, pymes y empresas del sector agroalimentario.<\/p>\n<p>Ha dirigido gabinetes de prensa y comunicaci\u00f3n en diversas asociaciones y empresas agroindustriales en Espa\u00f1a.<\/p>\n<p>Colaborador internacional en medios como EUROFRUIT MAGAZINE y AMERICAFRUIT, y autor de dos libros sobre el sector de los c\u00edtricos en Espa\u00f1a.<\/p>\n<p>Galardonado con varios premios period\u00edsticos como el Premio Internacional \u00abLa Voz del Campo\u00bb en 2018.<\/p>\n<p>[\/et_pb_text][\/et_pb_column][et_pb_column type=\u00bb1_4&#8243; _builder_version=\u00bb4.24.0&#8243; _module_preset=\u00bbdefault\u00bb global_colors_info=\u00bb{}\u00bb][et_pb_image src=\u00bbhttps:\/\/mangoemex.com\/congreso\/wp-content\/uploads\/2024\/03\/congreso-mango-emex-circ1.webp\u00bb title_text=\u00bbcongreso-mango-emex-circ1&#8243; disabled_on=\u00bbon|on|off\u00bb _builder_version=\u00bb4.24.0&#8243; _module_preset=\u00bbdefault\u00bb width=\u00bb29%\u00bb width_tablet=\u00bb45%\u00bb width_phone=\u00bb45%\u00bb width_last_edited=\u00bbon|desktop\u00bb custom_margin=\u00bb||||false|false\u00bb animation_style=\u00bbslide\u00bb animation_direction=\u00bbleft\u00bb locked=\u00bboff\u00bb global_colors_info=\u00bb{}\u00bb][\/et_pb_image][\/et_pb_column][\/et_pb_row][et_pb_row column_structure=\u00bb1_4,1_2,1_4&#8243; module_id=\u00bbnoris\u00bb _builder_version=\u00bb4.24.0&#8243; _module_preset=\u00bbdefault\u00bb global_colors_info=\u00bb{}\u00bb][et_pb_column type=\u00bb1_4&#8243; _builder_version=\u00bb4.24.0&#8243; _module_preset=\u00bbdefault\u00bb global_colors_info=\u00bb{}\u00bb][et_pb_image src=\u00bbhttps:\/\/mangoemex.com\/congreso\/wp-content\/uploads\/2024\/03\/congreso-mango-emex-circ2.webp\u00bb title_text=\u00bbcongreso-mango-ponente-noris\u00bb align=\u00bbright\u00bb src_tablet=\u00bbhttps:\/\/mangoemex.com\/congreso\/wp-content\/uploads\/2024\/10\/congreso-mango-ponente-noris.webp\u00bb src_phone=\u00bbhttps:\/\/mangoemex.com\/congreso\/wp-content\/uploads\/2024\/10\/congreso-mango-ponente-noris.webp\u00bb src_last_edited=\u00bbon|desktop\u00bb align_tablet=\u00bbcenter\u00bb align_phone=\u00bbcenter\u00bb align_last_edited=\u00bbon|phone\u00bb disabled_on=\u00bboff|off|off\u00bb _builder_version=\u00bb4.24.0&#8243; _module_preset=\u00bbdefault\u00bb width=\u00bb30%\u00bb width_tablet=\u00bb42%\u00bb width_phone=\u00bb70%\u00bb width_last_edited=\u00bbon|desktop\u00bb animation_style=\u00bbslide\u00bb animation_direction=\u00bbright\u00bb global_colors_info=\u00bb{}\u00bb][\/et_pb_image][\/et_pb_column][et_pb_column type=\u00bb1_2&#8243; _builder_version=\u00bb4.24.0&#8243; _module_preset=\u00bbdefault\u00bb global_colors_info=\u00bb{}\u00bb][et_pb_text _builder_version=\u00bb4.24.0&#8243; _module_preset=\u00bbdefault\u00bb header_2_font=\u00bb|700|||||||\u00bb header_2_text_color=\u00bb#485A25&#8243; header_2_font_size=\u00bb25px\u00bb header_2_line_height=\u00bb1.3em\u00bb animation_style=\u00bbzoom\u00bb header_2_font_size_tablet=\u00bb22px\u00bb header_2_font_size_phone=\u00bb19px\u00bb header_2_font_size_last_edited=\u00bbon|phone\u00bb header_2_line_height_tablet=\u00bb1.3em\u00bb header_2_line_height_phone=\u00bb1.6em\u00bb header_2_line_height_last_edited=\u00bbon|phone\u00bb global_colors_info=\u00bb{}\u00bb]<\/p>\n<h2>Noris Ledesma<\/h2>\n<p><strong>Especialista mundial en recursos gen\u00e9ticos de frutales tropicales<\/strong>, con un enfoque en mango y desarrollo de h\u00edbridos resistentes a enfermedades.<\/p>\n<p>Actualmente <strong>consultora en Estados Unidos, M\u00e9xico, Per\u00fa y Arabia Saudit<\/strong>a.<\/p>\n<p>Reconocida como Mejor Horticulturista Comercial por la Sociedad de Horticultura de Florida durante cinco a\u00f1os consecutivos (2017-2022).<\/p>\n<p>Ha recolectado recursos gen\u00e9ticos en Am\u00e9rica Latina, Asia y \u00c1frica, y <strong>estudia m\u00e1s de 600 variedades de mango y 30 especies de mangiferas<\/strong>.<\/p>\n<p><strong>Coautora de 6 libros<\/strong> y numerosas publicaciones cient\u00edficas sobre frutales tropicales.<\/p>\n<p>[\/et_pb_text][\/et_pb_column][et_pb_column type=\u00bb1_4&#8243; _builder_version=\u00bb4.24.0&#8243; _module_preset=\u00bbdefault\u00bb global_colors_info=\u00bb{}\u00bb][et_pb_image src=\u00bbhttps:\/\/mangoemex.com\/congreso\/wp-content\/uploads\/2024\/10\/congreso-mango-ponente-noris.webp\u00bb title_text=\u00bbcongreso-mango-ponente-noris\u00bb align=\u00bbcenter\u00bb disabled_on=\u00bbon|on|off\u00bb _builder_version=\u00bb4.24.0&#8243; _module_preset=\u00bbdefault\u00bb width=\u00bb110%\u00bb width_tablet=\u00bb57%\u00bb width_phone=\u00bb71%\u00bb width_last_edited=\u00bbon|phone\u00bb animation_style=\u00bbslide\u00bb animation_direction=\u00bbleft\u00bb global_colors_info=\u00bb{}\u00bb][\/et_pb_image][\/et_pb_column][\/et_pb_row][et_pb_row column_structure=\u00bb1_4,1_2,1_4&#8243; module_id=\u00bbhiram\u00bb _builder_version=\u00bb4.24.0&#8243; _module_preset=\u00bbdefault\u00bb global_colors_info=\u00bb{}\u00bb][et_pb_column type=\u00bb1_4&#8243; _builder_version=\u00bb4.24.0&#8243; _module_preset=\u00bbdefault\u00bb global_colors_info=\u00bb{}\u00bb][et_pb_image src=\u00bbhttps:\/\/mangoemex.com\/congreso\/wp-content\/uploads\/2024\/10\/congreso-mango-ponente-hiram.webp\u00bb title_text=\u00bbcongreso-mango-ponente-hiram\u00bb align=\u00bbcenter\u00bb _builder_version=\u00bb4.24.0&#8243; _module_preset=\u00bbdefault\u00bb width=\u00bb110%\u00bb width_tablet=\u00bb57%\u00bb width_phone=\u00bb71%\u00bb width_last_edited=\u00bbon|phone\u00bb animation_style=\u00bbslide\u00bb animation_direction=\u00bbright\u00bb locked=\u00bboff\u00bb global_colors_info=\u00bb{}\u00bb][\/et_pb_image][\/et_pb_column][et_pb_column type=\u00bb1_2&#8243; _builder_version=\u00bb4.24.0&#8243; _module_preset=\u00bbdefault\u00bb global_colors_info=\u00bb{}\u00bb][et_pb_text _builder_version=\u00bb4.24.0&#8243; _module_preset=\u00bbdefault\u00bb header_2_font=\u00bb|700|||||||\u00bb header_2_text_color=\u00bb#485A25&#8243; header_2_font_size=\u00bb25px\u00bb header_2_line_height=\u00bb1.3em\u00bb animation_style=\u00bbzoom\u00bb header_2_font_size_tablet=\u00bb22px\u00bb header_2_font_size_phone=\u00bb19px\u00bb header_2_font_size_last_edited=\u00bbon|phone\u00bb header_2_line_height_tablet=\u00bb1.3em\u00bb header_2_line_height_phone=\u00bb1.6em\u00bb header_2_line_height_last_edited=\u00bbon|phone\u00bb global_colors_info=\u00bb{}\u00bb]<\/p>\n<h2>Hiram Ibarra<\/h2>\n<p>\u00a0<strong>Director de Austar Latinoam\u00e9rica<\/strong>, un proyecto de agroqu\u00edmicos con presencia en M\u00e9xico, Brasil, Colombia, Panam\u00e1, Per\u00fa y Chile desde 2004.<\/p>\n<p><strong>M\u00e1s de 19 a\u00f1os de experiencia en Agro Negocios, consultor\u00eda, direcci\u00f3n de empresas<\/strong> y emprendimiento de proyectos.<\/p>\n<p>Fundador de la Organizaci\u00f3n Latino Americana de Agro Empresarios J\u00f3venes (OLAJ) y <strong>creador del concepto Agribusiness coach<\/strong>, Mentor &amp; Consejero.<\/p>\n<p>MBA en Agro Negocios por la Universidad Federal de Paran\u00e1, Brasil.<\/p>\n<p>Miembro activo de programas de mentor\u00eda en Latinoam\u00e9rica y consejero independiente desde 2021.<\/p>\n<p>[\/et_pb_text][\/et_pb_column][et_pb_column type=\u00bb1_4&#8243; _builder_version=\u00bb4.24.0&#8243; _module_preset=\u00bbdefault\u00bb global_colors_info=\u00bb{}\u00bb][et_pb_image src=\u00bbhttps:\/\/mangoemex.com\/congreso\/wp-content\/uploads\/2024\/03\/congreso-mango-emex-circ1.webp\u00bb title_text=\u00bbcongreso-mango-emex-circ1&#8243; disabled_on=\u00bbon|on|off\u00bb _builder_version=\u00bb4.24.0&#8243; _module_preset=\u00bbdefault\u00bb width=\u00bb29%\u00bb width_tablet=\u00bb45%\u00bb width_phone=\u00bb45%\u00bb width_last_edited=\u00bbon|desktop\u00bb custom_margin=\u00bb||||false|false\u00bb animation_style=\u00bbslide\u00bb animation_direction=\u00bbleft\u00bb locked=\u00bboff\u00bb global_colors_info=\u00bb{}\u00bb][\/et_pb_image][\/et_pb_column][\/et_pb_row][et_pb_row column_structure=\u00bb1_4,1_2,1_4&#8243; module_id=\u00bbnoris\u00bb _builder_version=\u00bb4.24.0&#8243; _module_preset=\u00bbdefault\u00bb locked=\u00bboff\u00bb global_colors_info=\u00bb{}\u00bb][et_pb_column type=\u00bb1_4&#8243; _builder_version=\u00bb4.24.0&#8243; _module_preset=\u00bbdefault\u00bb global_colors_info=\u00bb{}\u00bb][et_pb_image src=\u00bbhttps:\/\/mangoemex.com\/congreso\/wp-content\/uploads\/2024\/03\/congreso-mango-emex-circ2.webp\u00bb title_text=\u00bbluis\u00bb align=\u00bbright\u00bb src_tablet=\u00bbhttps:\/\/mangoemex.com\/congreso\/wp-content\/uploads\/2024\/11\/luis.webp\u00bb src_phone=\u00bbhttps:\/\/mangoemex.com\/congreso\/wp-content\/uploads\/2024\/11\/luis.webp\u00bb src_last_edited=\u00bbon|phone\u00bb align_tablet=\u00bbcenter\u00bb align_phone=\u00bbcenter\u00bb align_last_edited=\u00bbon|phone\u00bb disabled_on=\u00bboff|off|off\u00bb _builder_version=\u00bb4.24.0&#8243; _module_preset=\u00bbdefault\u00bb width=\u00bb30%\u00bb width_tablet=\u00bb42%\u00bb width_phone=\u00bb70%\u00bb width_last_edited=\u00bbon|desktop\u00bb animation_style=\u00bbslide\u00bb animation_direction=\u00bbright\u00bb global_colors_info=\u00bb{}\u00bb][\/et_pb_image][\/et_pb_column][et_pb_column type=\u00bb1_2&#8243; _builder_version=\u00bb4.24.0&#8243; _module_preset=\u00bbdefault\u00bb global_colors_info=\u00bb{}\u00bb][et_pb_text _builder_version=\u00bb4.24.0&#8243; _module_preset=\u00bbdefault\u00bb header_2_font=\u00bb|700|||||||\u00bb header_2_text_color=\u00bb#485A25&#8243; header_2_font_size=\u00bb25px\u00bb header_2_line_height=\u00bb1.3em\u00bb animation_style=\u00bbzoom\u00bb header_2_font_size_tablet=\u00bb22px\u00bb header_2_font_size_phone=\u00bb19px\u00bb header_2_font_size_last_edited=\u00bbon|phone\u00bb header_2_line_height_tablet=\u00bb1.3em\u00bb header_2_line_height_phone=\u00bb1.6em\u00bb header_2_line_height_last_edited=\u00bbon|phone\u00bb global_colors_info=\u00bb{}\u00bb]<\/p>\n<h2>Luis Taube<\/h2>\n<p><strong>M\u00e1s de 15 a\u00f1os de experiencia en Grupo Alta.<\/strong><\/p>\n<p>Actualmente es <strong>Director de Zona<\/strong> en Jalisco.<\/p>\n<p><strong>L\u00edder de equipos<\/strong> y especialista en mejora de procesos <strong>en entornos competitivos<\/strong>.<\/p>\n<p>Previamente, fue Jefe de Departamento de Compras a nivel M\u00e9xico, <strong>gestionando adquisiciones a nivel corporativo<\/strong> durante 3 a\u00f1os y medio.<\/p>\n<p>[\/et_pb_text][\/et_pb_column][et_pb_column type=\u00bb1_4&#8243; _builder_version=\u00bb4.24.0&#8243; _module_preset=\u00bbdefault\u00bb global_colors_info=\u00bb{}\u00bb][et_pb_image src=\u00bbhttps:\/\/mangoemex.com\/congreso\/wp-content\/uploads\/2024\/11\/luis.webp\u00bb title_text=\u00bbluis\u00bb align=\u00bbcenter\u00bb disabled_on=\u00bbon|on|off\u00bb _builder_version=\u00bb4.24.0&#8243; _module_preset=\u00bbdefault\u00bb width=\u00bb110%\u00bb width_tablet=\u00bb57%\u00bb width_phone=\u00bb71%\u00bb width_last_edited=\u00bbon|phone\u00bb animation_style=\u00bbslide\u00bb animation_direction=\u00bbleft\u00bb global_colors_info=\u00bb{}\u00bb][\/et_pb_image][\/et_pb_column][\/et_pb_row][et_pb_row _builder_version=\u00bb4.24.0&#8243; _module_preset=\u00bbdefault\u00bb global_module=\u00bb461&#8243; saved_tabs=\u00bball\u00bb global_colors_info=\u00bb{}\u00bb][et_pb_column type=\u00bb4_4&#8243; _builder_version=\u00bb4.24.0&#8243; _module_preset=\u00bbdefault\u00bb global_colors_info=\u00bb{}\u00bb][et_pb_text _builder_version=\u00bb4.24.0&#8243; _module_preset=\u00bbdefault\u00bb header_4_font=\u00bb||on||||||\u00bb header_4_text_color=\u00bb#485A25&#8243; header_4_font_size=\u00bb30px\u00bb header_4_line_height=\u00bb1.2em\u00bb header_4_font_size_tablet=\u00bb24px\u00bb header_4_font_size_phone=\u00bb17px\u00bb header_4_font_size_last_edited=\u00bbon|phone\u00bb global_colors_info=\u00bb{}\u00bb]<\/p>\n<h4 style=\"text-align: center;\">Descubre las tendencias que transformar\u00e1n el futuro del sector de la mano de los expertos internacionales. \u00a1Con\u00f3celos aqu\u00ed!<\/h4>\n<p>[\/et_pb_text][et_pb_text _builder_version=\u00bb4.24.0&#8243; _module_preset=\u00bbdefault\u00bb header_4_font=\u00bb||on||||||\u00bb header_4_text_color=\u00bb#485A25&#8243; header_4_font_size=\u00bb30px\u00bb header_4_line_height=\u00bb1.2em\u00bb header_4_font_size_tablet=\u00bb24px\u00bb header_4_font_size_phone=\u00bb17px\u00bb header_4_font_size_last_edited=\u00bbon|phone\u00bb global_colors_info=\u00bb{}\u00bb]<\/p>\n<h4 style=\"text-align: center;\">\u00a1S\u00e9 parte del evento m\u00e1s importante del a\u00f1o!<\/h4>\n<p>[\/et_pb_text][et_pb_button button_url=\u00bbhttps:\/\/servidor.mangoemex.com\/fmi\/webd\/Congreso\u00bb url_new_window=\u00bbon\u00bb button_text=\u00bb\u00a1COMPRA TU BOLETO!\u00bb button_alignment=\u00bbcenter\u00bb _builder_version=\u00bb4.24.0&#8243; _module_preset=\u00bbdefault\u00bb custom_button=\u00bbon\u00bb button_text_size=\u00bb17px\u00bb button_text_color=\u00bb#485A25&#8243; button_bg_color=\u00bb#DDDE55&#8243; button_border_width=\u00bb0px\u00bb button_border_radius=\u00bb30px\u00bb button_font=\u00bbMontserrat||||||||\u00bb button_icon=\u00bb&#xe010;||divi||400&#8243; custom_padding=\u00bb12px||12px||true|false\u00bb animation_style=\u00bbroll\u00bb locked=\u00bboff\u00bb global_colors_info=\u00bb{}\u00bb][\/et_pb_button][\/et_pb_column][\/et_pb_row][\/et_pb_section]<\/p>\n","protected":false},"excerpt":{"rendered":"<p>Conferencia Magistral Agroindustria y valor agregado VIERNES 22 &#8211; 11.45 a 13.15Ana Cristina Villalpando Socia fundadora y ex Directora General del Consejo de Desarrollo Agropecuario y Agroindustrial de Jalisco (CDAAJ), donde consolid\u00f3 al 80% de los productores l\u00edderes del estado. M\u00e1s de 10 a\u00f1os de experiencia en el sector agroindustrial, tanto en la iniciativa privada [&hellip;]<\/p>\n","protected":false},"author":1,"featured_media":0,"parent":0,"menu_order":0,"comment_status":"closed","ping_status":"closed","template":"","meta":{"_et_pb_use_builder":"on","_et_pb_old_content":"","_et_gb_content_width":"","footnotes":""},"class_list":["post-506","page","type-page","status-publish","hentry"],"yoast_head":"<!-- This site is optimized with the Yoast SEO plugin v27.5 - https:\/\/yoast.com\/product\/yoast-seo-wordpress\/ -->\n<title>Conferencia agroindustria y valor agregado -<\/title>\n<meta name=\"robots\" content=\"index, follow, max-snippet:-1, max-image-preview:large, max-video-preview:-1\" \/>\n<link rel=\"canonical\" href=\"https:\/\/mangoemex.com\/congreso\/conferencia-agroindustria-y-valor-agregado\/\" \/>\n<meta property=\"og:locale\" content=\"es_ES\" \/>\n<meta property=\"og:type\" content=\"article\" \/>\n<meta property=\"og:title\" content=\"Conferencia agroindustria y valor agregado -\" \/>\n<meta property=\"og:description\" content=\"Conferencia Magistral Agroindustria y valor agregado VIERNES 22 - 11.45 a 13.15Ana Cristina Villalpando Socia fundadora y ex Directora General del Consejo de Desarrollo Agropecuario y Agroindustrial de Jalisco (CDAAJ), donde consolid\u00f3 al 80% de los productores l\u00edderes del estado. M\u00e1s de 10 a\u00f1os de experiencia en el sector agroindustrial, tanto en la iniciativa privada [&hellip;]\" \/>\n<meta property=\"og:url\" content=\"https:\/\/mangoemex.com\/congreso\/conferencia-agroindustria-y-valor-agregado\/\" \/>\n<meta property=\"article:modified_time\" content=\"2024-11-15T01:05:42+00:00\" \/>\n<meta name=\"twitter:card\" content=\"summary_large_image\" \/>\n<meta name=\"twitter:label1\" content=\"Tiempo de lectura\" \/>\n\t<meta name=\"twitter:data1\" content=\"4 minutos\" \/>\n<script type=\"application\/ld+json\" class=\"yoast-schema-graph\">{\"@context\":\"https:\\\/\\\/schema.org\",\"@graph\":[{\"@type\":\"WebPage\",\"@id\":\"https:\\\/\\\/mangoemex.com\\\/congreso\\\/conferencia-agroindustria-y-valor-agregado\\\/\",\"url\":\"https:\\\/\\\/mangoemex.com\\\/congreso\\\/conferencia-agroindustria-y-valor-agregado\\\/\",\"name\":\"Conferencia agroindustria y valor agregado -\",\"isPartOf\":{\"@id\":\"https:\\\/\\\/mangoemex.com\\\/congreso\\\/#website\"},\"datePublished\":\"2024-10-23T18:50:44+00:00\",\"dateModified\":\"2024-11-15T01:05:42+00:00\",\"breadcrumb\":{\"@id\":\"https:\\\/\\\/mangoemex.com\\\/congreso\\\/conferencia-agroindustria-y-valor-agregado\\\/#breadcrumb\"},\"inLanguage\":\"es\",\"potentialAction\":[{\"@type\":\"ReadAction\",\"target\":[\"https:\\\/\\\/mangoemex.com\\\/congreso\\\/conferencia-agroindustria-y-valor-agregado\\\/\"]}]},{\"@type\":\"BreadcrumbList\",\"@id\":\"https:\\\/\\\/mangoemex.com\\\/congreso\\\/conferencia-agroindustria-y-valor-agregado\\\/#breadcrumb\",\"itemListElement\":[{\"@type\":\"ListItem\",\"position\":1,\"name\":\"Portada\",\"item\":\"https:\\\/\\\/mangoemex.com\\\/congreso\\\/\"},{\"@type\":\"ListItem\",\"position\":2,\"name\":\"Conferencia agroindustria y valor agregado\"}]},{\"@type\":\"WebSite\",\"@id\":\"https:\\\/\\\/mangoemex.com\\\/congreso\\\/#website\",\"url\":\"https:\\\/\\\/mangoemex.com\\\/congreso\\\/\",\"name\":\"\",\"description\":\"\",\"potentialAction\":[{\"@type\":\"SearchAction\",\"target\":{\"@type\":\"EntryPoint\",\"urlTemplate\":\"https:\\\/\\\/mangoemex.com\\\/congreso\\\/?s={search_term_string}\"},\"query-input\":{\"@type\":\"PropertyValueSpecification\",\"valueRequired\":true,\"valueName\":\"search_term_string\"}}],\"inLanguage\":\"es\"}]}<\/script>\n<!-- \/ Yoast SEO plugin. -->","yoast_head_json":{"title":"Conferencia agroindustria y valor agregado -","robots":{"index":"index","follow":"follow","max-snippet":"max-snippet:-1","max-image-preview":"max-image-preview:large","max-video-preview":"max-video-preview:-1"},"canonical":"https:\/\/mangoemex.com\/congreso\/conferencia-agroindustria-y-valor-agregado\/","og_locale":"es_ES","og_type":"article","og_title":"Conferencia agroindustria y valor agregado -","og_description":"Conferencia Magistral Agroindustria y valor agregado VIERNES 22 - 11.45 a 13.15Ana Cristina Villalpando Socia fundadora y ex Directora General del Consejo de Desarrollo Agropecuario y Agroindustrial de Jalisco (CDAAJ), donde consolid\u00f3 al 80% de los productores l\u00edderes del estado. M\u00e1s de 10 a\u00f1os de experiencia en el sector agroindustrial, tanto en la iniciativa privada [&hellip;]","og_url":"https:\/\/mangoemex.com\/congreso\/conferencia-agroindustria-y-valor-agregado\/","article_modified_time":"2024-11-15T01:05:42+00:00","twitter_card":"summary_large_image","twitter_misc":{"Tiempo de lectura":"4 minutos"},"schema":{"@context":"https:\/\/schema.org","@graph":[{"@type":"WebPage","@id":"https:\/\/mangoemex.com\/congreso\/conferencia-agroindustria-y-valor-agregado\/","url":"https:\/\/mangoemex.com\/congreso\/conferencia-agroindustria-y-valor-agregado\/","name":"Conferencia agroindustria y valor agregado -","isPartOf":{"@id":"https:\/\/mangoemex.com\/congreso\/#website"},"datePublished":"2024-10-23T18:50:44+00:00","dateModified":"2024-11-15T01:05:42+00:00","breadcrumb":{"@id":"https:\/\/mangoemex.com\/congreso\/conferencia-agroindustria-y-valor-agregado\/#breadcrumb"},"inLanguage":"es","potentialAction":[{"@type":"ReadAction","target":["https:\/\/mangoemex.com\/congreso\/conferencia-agroindustria-y-valor-agregado\/"]}]},{"@type":"BreadcrumbList","@id":"https:\/\/mangoemex.com\/congreso\/conferencia-agroindustria-y-valor-agregado\/#breadcrumb","itemListElement":[{"@type":"ListItem","position":1,"name":"Portada","item":"https:\/\/mangoemex.com\/congreso\/"},{"@type":"ListItem","position":2,"name":"Conferencia agroindustria y valor agregado"}]},{"@type":"WebSite","@id":"https:\/\/mangoemex.com\/congreso\/#website","url":"https:\/\/mangoemex.com\/congreso\/","name":"","description":"","potentialAction":[{"@type":"SearchAction","target":{"@type":"EntryPoint","urlTemplate":"https:\/\/mangoemex.com\/congreso\/?s={search_term_string}"},"query-input":{"@type":"PropertyValueSpecification","valueRequired":true,"valueName":"search_term_string"}}],"inLanguage":"es"}]}},"_links":{"self":[{"href":"https:\/\/mangoemex.com\/congreso\/wp-json\/wp\/v2\/pages\/506","targetHints":{"allow":["GET"]}}],"collection":[{"href":"https:\/\/mangoemex.com\/congreso\/wp-json\/wp\/v2\/pages"}],"about":[{"href":"https:\/\/mangoemex.com\/congreso\/wp-json\/wp\/v2\/types\/page"}],"author":[{"embeddable":true,"href":"https:\/\/mangoemex.com\/congreso\/wp-json\/wp\/v2\/users\/1"}],"replies":[{"embeddable":true,"href":"https:\/\/mangoemex.com\/congreso\/wp-json\/wp\/v2\/comments?post=506"}],"version-history":[{"count":7,"href":"https:\/\/mangoemex.com\/congreso\/wp-json\/wp\/v2\/pages\/506\/revisions"}],"predecessor-version":[{"id":758,"href":"https:\/\/mangoemex.com\/congreso\/wp-json\/wp\/v2\/pages\/506\/revisions\/758"}],"wp:attachment":[{"href":"https:\/\/mangoemex.com\/congreso\/wp-json\/wp\/v2\/media?parent=506"}],"curies":[{"name":"wp","href":"https:\/\/api.w.org\/{rel}","templated":true}]}}