{"id":521,"date":"2024-10-23T19:00:05","date_gmt":"2024-10-23T19:00:05","guid":{"rendered":"https:\/\/mangoemex.com\/congreso\/?page_id=521"},"modified":"2024-10-28T15:32:55","modified_gmt":"2024-10-28T15:32:55","slug":"conferencia-cadenas-de-suministro-y-logistica","status":"publish","type":"page","link":"https:\/\/mangoemex.com\/congreso\/conferencia-cadenas-de-suministro-y-logistica\/","title":{"rendered":"Conferencia cadenas de suministro y log\u00edstica"},"content":{"rendered":"<p>[et_pb_section fb_built=\u00bb1&#8243; fullwidth=\u00bbon\u00bb _builder_version=\u00bb4.24.0&#8243; _module_preset=\u00bbdefault\u00bb global_colors_info=\u00bb{}\u00bb][et_pb_fullwidth_image src=\u00bbhttps:\/\/mangoemex.com\/congreso\/wp-content\/uploads\/2024\/10\/congreso-mango-emex-bann-conf-7.webp\u00bb title_text=\u00bbcongreso-mango-emex-bann-conf-7c\u00bb src_tablet=\u00bbhttps:\/\/mangoemex.com\/congreso\/wp-content\/uploads\/2024\/03\/congreso-mango-emex-banner.webp\u00bb src_phone=\u00bbhttps:\/\/mangoemex.com\/congreso\/wp-content\/uploads\/2024\/10\/congreso-mango-emex-bann-conf-7c.webp\u00bb src_last_edited=\u00bbon|phone\u00bb _builder_version=\u00bb4.24.0&#8243; _module_preset=\u00bbdefault\u00bb custom_margin_tablet=\u00bb\u00bb custom_margin_phone=\u00bb75px||||false|false\u00bb custom_margin_last_edited=\u00bbon|phone\u00bb animation_style=\u00bbslide\u00bb animation_direction=\u00bbleft\u00bb global_colors_info=\u00bb{}\u00bb][\/et_pb_fullwidth_image][\/et_pb_section][et_pb_section fb_built=\u00bb1&#8243; _builder_version=\u00bb4.24.0&#8243; _module_preset=\u00bbdefault\u00bb global_colors_info=\u00bb{}\u00bb][et_pb_row _builder_version=\u00bb4.24.0&#8243; _module_preset=\u00bbdefault\u00bb custom_margin=\u00bb||0px||false|false\u00bb custom_padding=\u00bb||0px||false|false\u00bb global_colors_info=\u00bb{}\u00bb][et_pb_column type=\u00bb4_4&#8243; _builder_version=\u00bb4.24.0&#8243; _module_preset=\u00bbdefault\u00bb global_colors_info=\u00bb{}\u00bb][et_pb_text _builder_version=\u00bb4.24.0&#8243; _module_preset=\u00bbdefault\u00bb header_font=\u00bbMontserrat||||||||\u00bb header_text_color=\u00bb#485A25&#8243; header_font_size=\u00bb25px\u00bb header_line_height=\u00bb1.3em\u00bb header_2_text_color=\u00bb#485A25&#8243; header_2_font_size=\u00bb22px\u00bb header_3_font=\u00bbMontserrat||||||||\u00bb header_3_text_color=\u00bb#F35B1D\u00bb animation_style=\u00bbslide\u00bb animation_direction=\u00bbbottom\u00bb header_font_size_tablet=\u00bb23px\u00bb header_font_size_phone=\u00bb22px\u00bb header_font_size_last_edited=\u00bbon|phone\u00bb global_colors_info=\u00bb{}\u00bb]<\/p>\n<h2 style=\"text-align: center;\">Conferencia Magistral<\/h2>\n<h1 style=\"text-align: center;\">Cadenas de suministro y log\u00edstica<\/h1>\n<h3 style=\"text-align: center;\">VIERNES 22 &#8211; 14.45 a 16.15<\/h3>\n<p>[\/et_pb_text][\/et_pb_column][\/et_pb_row][et_pb_row column_structure=\u00bb1_4,1_2,1_4&#8243; module_id=\u00bbantonio\u00bb _builder_version=\u00bb4.24.0&#8243; _module_preset=\u00bbdefault\u00bb global_colors_info=\u00bb{}\u00bb][et_pb_column type=\u00bb1_4&#8243; _builder_version=\u00bb4.24.0&#8243; _module_preset=\u00bbdefault\u00bb global_colors_info=\u00bb{}\u00bb][et_pb_image src=\u00bbhttps:\/\/mangoemex.com\/congreso\/wp-content\/uploads\/2024\/03\/congreso-mango-emex-circ2.webp\u00bb title_text=\u00bbcongreso-mango-ponente-antonio\u00bb align=\u00bbright\u00bb src_tablet=\u00bbhttps:\/\/mangoemex.com\/congreso\/wp-content\/uploads\/2024\/10\/congreso-mango-ponente-antonio.webp\u00bb src_last_edited=\u00bbon|desktop\u00bb align_tablet=\u00bbcenter\u00bb align_phone=\u00bbcenter\u00bb align_last_edited=\u00bbon|phone\u00bb disabled_on=\u00bboff|off|off\u00bb _builder_version=\u00bb4.24.0&#8243; _module_preset=\u00bbdefault\u00bb width=\u00bb30%\u00bb width_tablet=\u00bb42%\u00bb width_phone=\u00bb70%\u00bb width_last_edited=\u00bbon|desktop\u00bb animation_style=\u00bbslide\u00bb animation_direction=\u00bbright\u00bb hover_enabled=\u00bb0&#8243; global_colors_info=\u00bb{}\u00bb sticky_enabled=\u00bb0&#8243; src_phone=\u00bbhttps:\/\/mangoemex.com\/congreso\/wp-content\/uploads\/2024\/10\/congreso-mango-ponente-antonio.webp\u00bb][\/et_pb_image][\/et_pb_column][et_pb_column type=\u00bb1_2&#8243; _builder_version=\u00bb4.24.0&#8243; _module_preset=\u00bbdefault\u00bb global_colors_info=\u00bb{}\u00bb][et_pb_text _builder_version=\u00bb4.24.0&#8243; _module_preset=\u00bbdefault\u00bb header_2_font=\u00bb|700|||||||\u00bb header_2_text_color=\u00bb#485A25&#8243; header_2_font_size=\u00bb25px\u00bb header_2_line_height=\u00bb1.3em\u00bb animation_style=\u00bbzoom\u00bb header_2_font_size_tablet=\u00bb22px\u00bb header_2_font_size_phone=\u00bb19px\u00bb header_2_font_size_last_edited=\u00bbon|phone\u00bb header_2_line_height_tablet=\u00bb1.3em\u00bb header_2_line_height_phone=\u00bb1.6em\u00bb header_2_line_height_last_edited=\u00bbon|phone\u00bb global_colors_info=\u00bb{}\u00bb]<\/p>\n<h2>Antonio Garc\u00eda<\/h2>\n<p>\u00a0Es <strong>Lic. en Comercio Internacional, Lic. en Econom\u00eda y Maestr\u00eda en Administraci\u00f3n de Empresas<\/strong> por parte de la Universidad de Guadalajara.<\/p>\n<p>Con 28 a\u00f1os en la log\u00edstica, <strong>actualmente es Director en la vertical de Perecederos M\u00e9xico para Hellmann Worlwide Logistics, empresa alemana con presencia en mas de 160 pa\u00edses<\/strong> y con cobertura global en los principales corredores comerciales del perecedero.<\/p>\n<p>[\/et_pb_text][\/et_pb_column][et_pb_column type=\u00bb1_4&#8243; _builder_version=\u00bb4.24.0&#8243; _module_preset=\u00bbdefault\u00bb global_colors_info=\u00bb{}\u00bb][et_pb_image src=\u00bbhttps:\/\/mangoemex.com\/congreso\/wp-content\/uploads\/2024\/10\/congreso-mango-ponente-antonio.webp\u00bb title_text=\u00bbcongreso-mango-ponente-antonio\u00bb align=\u00bbcenter\u00bb disabled_on=\u00bbon|on|off\u00bb _builder_version=\u00bb4.24.0&#8243; _module_preset=\u00bbdefault\u00bb width=\u00bb110%\u00bb width_tablet=\u00bb57%\u00bb width_phone=\u00bb71%\u00bb width_last_edited=\u00bbon|phone\u00bb animation_style=\u00bbslide\u00bb animation_direction=\u00bbleft\u00bb global_colors_info=\u00bb{}\u00bb][\/et_pb_image][\/et_pb_column][\/et_pb_row][et_pb_row column_structure=\u00bb1_4,1_2,1_4&#8243; module_id=\u00bbclaudia\u00bb _builder_version=\u00bb4.24.0&#8243; _module_preset=\u00bbdefault\u00bb global_colors_info=\u00bb{}\u00bb][et_pb_column type=\u00bb1_4&#8243; _builder_version=\u00bb4.24.0&#8243; _module_preset=\u00bbdefault\u00bb global_colors_info=\u00bb{}\u00bb][et_pb_image src=\u00bbhttps:\/\/mangoemex.com\/congreso\/wp-content\/uploads\/2024\/10\/congreso-mango-ponente-claudia.webp\u00bb title_text=\u00bbcongreso-mango-ponente-claudia\u00bb align=\u00bbcenter\u00bb _builder_version=\u00bb4.24.0&#8243; _module_preset=\u00bbdefault\u00bb width=\u00bb110%\u00bb width_tablet=\u00bb57%\u00bb width_phone=\u00bb71%\u00bb width_last_edited=\u00bbon|phone\u00bb animation_style=\u00bbslide\u00bb animation_direction=\u00bbright\u00bb locked=\u00bboff\u00bb global_colors_info=\u00bb{}\u00bb][\/et_pb_image][\/et_pb_column][et_pb_column type=\u00bb1_2&#8243; _builder_version=\u00bb4.24.0&#8243; _module_preset=\u00bbdefault\u00bb global_colors_info=\u00bb{}\u00bb][et_pb_text _builder_version=\u00bb4.24.0&#8243; _module_preset=\u00bbdefault\u00bb header_2_font=\u00bb|700|||||||\u00bb header_2_text_color=\u00bb#485A25&#8243; header_2_font_size=\u00bb25px\u00bb header_2_line_height=\u00bb1.3em\u00bb animation_style=\u00bbzoom\u00bb header_2_font_size_tablet=\u00bb22px\u00bb header_2_font_size_phone=\u00bb19px\u00bb header_2_font_size_last_edited=\u00bbon|phone\u00bb header_2_line_height_tablet=\u00bb1.3em\u00bb header_2_line_height_phone=\u00bb1.6em\u00bb header_2_line_height_last_edited=\u00bbon|phone\u00bb global_colors_info=\u00bb{}\u00bb]<\/p>\n<h2>Claudia Villaruel<\/h2>\n<p>\u00a0<strong>Directora General de Comercio Exterior del Estado de Jalisco y titular del Hub Log\u00edstico de Jalisco desde 2018<\/strong>.<\/p>\n<p>Gerente Nacional de Desarrollo de Negocios en Andersen Tax &amp; Legal M\u00e9xico.<\/p>\n<p>Responsable del arranque de operaciones de Marchesi Manufacturing M\u00e9xico.<\/p>\n<p>Licenciada en Comercio Internacional (Tec de Monterrey) y Licenciada en Derecho (Universidad de Guadalajara).<\/p>\n<p><strong>Especializaci\u00f3n en Comercio Exterior por el Banco Mexicano de Comercio Exterior<\/strong> y experiencia como Gerente de Tr\u00e1fico y Log\u00edstica en Great Western Chemical y Multek de M\u00e9xico.<\/p>\n<p>[\/et_pb_text][\/et_pb_column][et_pb_column type=\u00bb1_4&#8243; _builder_version=\u00bb4.24.0&#8243; _module_preset=\u00bbdefault\u00bb global_colors_info=\u00bb{}\u00bb][et_pb_image src=\u00bbhttps:\/\/mangoemex.com\/congreso\/wp-content\/uploads\/2024\/03\/congreso-mango-emex-circ1.webp\u00bb title_text=\u00bbcongreso-mango-emex-circ1&#8243; disabled_on=\u00bbon|on|off\u00bb _builder_version=\u00bb4.24.0&#8243; _module_preset=\u00bbdefault\u00bb width=\u00bb29%\u00bb width_tablet=\u00bb45%\u00bb width_phone=\u00bb45%\u00bb width_last_edited=\u00bbon|desktop\u00bb custom_margin=\u00bb||||false|false\u00bb animation_style=\u00bbslide\u00bb animation_direction=\u00bbleft\u00bb locked=\u00bboff\u00bb global_colors_info=\u00bb{}\u00bb][\/et_pb_image][\/et_pb_column][\/et_pb_row][et_pb_row column_structure=\u00bb1_4,1_2,1_4&#8243; module_id=\u00bbfederico\u00bb _builder_version=\u00bb4.24.0&#8243; _module_preset=\u00bbdefault\u00bb global_colors_info=\u00bb{}\u00bb][et_pb_column type=\u00bb1_4&#8243; _builder_version=\u00bb4.24.0&#8243; _module_preset=\u00bbdefault\u00bb global_colors_info=\u00bb{}\u00bb][et_pb_image src=\u00bbhttps:\/\/mangoemex.com\/congreso\/wp-content\/uploads\/2024\/03\/congreso-mango-emex-circ2.webp\u00bb title_text=\u00bbcongreso-mango-ponente-federico\u00bb align=\u00bbright\u00bb src_tablet=\u00bbhttps:\/\/mangoemex.com\/congreso\/wp-content\/uploads\/2024\/10\/congreso-mango-ponente-federico.webp\u00bb src_last_edited=\u00bbon|desktop\u00bb align_tablet=\u00bbcenter\u00bb align_phone=\u00bbcenter\u00bb align_last_edited=\u00bbon|phone\u00bb disabled_on=\u00bboff|off|off\u00bb _builder_version=\u00bb4.24.0&#8243; _module_preset=\u00bbdefault\u00bb width=\u00bb30%\u00bb width_tablet=\u00bb42%\u00bb width_phone=\u00bb70%\u00bb width_last_edited=\u00bbon|desktop\u00bb animation_style=\u00bbslide\u00bb animation_direction=\u00bbright\u00bb hover_enabled=\u00bb0&#8243; global_colors_info=\u00bb{}\u00bb sticky_enabled=\u00bb0&#8243; src_phone=\u00bbhttps:\/\/mangoemex.com\/congreso\/wp-content\/uploads\/2024\/10\/congreso-mango-ponente-federico.webp\u00bb][\/et_pb_image][\/et_pb_column][et_pb_column type=\u00bb1_2&#8243; _builder_version=\u00bb4.24.0&#8243; _module_preset=\u00bbdefault\u00bb global_colors_info=\u00bb{}\u00bb][et_pb_text _builder_version=\u00bb4.24.0&#8243; _module_preset=\u00bbdefault\u00bb header_2_font=\u00bb|700|||||||\u00bb header_2_text_color=\u00bb#485A25&#8243; header_2_font_size=\u00bb25px\u00bb header_2_line_height=\u00bb1.3em\u00bb animation_style=\u00bbzoom\u00bb header_2_font_size_tablet=\u00bb22px\u00bb header_2_font_size_phone=\u00bb19px\u00bb header_2_font_size_last_edited=\u00bbon|phone\u00bb header_2_line_height_tablet=\u00bb1.3em\u00bb header_2_line_height_phone=\u00bb1.6em\u00bb header_2_line_height_last_edited=\u00bbon|phone\u00bb global_colors_info=\u00bb{}\u00bb]<\/p>\n<h2>Federico Lepe<\/h2>\n<p><strong>Presidente de la Comisi\u00f3n de Log\u00edstica Internacional del Consejo de C\u00e1maras Industriales de Jalisco<\/strong> (2024) y <strong>Vicepresidente de Log\u00edstica del Consejo de Desarrollo Agropecuario Jalisco<\/strong> (2023).<\/p>\n<p>Miembro del Consejo Econ\u00f3mico de la Cuenca del Pac\u00edfico (PBEC) en Hong Kong (2022-2024).<\/p>\n<p>Staff de la Direcci\u00f3n General en el Guadalajara World Trade Center desde 2019.<\/p>\n<p>Presidente de la Comisi\u00f3n de Log\u00edstica Internacional del CCIJ (2015-2021) y Presidente de la Comisi\u00f3n de Comercio Exterior del CCIJ (2012-2014).<\/p>\n<p><strong>Secretario Ejecutivo de la Mexican Chamber of Commerce en Hong Kong<\/strong>.<\/p>\n<p>[\/et_pb_text][\/et_pb_column][et_pb_column type=\u00bb1_4&#8243; _builder_version=\u00bb4.24.0&#8243; _module_preset=\u00bbdefault\u00bb global_colors_info=\u00bb{}\u00bb][et_pb_image src=\u00bbhttps:\/\/mangoemex.com\/congreso\/wp-content\/uploads\/2024\/10\/congreso-mango-ponente-federico.webp\u00bb title_text=\u00bbcongreso-mango-ponente-federico\u00bb align=\u00bbcenter\u00bb disabled_on=\u00bbon|on|off\u00bb _builder_version=\u00bb4.24.0&#8243; _module_preset=\u00bbdefault\u00bb width=\u00bb110%\u00bb width_tablet=\u00bb57%\u00bb width_phone=\u00bb71%\u00bb width_last_edited=\u00bbon|phone\u00bb animation_style=\u00bbslide\u00bb animation_direction=\u00bbleft\u00bb global_colors_info=\u00bb{}\u00bb][\/et_pb_image][\/et_pb_column][\/et_pb_row][et_pb_row column_structure=\u00bb1_4,1_2,1_4&#8243; module_id=\u00bbemmanuel\u00bb _builder_version=\u00bb4.24.0&#8243; _module_preset=\u00bbdefault\u00bb global_colors_info=\u00bb{}\u00bb][et_pb_column type=\u00bb1_4&#8243; _builder_version=\u00bb4.24.0&#8243; _module_preset=\u00bbdefault\u00bb global_colors_info=\u00bb{}\u00bb][et_pb_image src=\u00bbhttps:\/\/mangoemex.com\/congreso\/wp-content\/uploads\/2024\/10\/congreso-mango-ponente-emanuel.webp\u00bb title_text=\u00bbcongreso-mango-ponente-emanuel\u00bb align=\u00bbcenter\u00bb _builder_version=\u00bb4.24.0&#8243; _module_preset=\u00bbdefault\u00bb width=\u00bb110%\u00bb width_tablet=\u00bb57%\u00bb width_phone=\u00bb71%\u00bb width_last_edited=\u00bbon|phone\u00bb animation_style=\u00bbslide\u00bb animation_direction=\u00bbright\u00bb locked=\u00bboff\u00bb global_colors_info=\u00bb{}\u00bb][\/et_pb_image][\/et_pb_column][et_pb_column type=\u00bb1_2&#8243; _builder_version=\u00bb4.24.0&#8243; _module_preset=\u00bbdefault\u00bb global_colors_info=\u00bb{}\u00bb][et_pb_text _builder_version=\u00bb4.24.0&#8243; _module_preset=\u00bbdefault\u00bb header_2_font=\u00bb|700|||||||\u00bb header_2_text_color=\u00bb#485A25&#8243; header_2_font_size=\u00bb25px\u00bb header_2_line_height=\u00bb1.3em\u00bb animation_style=\u00bbzoom\u00bb header_2_font_size_tablet=\u00bb22px\u00bb header_2_font_size_phone=\u00bb19px\u00bb header_2_font_size_last_edited=\u00bbon|phone\u00bb header_2_line_height_tablet=\u00bb1.3em\u00bb header_2_line_height_phone=\u00bb1.6em\u00bb header_2_line_height_last_edited=\u00bbon|phone\u00bb global_colors_info=\u00bb{}\u00bb]<\/p>\n<h2>Emmanuel Salinas<\/h2>\n<p><strong>Director de Operaciones del Grupo GWTC<\/strong>, con <strong>m\u00e1s de 25 a\u00f1os de experiencia en recintos fiscalizados y operaciones de importaciones y exportaciones a\u00e9reas y multimodal terrestres<\/strong>.<\/p>\n<p>Vicepresidente de Log\u00edstica en el Consejo de Desarrollo Agropecuario de Jalisco (CDAAJ). Experto en operaciones de recintos fiscalizados CLA-GDL y AGWTC.<\/p>\n<p><strong>Especialista en log\u00edstica y miembro del Comit\u00e9 de Log\u00edstica de Occidente<\/strong>.<\/p>\n<p>[\/et_pb_text][\/et_pb_column][et_pb_column type=\u00bb1_4&#8243; _builder_version=\u00bb4.24.0&#8243; _module_preset=\u00bbdefault\u00bb global_colors_info=\u00bb{}\u00bb][et_pb_image src=\u00bbhttps:\/\/mangoemex.com\/congreso\/wp-content\/uploads\/2024\/03\/congreso-mango-emex-circ1.webp\u00bb title_text=\u00bbcongreso-mango-emex-circ1&#8243; disabled_on=\u00bbon|on|off\u00bb _builder_version=\u00bb4.24.0&#8243; _module_preset=\u00bbdefault\u00bb width=\u00bb29%\u00bb width_tablet=\u00bb45%\u00bb width_phone=\u00bb45%\u00bb width_last_edited=\u00bbon|desktop\u00bb custom_margin=\u00bb||||false|false\u00bb animation_style=\u00bbslide\u00bb animation_direction=\u00bbleft\u00bb locked=\u00bboff\u00bb global_colors_info=\u00bb{}\u00bb][\/et_pb_image][\/et_pb_column][\/et_pb_row][et_pb_row _builder_version=\u00bb4.24.0&#8243; _module_preset=\u00bbdefault\u00bb global_module=\u00bb461&#8243; saved_tabs=\u00bball\u00bb global_colors_info=\u00bb{}\u00bb][et_pb_column type=\u00bb4_4&#8243; _builder_version=\u00bb4.24.0&#8243; _module_preset=\u00bbdefault\u00bb global_colors_info=\u00bb{}\u00bb][et_pb_text _builder_version=\u00bb4.24.0&#8243; _module_preset=\u00bbdefault\u00bb header_4_font=\u00bb||on||||||\u00bb header_4_text_color=\u00bb#485A25&#8243; header_4_font_size=\u00bb30px\u00bb header_4_line_height=\u00bb1.2em\u00bb header_4_font_size_tablet=\u00bb24px\u00bb header_4_font_size_phone=\u00bb17px\u00bb header_4_font_size_last_edited=\u00bbon|phone\u00bb global_colors_info=\u00bb{}\u00bb]<\/p>\n<h4 style=\"text-align: center;\">Descubre las tendencias que transformar\u00e1n el futuro del sector de la mano de los expertos internacionales. \u00a1Con\u00f3celos aqu\u00ed!<\/h4>\n<p>[\/et_pb_text][et_pb_text _builder_version=\u00bb4.24.0&#8243; _module_preset=\u00bbdefault\u00bb header_4_font=\u00bb||on||||||\u00bb header_4_text_color=\u00bb#485A25&#8243; header_4_font_size=\u00bb30px\u00bb header_4_line_height=\u00bb1.2em\u00bb header_4_font_size_tablet=\u00bb24px\u00bb header_4_font_size_phone=\u00bb17px\u00bb header_4_font_size_last_edited=\u00bbon|phone\u00bb global_colors_info=\u00bb{}\u00bb]<\/p>\n<h4 style=\"text-align: center;\">\u00a1S\u00e9 parte del evento m\u00e1s importante del a\u00f1o!<\/h4>\n<p>[\/et_pb_text][et_pb_button button_url=\u00bbhttps:\/\/servidor.mangoemex.com\/fmi\/webd\/Congreso\u00bb url_new_window=\u00bbon\u00bb button_text=\u00bb\u00a1COMPRA TU BOLETO!\u00bb button_alignment=\u00bbcenter\u00bb _builder_version=\u00bb4.24.0&#8243; _module_preset=\u00bbdefault\u00bb custom_button=\u00bbon\u00bb button_text_size=\u00bb17px\u00bb button_text_color=\u00bb#485A25&#8243; button_bg_color=\u00bb#DDDE55&#8243; button_border_width=\u00bb0px\u00bb button_border_radius=\u00bb30px\u00bb button_font=\u00bbMontserrat||||||||\u00bb button_icon=\u00bb&#xe010;||divi||400&#8243; custom_padding=\u00bb12px||12px||true|false\u00bb animation_style=\u00bbroll\u00bb locked=\u00bboff\u00bb global_colors_info=\u00bb{}\u00bb][\/et_pb_button][\/et_pb_column][\/et_pb_row][\/et_pb_section]<\/p>\n","protected":false},"excerpt":{"rendered":"<p>Conferencia Magistral Cadenas de suministro y log\u00edstica VIERNES 22 &#8211; 14.45 a 16.15Antonio Garc\u00eda \u00a0Es Lic. en Comercio Internacional, Lic. en Econom\u00eda y Maestr\u00eda en Administraci\u00f3n de Empresas por parte de la Universidad de Guadalajara. Con 28 a\u00f1os en la log\u00edstica, actualmente es Director en la vertical de Perecederos M\u00e9xico para Hellmann Worlwide Logistics, empresa [&hellip;]<\/p>\n","protected":false},"author":1,"featured_media":0,"parent":0,"menu_order":0,"comment_status":"closed","ping_status":"closed","template":"","meta":{"_et_pb_use_builder":"on","_et_pb_old_content":"","_et_gb_content_width":"","footnotes":""},"class_list":["post-521","page","type-page","status-publish","hentry"],"yoast_head":"<!-- This site is optimized with the Yoast SEO plugin v27.5 - https:\/\/yoast.com\/product\/yoast-seo-wordpress\/ -->\n<title>Conferencia cadenas de suministro y log\u00edstica -<\/title>\n<meta name=\"robots\" content=\"index, follow, max-snippet:-1, max-image-preview:large, max-video-preview:-1\" \/>\n<link rel=\"canonical\" href=\"https:\/\/mangoemex.com\/congreso\/conferencia-cadenas-de-suministro-y-logistica\/\" \/>\n<meta property=\"og:locale\" content=\"es_ES\" \/>\n<meta property=\"og:type\" content=\"article\" \/>\n<meta property=\"og:title\" content=\"Conferencia cadenas de suministro y log\u00edstica -\" \/>\n<meta property=\"og:description\" content=\"Conferencia Magistral Cadenas de suministro y log\u00edstica VIERNES 22 - 14.45 a 16.15Antonio Garc\u00eda \u00a0Es Lic. en Comercio Internacional, Lic. en Econom\u00eda y Maestr\u00eda en Administraci\u00f3n de Empresas por parte de la Universidad de Guadalajara. Con 28 a\u00f1os en la log\u00edstica, actualmente es Director en la vertical de Perecederos M\u00e9xico para Hellmann Worlwide Logistics, empresa [&hellip;]\" \/>\n<meta property=\"og:url\" content=\"https:\/\/mangoemex.com\/congreso\/conferencia-cadenas-de-suministro-y-logistica\/\" \/>\n<meta property=\"article:modified_time\" content=\"2024-10-28T15:32:55+00:00\" \/>\n<meta name=\"twitter:card\" content=\"summary_large_image\" \/>\n<meta name=\"twitter:label1\" content=\"Tiempo de lectura\" \/>\n\t<meta name=\"twitter:data1\" content=\"4 minutos\" \/>\n<script type=\"application\/ld+json\" class=\"yoast-schema-graph\">{\"@context\":\"https:\\\/\\\/schema.org\",\"@graph\":[{\"@type\":\"WebPage\",\"@id\":\"https:\\\/\\\/mangoemex.com\\\/congreso\\\/conferencia-cadenas-de-suministro-y-logistica\\\/\",\"url\":\"https:\\\/\\\/mangoemex.com\\\/congreso\\\/conferencia-cadenas-de-suministro-y-logistica\\\/\",\"name\":\"Conferencia cadenas de suministro y log\u00edstica -\",\"isPartOf\":{\"@id\":\"https:\\\/\\\/mangoemex.com\\\/congreso\\\/#website\"},\"datePublished\":\"2024-10-23T19:00:05+00:00\",\"dateModified\":\"2024-10-28T15:32:55+00:00\",\"breadcrumb\":{\"@id\":\"https:\\\/\\\/mangoemex.com\\\/congreso\\\/conferencia-cadenas-de-suministro-y-logistica\\\/#breadcrumb\"},\"inLanguage\":\"es\",\"potentialAction\":[{\"@type\":\"ReadAction\",\"target\":[\"https:\\\/\\\/mangoemex.com\\\/congreso\\\/conferencia-cadenas-de-suministro-y-logistica\\\/\"]}]},{\"@type\":\"BreadcrumbList\",\"@id\":\"https:\\\/\\\/mangoemex.com\\\/congreso\\\/conferencia-cadenas-de-suministro-y-logistica\\\/#breadcrumb\",\"itemListElement\":[{\"@type\":\"ListItem\",\"position\":1,\"name\":\"Portada\",\"item\":\"https:\\\/\\\/mangoemex.com\\\/congreso\\\/\"},{\"@type\":\"ListItem\",\"position\":2,\"name\":\"Conferencia cadenas de suministro y log\u00edstica\"}]},{\"@type\":\"WebSite\",\"@id\":\"https:\\\/\\\/mangoemex.com\\\/congreso\\\/#website\",\"url\":\"https:\\\/\\\/mangoemex.com\\\/congreso\\\/\",\"name\":\"\",\"description\":\"\",\"potentialAction\":[{\"@type\":\"SearchAction\",\"target\":{\"@type\":\"EntryPoint\",\"urlTemplate\":\"https:\\\/\\\/mangoemex.com\\\/congreso\\\/?s={search_term_string}\"},\"query-input\":{\"@type\":\"PropertyValueSpecification\",\"valueRequired\":true,\"valueName\":\"search_term_string\"}}],\"inLanguage\":\"es\"}]}<\/script>\n<!-- \/ Yoast SEO plugin. -->","yoast_head_json":{"title":"Conferencia cadenas de suministro y log\u00edstica -","robots":{"index":"index","follow":"follow","max-snippet":"max-snippet:-1","max-image-preview":"max-image-preview:large","max-video-preview":"max-video-preview:-1"},"canonical":"https:\/\/mangoemex.com\/congreso\/conferencia-cadenas-de-suministro-y-logistica\/","og_locale":"es_ES","og_type":"article","og_title":"Conferencia cadenas de suministro y log\u00edstica -","og_description":"Conferencia Magistral Cadenas de suministro y log\u00edstica VIERNES 22 - 14.45 a 16.15Antonio Garc\u00eda \u00a0Es Lic. en Comercio Internacional, Lic. en Econom\u00eda y Maestr\u00eda en Administraci\u00f3n de Empresas por parte de la Universidad de Guadalajara. Con 28 a\u00f1os en la log\u00edstica, actualmente es Director en la vertical de Perecederos M\u00e9xico para Hellmann Worlwide Logistics, empresa [&hellip;]","og_url":"https:\/\/mangoemex.com\/congreso\/conferencia-cadenas-de-suministro-y-logistica\/","article_modified_time":"2024-10-28T15:32:55+00:00","twitter_card":"summary_large_image","twitter_misc":{"Tiempo de lectura":"4 minutos"},"schema":{"@context":"https:\/\/schema.org","@graph":[{"@type":"WebPage","@id":"https:\/\/mangoemex.com\/congreso\/conferencia-cadenas-de-suministro-y-logistica\/","url":"https:\/\/mangoemex.com\/congreso\/conferencia-cadenas-de-suministro-y-logistica\/","name":"Conferencia cadenas de suministro y log\u00edstica -","isPartOf":{"@id":"https:\/\/mangoemex.com\/congreso\/#website"},"datePublished":"2024-10-23T19:00:05+00:00","dateModified":"2024-10-28T15:32:55+00:00","breadcrumb":{"@id":"https:\/\/mangoemex.com\/congreso\/conferencia-cadenas-de-suministro-y-logistica\/#breadcrumb"},"inLanguage":"es","potentialAction":[{"@type":"ReadAction","target":["https:\/\/mangoemex.com\/congreso\/conferencia-cadenas-de-suministro-y-logistica\/"]}]},{"@type":"BreadcrumbList","@id":"https:\/\/mangoemex.com\/congreso\/conferencia-cadenas-de-suministro-y-logistica\/#breadcrumb","itemListElement":[{"@type":"ListItem","position":1,"name":"Portada","item":"https:\/\/mangoemex.com\/congreso\/"},{"@type":"ListItem","position":2,"name":"Conferencia cadenas de suministro y log\u00edstica"}]},{"@type":"WebSite","@id":"https:\/\/mangoemex.com\/congreso\/#website","url":"https:\/\/mangoemex.com\/congreso\/","name":"","description":"","potentialAction":[{"@type":"SearchAction","target":{"@type":"EntryPoint","urlTemplate":"https:\/\/mangoemex.com\/congreso\/?s={search_term_string}"},"query-input":{"@type":"PropertyValueSpecification","valueRequired":true,"valueName":"search_term_string"}}],"inLanguage":"es"}]}},"_links":{"self":[{"href":"https:\/\/mangoemex.com\/congreso\/wp-json\/wp\/v2\/pages\/521","targetHints":{"allow":["GET"]}}],"collection":[{"href":"https:\/\/mangoemex.com\/congreso\/wp-json\/wp\/v2\/pages"}],"about":[{"href":"https:\/\/mangoemex.com\/congreso\/wp-json\/wp\/v2\/types\/page"}],"author":[{"embeddable":true,"href":"https:\/\/mangoemex.com\/congreso\/wp-json\/wp\/v2\/users\/1"}],"replies":[{"embeddable":true,"href":"https:\/\/mangoemex.com\/congreso\/wp-json\/wp\/v2\/comments?post=521"}],"version-history":[{"count":5,"href":"https:\/\/mangoemex.com\/congreso\/wp-json\/wp\/v2\/pages\/521\/revisions"}],"predecessor-version":[{"id":608,"href":"https:\/\/mangoemex.com\/congreso\/wp-json\/wp\/v2\/pages\/521\/revisions\/608"}],"wp:attachment":[{"href":"https:\/\/mangoemex.com\/congreso\/wp-json\/wp\/v2\/media?parent=521"}],"curies":[{"name":"wp","href":"https:\/\/api.w.org\/{rel}","templated":true}]}}