{"id":532,"date":"2024-10-23T19:05:52","date_gmt":"2024-10-23T19:05:52","guid":{"rendered":"https:\/\/mangoemex.com\/congreso\/?page_id=532"},"modified":"2024-11-12T17:28:06","modified_gmt":"2024-11-12T17:28:06","slug":"conferencia-politicas-y-regulacion-agroalimentaria","status":"publish","type":"page","link":"https:\/\/mangoemex.com\/congreso\/conferencia-politicas-y-regulacion-agroalimentaria\/","title":{"rendered":"Conferencia pol\u00edticas y regulaci\u00f3n agroalimentaria"},"content":{"rendered":"<p>[et_pb_section fb_built=\u00bb1&#8243; fullwidth=\u00bbon\u00bb _builder_version=\u00bb4.24.0&#8243; _module_preset=\u00bbdefault\u00bb global_colors_info=\u00bb{}\u00bb][et_pb_fullwidth_image src=\u00bbhttps:\/\/mangoemex.com\/congreso\/wp-content\/uploads\/2024\/10\/congreso-mango-emex-bann-conf-8.webp\u00bb title_text=\u00bbcongreso-mango-emex-bann-conf-8c\u00bb src_tablet=\u00bbhttps:\/\/mangoemex.com\/congreso\/wp-content\/uploads\/2024\/03\/congreso-mango-emex-banner.webp\u00bb src_phone=\u00bbhttps:\/\/mangoemex.com\/congreso\/wp-content\/uploads\/2024\/10\/congreso-mango-emex-bann-conf-8c.webp\u00bb src_last_edited=\u00bbon|phone\u00bb _builder_version=\u00bb4.24.0&#8243; _module_preset=\u00bbdefault\u00bb custom_margin_tablet=\u00bb\u00bb custom_margin_phone=\u00bb75px||||false|false\u00bb custom_margin_last_edited=\u00bbon|phone\u00bb animation_style=\u00bbslide\u00bb animation_direction=\u00bbleft\u00bb global_colors_info=\u00bb{}\u00bb][\/et_pb_fullwidth_image][\/et_pb_section][et_pb_section fb_built=\u00bb1&#8243; _builder_version=\u00bb4.24.0&#8243; _module_preset=\u00bbdefault\u00bb global_colors_info=\u00bb{}\u00bb][et_pb_row _builder_version=\u00bb4.24.0&#8243; _module_preset=\u00bbdefault\u00bb custom_margin=\u00bb||0px||false|false\u00bb custom_padding=\u00bb||0px||false|false\u00bb global_colors_info=\u00bb{}\u00bb][et_pb_column type=\u00bb4_4&#8243; _builder_version=\u00bb4.24.0&#8243; _module_preset=\u00bbdefault\u00bb global_colors_info=\u00bb{}\u00bb][et_pb_text _builder_version=\u00bb4.24.0&#8243; _module_preset=\u00bbdefault\u00bb header_font=\u00bbMontserrat||||||||\u00bb header_text_color=\u00bb#485A25&#8243; header_font_size=\u00bb25px\u00bb header_line_height=\u00bb1.3em\u00bb header_2_text_color=\u00bb#485A25&#8243; header_2_font_size=\u00bb22px\u00bb header_3_font=\u00bbMontserrat||||||||\u00bb header_3_text_color=\u00bb#F35B1D\u00bb animation_style=\u00bbslide\u00bb animation_direction=\u00bbbottom\u00bb header_font_size_tablet=\u00bb23px\u00bb header_font_size_phone=\u00bb22px\u00bb header_font_size_last_edited=\u00bbon|phone\u00bb global_colors_info=\u00bb{}\u00bb]<\/p>\n<h2 style=\"text-align: center;\">Conferencia Magistral<\/h2>\n<h1 style=\"text-align: center;\">Pol\u00edticas y regulaci\u00f3n agroalimentaria<\/h1>\n<h3 style=\"text-align: center;\">VIERNES 22 &#8211; 16.30 a 18.00<\/h3>\n<p>[\/et_pb_text][\/et_pb_column][\/et_pb_row][et_pb_row column_structure=\u00bb1_4,1_2,1_4&#8243; module_id=\u00bbgeorgina\u00bb _builder_version=\u00bb4.24.0&#8243; _module_preset=\u00bbdefault\u00bb global_colors_info=\u00bb{}\u00bb][et_pb_column type=\u00bb1_4&#8243; _builder_version=\u00bb4.24.0&#8243; _module_preset=\u00bbdefault\u00bb global_colors_info=\u00bb{}\u00bb][et_pb_image src=\u00bbhttps:\/\/mangoemex.com\/congreso\/wp-content\/uploads\/2024\/03\/congreso-mango-emex-circ2.webp\u00bb title_text=\u00bbcongreso-mango-ponente-georgina\u00bb align=\u00bbright\u00bb src_tablet=\u00bbhttps:\/\/mangoemex.com\/congreso\/wp-content\/uploads\/2024\/10\/congreso-mango-ponente-georgina.webp\u00bb src_phone=\u00bbhttps:\/\/mangoemex.com\/congreso\/wp-content\/uploads\/2024\/10\/congreso-mango-ponente-georgina.webp\u00bb src_last_edited=\u00bbon|desktop\u00bb align_tablet=\u00bbcenter\u00bb align_phone=\u00bbcenter\u00bb align_last_edited=\u00bbon|phone\u00bb disabled_on=\u00bboff|off|off\u00bb _builder_version=\u00bb4.24.0&#8243; _module_preset=\u00bbdefault\u00bb width=\u00bb30%\u00bb width_tablet=\u00bb42%\u00bb width_phone=\u00bb70%\u00bb width_last_edited=\u00bbon|desktop\u00bb animation_style=\u00bbslide\u00bb animation_direction=\u00bbright\u00bb global_colors_info=\u00bb{}\u00bb][\/et_pb_image][\/et_pb_column][et_pb_column type=\u00bb1_2&#8243; _builder_version=\u00bb4.24.0&#8243; _module_preset=\u00bbdefault\u00bb global_colors_info=\u00bb{}\u00bb][et_pb_text _builder_version=\u00bb4.24.0&#8243; _module_preset=\u00bbdefault\u00bb header_2_font=\u00bb|700|||||||\u00bb header_2_text_color=\u00bb#485A25&#8243; header_2_font_size=\u00bb25px\u00bb header_2_line_height=\u00bb1.3em\u00bb animation_style=\u00bbzoom\u00bb header_2_font_size_tablet=\u00bb22px\u00bb header_2_font_size_phone=\u00bb19px\u00bb header_2_font_size_last_edited=\u00bbon|phone\u00bb header_2_line_height_tablet=\u00bb1.3em\u00bb header_2_line_height_phone=\u00bb1.6em\u00bb header_2_line_height_last_edited=\u00bbon|phone\u00bb global_colors_info=\u00bb{}\u00bb]<\/p>\n<h2>Georgina Felix<\/h2>\n<p><strong>Directora de Operaciones y Asuntos Internacionales de la Fresh Produce Association of the Americas<\/strong> (FPAA), con m\u00e1s de 18 a\u00f1os de experiencia en la organizaci\u00f3n.<\/p>\n<p><strong>Ingeniera Industrial Administrativa<\/strong> egresada de la Universidad de Celaya y con maestr\u00eda en Econom\u00eda Agr\u00edcola y de Recursos por la Universidad de Arizona.<\/p>\n<p>Anteriormente trabaj\u00f3 en<strong> Apoyos y Servicios a la Comercializaci\u00f3n Agropecuaria, de la Secretar\u00eda de Agricultura<\/strong>, en la Coordinaci\u00f3n de Promoci\u00f3n Comercial y Fomento a las Exportaciones.<\/p>\n<p>[\/et_pb_text][\/et_pb_column][et_pb_column type=\u00bb1_4&#8243; _builder_version=\u00bb4.24.0&#8243; _module_preset=\u00bbdefault\u00bb global_colors_info=\u00bb{}\u00bb][et_pb_image src=\u00bbhttps:\/\/mangoemex.com\/congreso\/wp-content\/uploads\/2024\/10\/congreso-mango-ponente-georgina.webp\u00bb title_text=\u00bbcongreso-mango-ponente-georgina\u00bb align=\u00bbcenter\u00bb disabled_on=\u00bbon|on|off\u00bb _builder_version=\u00bb4.24.0&#8243; _module_preset=\u00bbdefault\u00bb width=\u00bb110%\u00bb width_tablet=\u00bb57%\u00bb width_phone=\u00bb71%\u00bb width_last_edited=\u00bbon|phone\u00bb animation_style=\u00bbslide\u00bb animation_direction=\u00bbleft\u00bb global_colors_info=\u00bb{}\u00bb][\/et_pb_image][\/et_pb_column][\/et_pb_row][et_pb_row column_structure=\u00bb1_4,1_2,1_4&#8243; module_id=\u00bbluis\u00bb _builder_version=\u00bb4.24.0&#8243; _module_preset=\u00bbdefault\u00bb global_colors_info=\u00bb{}\u00bb][et_pb_column type=\u00bb1_4&#8243; _builder_version=\u00bb4.24.0&#8243; _module_preset=\u00bbdefault\u00bb global_colors_info=\u00bb{}\u00bb][et_pb_image src=\u00bbhttps:\/\/mangoemex.com\/congreso\/wp-content\/uploads\/2024\/10\/congreso-mango-ponente-luis.webp\u00bb title_text=\u00bbcongreso-mango-ponente-luis\u00bb align=\u00bbcenter\u00bb _builder_version=\u00bb4.24.0&#8243; _module_preset=\u00bbdefault\u00bb width=\u00bb110%\u00bb width_tablet=\u00bb57%\u00bb width_phone=\u00bb71%\u00bb width_last_edited=\u00bbon|phone\u00bb animation_style=\u00bbslide\u00bb animation_direction=\u00bbright\u00bb locked=\u00bboff\u00bb global_colors_info=\u00bb{}\u00bb][\/et_pb_image][\/et_pb_column][et_pb_column type=\u00bb1_2&#8243; _builder_version=\u00bb4.24.0&#8243; _module_preset=\u00bbdefault\u00bb global_colors_info=\u00bb{}\u00bb][et_pb_text _builder_version=\u00bb4.24.0&#8243; _module_preset=\u00bbdefault\u00bb header_2_font=\u00bb|700|||||||\u00bb header_2_text_color=\u00bb#485A25&#8243; header_2_font_size=\u00bb25px\u00bb header_2_line_height=\u00bb1.3em\u00bb animation_style=\u00bbzoom\u00bb header_2_font_size_tablet=\u00bb22px\u00bb header_2_font_size_phone=\u00bb19px\u00bb header_2_font_size_last_edited=\u00bbon|phone\u00bb header_2_line_height_tablet=\u00bb1.3em\u00bb header_2_line_height_phone=\u00bb1.6em\u00bb header_2_line_height_last_edited=\u00bbon|phone\u00bb global_colors_info=\u00bb{}\u00bb]<\/p>\n<h2>Luis Ignacio S\u00e1nchez<\/h2>\n<p><strong>Ingeniero<\/strong> con estudios en la Facultad de Ciencias de la UNAM y d<strong>iplomado en Verificaci\u00f3n y Control Sanitario por la Facultad de Qu\u00edmica<\/strong> de la UNAM.<\/p>\n<p><strong>Miembro de COFEPRIS desde 2001 con m\u00e1s de 20 a\u00f1os de experiencia en inocuidad alimentaria<\/strong>.<\/p>\n<p>Responsable t\u00e9cnico del Programa Mexicano de Sanidad de Moluscos Bivalvos (2010-2020) y oficial estandarizado por la FDA desde 2008.<\/p>\n<p><strong>Especialista en moluscos bivalvos, pesca y productos agr\u00edcolas frescos<\/strong>. Participa en la creaci\u00f3n de cursos sobre <strong>Buenas Pr\u00e1cticas Agr\u00edcolas y de Empaque desde 2002 en colaboraci\u00f3n con FDA y SENASICA<\/strong>.<\/p>\n<p>Miembro activo del Grupo de trabajo de la Alianza para la Inocuidad Alimentaria desde 2016.<\/p>\n<p>[\/et_pb_text][\/et_pb_column][et_pb_column type=\u00bb1_4&#8243; _builder_version=\u00bb4.24.0&#8243; _module_preset=\u00bbdefault\u00bb global_colors_info=\u00bb{}\u00bb][et_pb_image src=\u00bbhttps:\/\/mangoemex.com\/congreso\/wp-content\/uploads\/2024\/03\/congreso-mango-emex-circ1.webp\u00bb title_text=\u00bbcongreso-mango-emex-circ1&#8243; disabled_on=\u00bbon|on|off\u00bb _builder_version=\u00bb4.24.0&#8243; _module_preset=\u00bbdefault\u00bb width=\u00bb29%\u00bb width_tablet=\u00bb45%\u00bb width_phone=\u00bb45%\u00bb width_last_edited=\u00bbon|desktop\u00bb custom_margin=\u00bb||||false|false\u00bb animation_style=\u00bbslide\u00bb animation_direction=\u00bbleft\u00bb locked=\u00bboff\u00bb global_colors_info=\u00bb{}\u00bb][\/et_pb_image][\/et_pb_column][\/et_pb_row][et_pb_row column_structure=\u00bb1_4,1_2,1_4&#8243; module_id=\u00bbnohemi\u00bb _builder_version=\u00bb4.24.0&#8243; _module_preset=\u00bbdefault\u00bb global_colors_info=\u00bb{}\u00bb][et_pb_column type=\u00bb1_4&#8243; _builder_version=\u00bb4.24.0&#8243; _module_preset=\u00bbdefault\u00bb global_colors_info=\u00bb{}\u00bb][et_pb_image src=\u00bbhttps:\/\/mangoemex.com\/congreso\/wp-content\/uploads\/2024\/03\/congreso-mango-emex-circ2.webp\u00bb title_text=\u00bbcongreso-mango-ponente-nohemi\u00bb align=\u00bbright\u00bb src_tablet=\u00bbhttps:\/\/mangoemex.com\/congreso\/wp-content\/uploads\/2024\/10\/congreso-mango-ponente-nohemi.webp\u00bb src_phone=\u00bbhttps:\/\/mangoemex.com\/congreso\/wp-content\/uploads\/2024\/10\/congreso-mango-ponente-nohemi.webp\u00bb src_last_edited=\u00bbon|tablet\u00bb align_tablet=\u00bbcenter\u00bb align_phone=\u00bbcenter\u00bb align_last_edited=\u00bbon|phone\u00bb disabled_on=\u00bboff|off|off\u00bb _builder_version=\u00bb4.24.0&#8243; _module_preset=\u00bbdefault\u00bb width=\u00bb30%\u00bb width_tablet=\u00bb42%\u00bb width_phone=\u00bb70%\u00bb width_last_edited=\u00bbon|desktop\u00bb animation_style=\u00bbslide\u00bb animation_direction=\u00bbright\u00bb global_colors_info=\u00bb{}\u00bb][\/et_pb_image][\/et_pb_column][et_pb_column type=\u00bb1_2&#8243; _builder_version=\u00bb4.24.0&#8243; _module_preset=\u00bbdefault\u00bb global_colors_info=\u00bb{}\u00bb][et_pb_text _builder_version=\u00bb4.24.0&#8243; _module_preset=\u00bbdefault\u00bb header_2_font=\u00bb|700|||||||\u00bb header_2_text_color=\u00bb#485A25&#8243; header_2_font_size=\u00bb25px\u00bb header_2_line_height=\u00bb1.3em\u00bb animation_style=\u00bbzoom\u00bb header_2_font_size_tablet=\u00bb22px\u00bb header_2_font_size_phone=\u00bb19px\u00bb header_2_font_size_last_edited=\u00bbon|phone\u00bb header_2_line_height_tablet=\u00bb1.3em\u00bb header_2_line_height_phone=\u00bb1.6em\u00bb header_2_line_height_last_edited=\u00bbon|phone\u00bb global_colors_info=\u00bb{}\u00bb]<\/p>\n<h2>Noem\u00ed Zu\u00f1iga<\/h2>\n<p><strong>Ingeniera en Alimentos con m\u00e1s de 20 a\u00f1os de experiencia en desarrollo de productos y mejora de procesos agroindustriales en Chile y Latinoam\u00e9rica<\/strong>.<\/p>\n<p><strong>Consultor Senior en Inocuidad de Alimentos en el IICA<\/strong>, gestionando acuerdos entre FDA e IICA en Latinoam\u00e9rica y el Caribe.<\/p>\n<p>Instructora del FAS de USDA para alimentos procesados y productos frescos en Centroam\u00e9rica y el Caribe.<\/p>\n<p><strong>Especialista en regulaciones para exportaci\u00f3n de alimentos a EE.UU.<\/strong> con 8 a\u00f1os de experiencia.<\/p>\n<p>Anteriormente gerente del Centro de Extensionismo Tecnol\u00f3gico Agroindustrial en Chile, trabajando con m\u00e1s de 300 empresas.<\/p>\n<p>[\/et_pb_text][\/et_pb_column][et_pb_column type=\u00bb1_4&#8243; _builder_version=\u00bb4.24.0&#8243; _module_preset=\u00bbdefault\u00bb global_colors_info=\u00bb{}\u00bb][et_pb_image src=\u00bbhttps:\/\/mangoemex.com\/congreso\/wp-content\/uploads\/2024\/10\/congreso-mango-ponente-nohemi.webp\u00bb title_text=\u00bbcongreso-mango-ponente-nohemi\u00bb align=\u00bbcenter\u00bb disabled_on=\u00bbon|on|off\u00bb _builder_version=\u00bb4.24.0&#8243; _module_preset=\u00bbdefault\u00bb width=\u00bb110%\u00bb width_tablet=\u00bb57%\u00bb width_phone=\u00bb71%\u00bb width_last_edited=\u00bbon|phone\u00bb animation_style=\u00bbslide\u00bb animation_direction=\u00bbleft\u00bb global_colors_info=\u00bb{}\u00bb][\/et_pb_image][\/et_pb_column][\/et_pb_row][et_pb_row column_structure=\u00bb1_4,1_2,1_4&#8243; module_id=\u00bbmauricio\u00bb _builder_version=\u00bb4.24.0&#8243; _module_preset=\u00bbdefault\u00bb global_colors_info=\u00bb{}\u00bb][et_pb_column type=\u00bb1_4&#8243; _builder_version=\u00bb4.24.0&#8243; _module_preset=\u00bbdefault\u00bb global_colors_info=\u00bb{}\u00bb][et_pb_image src=\u00bbhttps:\/\/mangoemex.com\/congreso\/wp-content\/uploads\/2024\/10\/congreso-mango-ponente-mauricio.webp\u00bb title_text=\u00bbcongreso-mango-ponente-mauricio\u00bb align=\u00bbcenter\u00bb _builder_version=\u00bb4.24.0&#8243; _module_preset=\u00bbdefault\u00bb width=\u00bb110%\u00bb width_tablet=\u00bb57%\u00bb width_phone=\u00bb71%\u00bb width_last_edited=\u00bbon|phone\u00bb animation_style=\u00bbslide\u00bb animation_direction=\u00bbright\u00bb locked=\u00bboff\u00bb global_colors_info=\u00bb{}\u00bb][\/et_pb_image][\/et_pb_column][et_pb_column type=\u00bb1_2&#8243; _builder_version=\u00bb4.24.0&#8243; _module_preset=\u00bbdefault\u00bb global_colors_info=\u00bb{}\u00bb][et_pb_text _builder_version=\u00bb4.24.0&#8243; _module_preset=\u00bbdefault\u00bb header_2_font=\u00bb|700|||||||\u00bb header_2_text_color=\u00bb#485A25&#8243; header_2_font_size=\u00bb25px\u00bb header_2_line_height=\u00bb1.3em\u00bb animation_style=\u00bbzoom\u00bb header_2_font_size_tablet=\u00bb22px\u00bb header_2_font_size_phone=\u00bb19px\u00bb header_2_font_size_last_edited=\u00bbon|phone\u00bb header_2_line_height_tablet=\u00bb1.3em\u00bb header_2_line_height_phone=\u00bb1.6em\u00bb header_2_line_height_last_edited=\u00bbon|phone\u00bb global_colors_info=\u00bb{}\u00bb]<\/p>\n<h2>Mauricio Castelo<\/h2>\n<p><strong>Ph.D. en Ciencia y Tecnolog\u00eda de los Alimentos<\/strong> por la Universidad de Nebraska-Lincoln con <strong>m\u00e1s de 20 a\u00f1os de experiencia en la industria alimentaria, desde la agricultura hasta el procesamiento de productos<\/strong>.<\/p>\n<p><strong>Miembro de la Red de Expertos de Inocuidad de Productos Agr\u00edcolas Frescos de la FDA<\/strong>, participando en la creaci\u00f3n y actualizaci\u00f3n de la Norma de Inocuidad de Productos Agr\u00edcolas Frescos y en el desarrollo de gu\u00edas e iniciativas educativas para la industria.<\/p>\n<p><strong>Instructor calificado en la Norma de Inocuidad de Productos Agr\u00edcolas Frescos y la Regulaci\u00f3n de Controles Preventivos de Alimentos para Humanos<\/strong>, con experiencia en auditor\u00edas y capacitaciones en M\u00e9xico y Estados Unidos.<\/p>\n<p>Previamente trabaj\u00f3 como consultor de inocuidad alimentaria para la industria de productos agr\u00edcolas en M\u00e9xico y EE.UU., con clientes en regiones como Baja California, Sonora, Sinaloa, Guanajuato, Michoac\u00e1n, Jalisco y Veracruz.<\/p>\n<p><strong>Experto en regulaciones de FDA y USDA, HACCP, GMPs, SSOPs, y pruebas microbiol\u00f3gicas<\/strong>.<\/p>\n<p>[\/et_pb_text][\/et_pb_column][et_pb_column type=\u00bb1_4&#8243; _builder_version=\u00bb4.24.0&#8243; _module_preset=\u00bbdefault\u00bb global_colors_info=\u00bb{}\u00bb][et_pb_image src=\u00bbhttps:\/\/mangoemex.com\/congreso\/wp-content\/uploads\/2024\/03\/congreso-mango-emex-circ1.webp\u00bb title_text=\u00bbcongreso-mango-emex-circ1&#8243; disabled_on=\u00bbon|on|off\u00bb _builder_version=\u00bb4.24.0&#8243; _module_preset=\u00bbdefault\u00bb width=\u00bb29%\u00bb width_tablet=\u00bb45%\u00bb width_phone=\u00bb45%\u00bb width_last_edited=\u00bbon|desktop\u00bb custom_margin=\u00bb||||false|false\u00bb animation_style=\u00bbslide\u00bb animation_direction=\u00bbleft\u00bb locked=\u00bboff\u00bb global_colors_info=\u00bb{}\u00bb][\/et_pb_image][\/et_pb_column][\/et_pb_row][et_pb_row column_structure=\u00bb1_4,1_2,1_4&#8243; module_id=\u00bbnohemi\u00bb _builder_version=\u00bb4.24.0&#8243; _module_preset=\u00bbdefault\u00bb global_colors_info=\u00bb{}\u00bb locked=\u00bboff\u00bb][et_pb_column type=\u00bb1_4&#8243; _builder_version=\u00bb4.24.0&#8243; _module_preset=\u00bbdefault\u00bb global_colors_info=\u00bb{}\u00bb][et_pb_image src=\u00bbhttps:\/\/mangoemex.com\/congreso\/wp-content\/uploads\/2024\/03\/congreso-mango-emex-circ2.webp\u00bb title_text=\u00bbjesus\u00bb align=\u00bbright\u00bb src_tablet=\u00bbhttps:\/\/mangoemex.com\/congreso\/wp-content\/uploads\/2024\/11\/jesus.webp\u00bb src_last_edited=\u00bbon|phone\u00bb align_tablet=\u00bbcenter\u00bb align_phone=\u00bbcenter\u00bb align_last_edited=\u00bbon|phone\u00bb disabled_on=\u00bboff|off|off\u00bb _builder_version=\u00bb4.24.0&#8243; _module_preset=\u00bbdefault\u00bb width=\u00bb30%\u00bb width_tablet=\u00bb42%\u00bb width_phone=\u00bb70%\u00bb width_last_edited=\u00bbon|desktop\u00bb animation_style=\u00bbslide\u00bb animation_direction=\u00bbright\u00bb hover_enabled=\u00bb0&#8243; global_colors_info=\u00bb{}\u00bb sticky_enabled=\u00bb0&#8243; src_phone=\u00bbhttps:\/\/mangoemex.com\/congreso\/wp-content\/uploads\/2024\/11\/jesus.webp\u00bb][\/et_pb_image][\/et_pb_column][et_pb_column type=\u00bb1_2&#8243; _builder_version=\u00bb4.24.0&#8243; _module_preset=\u00bbdefault\u00bb global_colors_info=\u00bb{}\u00bb][et_pb_text _builder_version=\u00bb4.24.0&#8243; _module_preset=\u00bbdefault\u00bb header_2_font=\u00bb|700|||||||\u00bb header_2_text_color=\u00bb#485A25&#8243; header_2_font_size=\u00bb25px\u00bb header_2_line_height=\u00bb1.3em\u00bb animation_style=\u00bbzoom\u00bb hover_enabled=\u00bb0&#8243; header_2_font_size_tablet=\u00bb22px\u00bb header_2_font_size_phone=\u00bb19px\u00bb header_2_font_size_last_edited=\u00bbon|phone\u00bb header_2_line_height_tablet=\u00bb1.3em\u00bb header_2_line_height_phone=\u00bb1.6em\u00bb header_2_line_height_last_edited=\u00bbon|phone\u00bb global_colors_info=\u00bb{}\u00bb sticky_enabled=\u00bb0&#8243;]<\/p>\n<h2>Jes\u00fas Reyes Ram\u00edrez<\/h2>\n<p>Ingeniero Agr\u00f3nomo y Maestro en Ciencias Agropecuarias por la Universidad Aut\u00f3noma Metropolitana, distinguido con la Medalla al M\u00e9rito Universitario.<\/p>\n<p>Realiz\u00f3 una estancia de posgrado en la University of Hohenheim en Stuttgart, Alemania.<\/p>\n<p>Profesional en Sistemas de Reducci\u00f3n de Riesgos de Contaminaci\u00f3n, autorizado por SENASICA para brindar asistencia t\u00e9cnica y capacitaci\u00f3n a productores.<\/p>\n<p>Actualmente forma parte de la Direcci\u00f3n de Inocuidad Agroalimentaria y Control Org\u00e1nico en SENASICA.<\/p>\n<p>Jefe de Departamento de Certificaci\u00f3n, Verificaci\u00f3n, Inspecci\u00f3n, Autorizaci\u00f3n y Aprobaci\u00f3n en Inocuidad Agr\u00edcola.<\/p>\n<p>[\/et_pb_text][\/et_pb_column][et_pb_column type=\u00bb1_4&#8243; _builder_version=\u00bb4.24.0&#8243; _module_preset=\u00bbdefault\u00bb global_colors_info=\u00bb{}\u00bb][et_pb_image src=\u00bbhttps:\/\/mangoemex.com\/congreso\/wp-content\/uploads\/2024\/11\/jesus.webp\u00bb title_text=\u00bbjesus\u00bb align=\u00bbcenter\u00bb disabled_on=\u00bbon|on|off\u00bb _builder_version=\u00bb4.24.0&#8243; _module_preset=\u00bbdefault\u00bb width=\u00bb110%\u00bb width_tablet=\u00bb57%\u00bb width_phone=\u00bb71%\u00bb width_last_edited=\u00bbon|phone\u00bb animation_style=\u00bbslide\u00bb animation_direction=\u00bbleft\u00bb hover_enabled=\u00bb0&#8243; global_colors_info=\u00bb{}\u00bb sticky_enabled=\u00bb0&#8243;][\/et_pb_image][\/et_pb_column][\/et_pb_row][et_pb_row _builder_version=\u00bb4.24.0&#8243; _module_preset=\u00bbdefault\u00bb global_module=\u00bb461&#8243; saved_tabs=\u00bball\u00bb global_colors_info=\u00bb{}\u00bb][et_pb_column type=\u00bb4_4&#8243; _builder_version=\u00bb4.24.0&#8243; _module_preset=\u00bbdefault\u00bb global_colors_info=\u00bb{}\u00bb][et_pb_text _builder_version=\u00bb4.24.0&#8243; _module_preset=\u00bbdefault\u00bb header_4_font=\u00bb||on||||||\u00bb header_4_text_color=\u00bb#485A25&#8243; header_4_font_size=\u00bb30px\u00bb header_4_line_height=\u00bb1.2em\u00bb header_4_font_size_tablet=\u00bb24px\u00bb header_4_font_size_phone=\u00bb17px\u00bb header_4_font_size_last_edited=\u00bbon|phone\u00bb global_colors_info=\u00bb{}\u00bb]<\/p>\n<h4 style=\"text-align: center;\">Descubre las tendencias que transformar\u00e1n el futuro del sector de la mano de los expertos internacionales. \u00a1Con\u00f3celos aqu\u00ed!<\/h4>\n<p>[\/et_pb_text][et_pb_text _builder_version=\u00bb4.24.0&#8243; _module_preset=\u00bbdefault\u00bb header_4_font=\u00bb||on||||||\u00bb header_4_text_color=\u00bb#485A25&#8243; header_4_font_size=\u00bb30px\u00bb header_4_line_height=\u00bb1.2em\u00bb header_4_font_size_tablet=\u00bb24px\u00bb header_4_font_size_phone=\u00bb17px\u00bb header_4_font_size_last_edited=\u00bbon|phone\u00bb global_colors_info=\u00bb{}\u00bb]<\/p>\n<h4 style=\"text-align: center;\">\u00a1S\u00e9 parte del evento m\u00e1s importante del a\u00f1o!<\/h4>\n<p>[\/et_pb_text][et_pb_button button_url=\u00bbhttps:\/\/servidor.mangoemex.com\/fmi\/webd\/Congreso\u00bb url_new_window=\u00bbon\u00bb button_text=\u00bb\u00a1COMPRA TU BOLETO!\u00bb button_alignment=\u00bbcenter\u00bb _builder_version=\u00bb4.24.0&#8243; _module_preset=\u00bbdefault\u00bb custom_button=\u00bbon\u00bb button_text_size=\u00bb17px\u00bb button_text_color=\u00bb#485A25&#8243; button_bg_color=\u00bb#DDDE55&#8243; button_border_width=\u00bb0px\u00bb button_border_radius=\u00bb30px\u00bb button_font=\u00bbMontserrat||||||||\u00bb button_icon=\u00bb&#xe010;||divi||400&#8243; custom_padding=\u00bb12px||12px||true|false\u00bb animation_style=\u00bbroll\u00bb locked=\u00bboff\u00bb global_colors_info=\u00bb{}\u00bb][\/et_pb_button][\/et_pb_column][\/et_pb_row][\/et_pb_section]<\/p>\n","protected":false},"excerpt":{"rendered":"<p>Conferencia Magistral Pol\u00edticas y regulaci\u00f3n agroalimentaria VIERNES 22 &#8211; 16.30 a 18.00Georgina Felix Directora de Operaciones y Asuntos Internacionales de la Fresh Produce Association of the Americas (FPAA), con m\u00e1s de 18 a\u00f1os de experiencia en la organizaci\u00f3n. Ingeniera Industrial Administrativa egresada de la Universidad de Celaya y con maestr\u00eda en Econom\u00eda Agr\u00edcola y de [&hellip;]<\/p>\n","protected":false},"author":1,"featured_media":0,"parent":0,"menu_order":0,"comment_status":"closed","ping_status":"closed","template":"","meta":{"_et_pb_use_builder":"on","_et_pb_old_content":"","_et_gb_content_width":"","footnotes":""},"class_list":["post-532","page","type-page","status-publish","hentry"],"yoast_head":"<!-- This site is optimized with the Yoast SEO plugin v27.5 - https:\/\/yoast.com\/product\/yoast-seo-wordpress\/ -->\n<title>Conferencia pol\u00edticas y regulaci\u00f3n agroalimentaria -<\/title>\n<meta name=\"robots\" content=\"index, follow, max-snippet:-1, max-image-preview:large, max-video-preview:-1\" \/>\n<link rel=\"canonical\" href=\"https:\/\/mangoemex.com\/congreso\/conferencia-politicas-y-regulacion-agroalimentaria\/\" \/>\n<meta property=\"og:locale\" content=\"es_ES\" \/>\n<meta property=\"og:type\" content=\"article\" \/>\n<meta property=\"og:title\" content=\"Conferencia pol\u00edticas y regulaci\u00f3n agroalimentaria -\" \/>\n<meta property=\"og:description\" content=\"Conferencia Magistral Pol\u00edticas y regulaci\u00f3n agroalimentaria VIERNES 22 - 16.30 a 18.00Georgina Felix Directora de Operaciones y Asuntos Internacionales de la Fresh Produce Association of the Americas (FPAA), con m\u00e1s de 18 a\u00f1os de experiencia en la organizaci\u00f3n. Ingeniera Industrial Administrativa egresada de la Universidad de Celaya y con maestr\u00eda en Econom\u00eda Agr\u00edcola y de [&hellip;]\" \/>\n<meta property=\"og:url\" content=\"https:\/\/mangoemex.com\/congreso\/conferencia-politicas-y-regulacion-agroalimentaria\/\" \/>\n<meta property=\"article:modified_time\" content=\"2024-11-12T17:28:06+00:00\" \/>\n<meta name=\"twitter:card\" content=\"summary_large_image\" \/>\n<meta name=\"twitter:label1\" content=\"Tiempo de lectura\" \/>\n\t<meta name=\"twitter:data1\" content=\"4 minutos\" \/>\n<script type=\"application\/ld+json\" class=\"yoast-schema-graph\">{\"@context\":\"https:\\\/\\\/schema.org\",\"@graph\":[{\"@type\":\"WebPage\",\"@id\":\"https:\\\/\\\/mangoemex.com\\\/congreso\\\/conferencia-politicas-y-regulacion-agroalimentaria\\\/\",\"url\":\"https:\\\/\\\/mangoemex.com\\\/congreso\\\/conferencia-politicas-y-regulacion-agroalimentaria\\\/\",\"name\":\"Conferencia pol\u00edticas y regulaci\u00f3n agroalimentaria -\",\"isPartOf\":{\"@id\":\"https:\\\/\\\/mangoemex.com\\\/congreso\\\/#website\"},\"datePublished\":\"2024-10-23T19:05:52+00:00\",\"dateModified\":\"2024-11-12T17:28:06+00:00\",\"breadcrumb\":{\"@id\":\"https:\\\/\\\/mangoemex.com\\\/congreso\\\/conferencia-politicas-y-regulacion-agroalimentaria\\\/#breadcrumb\"},\"inLanguage\":\"es\",\"potentialAction\":[{\"@type\":\"ReadAction\",\"target\":[\"https:\\\/\\\/mangoemex.com\\\/congreso\\\/conferencia-politicas-y-regulacion-agroalimentaria\\\/\"]}]},{\"@type\":\"BreadcrumbList\",\"@id\":\"https:\\\/\\\/mangoemex.com\\\/congreso\\\/conferencia-politicas-y-regulacion-agroalimentaria\\\/#breadcrumb\",\"itemListElement\":[{\"@type\":\"ListItem\",\"position\":1,\"name\":\"Portada\",\"item\":\"https:\\\/\\\/mangoemex.com\\\/congreso\\\/\"},{\"@type\":\"ListItem\",\"position\":2,\"name\":\"Conferencia pol\u00edticas y regulaci\u00f3n agroalimentaria\"}]},{\"@type\":\"WebSite\",\"@id\":\"https:\\\/\\\/mangoemex.com\\\/congreso\\\/#website\",\"url\":\"https:\\\/\\\/mangoemex.com\\\/congreso\\\/\",\"name\":\"\",\"description\":\"\",\"potentialAction\":[{\"@type\":\"SearchAction\",\"target\":{\"@type\":\"EntryPoint\",\"urlTemplate\":\"https:\\\/\\\/mangoemex.com\\\/congreso\\\/?s={search_term_string}\"},\"query-input\":{\"@type\":\"PropertyValueSpecification\",\"valueRequired\":true,\"valueName\":\"search_term_string\"}}],\"inLanguage\":\"es\"}]}<\/script>\n<!-- \/ Yoast SEO plugin. -->","yoast_head_json":{"title":"Conferencia pol\u00edticas y regulaci\u00f3n agroalimentaria -","robots":{"index":"index","follow":"follow","max-snippet":"max-snippet:-1","max-image-preview":"max-image-preview:large","max-video-preview":"max-video-preview:-1"},"canonical":"https:\/\/mangoemex.com\/congreso\/conferencia-politicas-y-regulacion-agroalimentaria\/","og_locale":"es_ES","og_type":"article","og_title":"Conferencia pol\u00edticas y regulaci\u00f3n agroalimentaria -","og_description":"Conferencia Magistral Pol\u00edticas y regulaci\u00f3n agroalimentaria VIERNES 22 - 16.30 a 18.00Georgina Felix Directora de Operaciones y Asuntos Internacionales de la Fresh Produce Association of the Americas (FPAA), con m\u00e1s de 18 a\u00f1os de experiencia en la organizaci\u00f3n. Ingeniera Industrial Administrativa egresada de la Universidad de Celaya y con maestr\u00eda en Econom\u00eda Agr\u00edcola y de [&hellip;]","og_url":"https:\/\/mangoemex.com\/congreso\/conferencia-politicas-y-regulacion-agroalimentaria\/","article_modified_time":"2024-11-12T17:28:06+00:00","twitter_card":"summary_large_image","twitter_misc":{"Tiempo de lectura":"4 minutos"},"schema":{"@context":"https:\/\/schema.org","@graph":[{"@type":"WebPage","@id":"https:\/\/mangoemex.com\/congreso\/conferencia-politicas-y-regulacion-agroalimentaria\/","url":"https:\/\/mangoemex.com\/congreso\/conferencia-politicas-y-regulacion-agroalimentaria\/","name":"Conferencia pol\u00edticas y regulaci\u00f3n agroalimentaria -","isPartOf":{"@id":"https:\/\/mangoemex.com\/congreso\/#website"},"datePublished":"2024-10-23T19:05:52+00:00","dateModified":"2024-11-12T17:28:06+00:00","breadcrumb":{"@id":"https:\/\/mangoemex.com\/congreso\/conferencia-politicas-y-regulacion-agroalimentaria\/#breadcrumb"},"inLanguage":"es","potentialAction":[{"@type":"ReadAction","target":["https:\/\/mangoemex.com\/congreso\/conferencia-politicas-y-regulacion-agroalimentaria\/"]}]},{"@type":"BreadcrumbList","@id":"https:\/\/mangoemex.com\/congreso\/conferencia-politicas-y-regulacion-agroalimentaria\/#breadcrumb","itemListElement":[{"@type":"ListItem","position":1,"name":"Portada","item":"https:\/\/mangoemex.com\/congreso\/"},{"@type":"ListItem","position":2,"name":"Conferencia pol\u00edticas y regulaci\u00f3n agroalimentaria"}]},{"@type":"WebSite","@id":"https:\/\/mangoemex.com\/congreso\/#website","url":"https:\/\/mangoemex.com\/congreso\/","name":"","description":"","potentialAction":[{"@type":"SearchAction","target":{"@type":"EntryPoint","urlTemplate":"https:\/\/mangoemex.com\/congreso\/?s={search_term_string}"},"query-input":{"@type":"PropertyValueSpecification","valueRequired":true,"valueName":"search_term_string"}}],"inLanguage":"es"}]}},"_links":{"self":[{"href":"https:\/\/mangoemex.com\/congreso\/wp-json\/wp\/v2\/pages\/532","targetHints":{"allow":["GET"]}}],"collection":[{"href":"https:\/\/mangoemex.com\/congreso\/wp-json\/wp\/v2\/pages"}],"about":[{"href":"https:\/\/mangoemex.com\/congreso\/wp-json\/wp\/v2\/types\/page"}],"author":[{"embeddable":true,"href":"https:\/\/mangoemex.com\/congreso\/wp-json\/wp\/v2\/users\/1"}],"replies":[{"embeddable":true,"href":"https:\/\/mangoemex.com\/congreso\/wp-json\/wp\/v2\/comments?post=532"}],"version-history":[{"count":7,"href":"https:\/\/mangoemex.com\/congreso\/wp-json\/wp\/v2\/pages\/532\/revisions"}],"predecessor-version":[{"id":680,"href":"https:\/\/mangoemex.com\/congreso\/wp-json\/wp\/v2\/pages\/532\/revisions\/680"}],"wp:attachment":[{"href":"https:\/\/mangoemex.com\/congreso\/wp-json\/wp\/v2\/media?parent=532"}],"curies":[{"name":"wp","href":"https:\/\/api.w.org\/{rel}","templated":true}]}}